{"id":20,"date":"2021-11-24T19:20:37","date_gmt":"2021-11-24T18:20:37","guid":{"rendered":"http:\/\/muzikologijaff.si\/gmgm\/?page_id=20"},"modified":"2024-04-19T11:33:47","modified_gmt":"2024-04-19T10:33:47","slug":"o-projektu","status":"publish","type":"page","link":"http:\/\/muzikologijaff.si\/gmgm\/","title":{"rendered":"O projektu Glasba mladih po 1945 in Glasbena mladina Slovenije"},"content":{"rendered":"<div id=\"pl-20\"  class=\"panel-layout\" ><div id=\"pg-20-0\"  class=\"panel-grid panel-no-style\" ><div id=\"pgc-20-0-0\"  class=\"panel-grid-cell\" ><div id=\"panel-20-0-0-0\" class=\"so-panel widget widget_sow-editor panel-first-child\" data-index=\"0\" ><div\n\t\t\t\n\t\t\tclass=\"so-widget-sow-editor so-widget-sow-editor-base\"\n\t\t\t\n\t\t><div id=\"ez-toc-container\" class=\"ez-toc-v2_0_82_1 counter-hierarchy ez-toc-counter ez-toc-grey ez-toc-container-direction\">\n<div class=\"ez-toc-title-container\">\n<p class=\"ez-toc-title\" style=\"cursor:inherit\">Table of Contents<\/p>\n<span class=\"ez-toc-title-toggle\"><a href=\"#\" class=\"ez-toc-pull-right ez-toc-btn ez-toc-btn-xs ez-toc-btn-default ez-toc-toggle\" aria-label=\"Toggle Table of Content\"><span class=\"ez-toc-js-icon-con\"><span class=\"\"><span class=\"eztoc-hide\" style=\"display:none;\">Toggle<\/span><span class=\"ez-toc-icon-toggle-span\"><svg style=\"fill: #999;color:#999\" xmlns=\"http:\/\/www.w3.org\/2000\/svg\" class=\"list-377408\" width=\"20px\" height=\"20px\" viewBox=\"0 0 24 24\" fill=\"none\"><path d=\"M6 6H4v2h2V6zm14 0H8v2h12V6zM4 11h2v2H4v-2zm16 0H8v2h12v-2zM4 16h2v2H4v-2zm16 0H8v2h12v-2z\" fill=\"currentColor\"><\/path><\/svg><svg style=\"fill: #999;color:#999\" class=\"arrow-unsorted-368013\" xmlns=\"http:\/\/www.w3.org\/2000\/svg\" width=\"10px\" height=\"10px\" viewBox=\"0 0 24 24\" version=\"1.2\" baseProfile=\"tiny\"><path d=\"M18.2 9.3l-6.2-6.3-6.2 6.3c-.2.2-.3.4-.3.7s.1.5.3.7c.2.2.4.3.7.3h11c.3 0 .5-.1.7-.3.2-.2.3-.5.3-.7s-.1-.5-.3-.7zM5.8 14.7l6.2 6.3 6.2-6.3c.2-.2.3-.5.3-.7s-.1-.5-.3-.7c-.2-.2-.4-.3-.7-.3h-11c-.3 0-.5.1-.7.3-.2.2-.3.5-.3.7s.1.5.3.7z\"\/><\/svg><\/span><\/span><\/span><\/a><\/span><\/div>\n<nav><ul class='ez-toc-list ez-toc-list-level-1 ' ><li class='ez-toc-page-1 ez-toc-heading-level-3'><a class=\"ez-toc-link ez-toc-heading-1\" href=\"http:\/\/muzikologijaff.si\/gmgm\/#Financer\" >Financer<\/a><\/li><li class='ez-toc-page-1 ez-toc-heading-level-3'><a class=\"ez-toc-link ez-toc-heading-2\" href=\"http:\/\/muzikologijaff.si\/gmgm\/#Uradni_podatki\" >Uradni podatki<\/a><\/li><li class='ez-toc-page-1 ez-toc-heading-level-3'><a class=\"ez-toc-link ez-toc-heading-3\" href=\"http:\/\/muzikologijaff.si\/gmgm\/#Znanstvena_izhodisca_ter_predstavitev_problema_in_ciljev_raziskav\" >Znanstvena izhodi\u0161\u010da ter predstavitev problema in ciljev raziskav<\/a><\/li><li class='ez-toc-page-1 ez-toc-heading-level-3'><a class=\"ez-toc-link ez-toc-heading-4\" href=\"http:\/\/muzikologijaff.si\/gmgm\/#Novice_News\" >Novice * News<\/a><\/li><\/ul><\/nav><\/div>\n<h3 class=\"widget-title\"><span class=\"ez-toc-section\" id=\"Financer\"><\/span>Financer<span class=\"ez-toc-section-end\"><\/span><\/h3>\n<div class=\"siteorigin-widget-tinymce textwidget\">\n\t<p><!-- wp:group --><\/p>\n<div class=\"wp-block-group\">\n<p><!-- wp:group --><\/p>\n<div class=\"wp-block-group\">\n<p><!-- wp:group --><\/p>\n<div class=\"wp-block-group\">\n<p><!-- wp:paragraph --><\/p>\n<p><img decoding=\"async\" src=\"http:\/\/muzikologijaff.si\/gmgm\/wp-content\/uploads\/sites\/7\/2021\/11\/LogoArrs.png\" alt=\"\" \/><strong><a href=\"http:\/\/www.arrs.si\/sl\/\">Raziskovalni projekt je (so)financiran s strani Javne agencije za raziskovalno dejavnost.<\/a><\/strong><\/p>\n<p><!-- \/wp:paragraph --><!-- wp:table {\"hasFixedLayout\":true,\"backgroundColor\":\"orange\",\"textColor\":\"black\",\"className\":\"is-style-stripes\"} --><\/p>\n<p><!-- \/wp:group --><\/p>\n<\/div>\n<p><!-- \/wp:group --><\/p>\n<\/div>\n<p><!-- \/wp:group --><\/p>\n<\/div>\n<p><!-- \/wp:group --><\/p>\n<\/div>\n<\/div><\/div><div id=\"panel-20-0-0-1\" class=\"so-panel widget widget_sow-editor panel-last-child\" data-index=\"1\" ><div\n\t\t\t\n\t\t\tclass=\"so-widget-sow-editor so-widget-sow-editor-base\"\n\t\t\t\n\t\t><h3 class=\"widget-title\"><span class=\"ez-toc-section\" id=\"Uradni_podatki\"><\/span>Uradni podatki<span class=\"ez-toc-section-end\"><\/span><\/h3>\n<div class=\"siteorigin-widget-tinymce textwidget\">\n\t<p><!-- wp:group --><\/p>\n<div class=\"wp-block-group\">\n<p><!-- wp:group --><\/p>\n<div class=\"wp-block-group\">\n<p><!-- wp:group --><\/p>\n<div class=\"wp-block-group\">\n<p><!-- wp:paragraph --><\/p>\n<p><!-- \/wp:paragraph --><!-- wp:table {\"hasFixedLayout\":true,\"backgroundColor\":\"orange\",\"textColor\":\"black\",\"className\":\"is-style-stripes\"} --><\/p>\n<figure class=\"wp-block-table is-style-stripes\">Naziv projekta: Glasba mladih po 1945 in Glasbena mladina Slovenije<\/figure>\n<figure class=\"wp-block-table is-style-stripes\">\u010clanica UL, ki izvaja projekt: Univerza v Ljubljani, <a href=\"https:\/\/www.ff.uni-lj.si\/\">Filozofska fakulteta<\/a><\/figure>\n<figure class=\"wp-block-table is-style-stripes\">\u0160ifra projekta: J6-3135<\/figure>\n<figure class=\"wp-block-table is-style-stripes\">Obdobje trajanja projekta: 1. 10. 2021 - 30.9. 2024<\/figure>\n<figure class=\"wp-block-table is-style-stripes\">Letni obseg: 1,76 FTE<\/figure>\n<figure class=\"wp-block-table is-style-stripes\">Vodja projekta: \u00a0<a href=\"https:\/\/lstefa.splet.arnes.si\/\">Leon Stefanija<\/a><\/figure>\n<figure class=\"wp-block-table is-style-stripes\">Veda in podro\u010dje: Humanisti\u010dne vede \/ Muzikologija<\/figure>\n<figure class=\"wp-block-table is-style-stripes\">Sodelujo\u010de raziskovalne organizacije: <a href=\"https:\/\/www.zrc-sazu.si\/\">ZRC SAZU<\/a> <a href=\"https:\/\/www.ag.uni-lj.si\/\">UL AG<\/a> <a href=\"https:\/\/www.fdv.uni-lj.si\/\">UL FDV<\/a> <a href=\"https:\/\/www.fri.uni-lj.si\/sl\">UL FRI<\/a><\/figure>\n<figure class=\"wp-block-table is-style-stripes\">Na\u010drt in urnik implementacije (<a href=\"http:\/\/muzikologijaff.si\/gmgm\/o-projektu\/faze-projekta\/\">faze implementacije)<\/a>:<a href=\"http:\/\/muzikologijaff.si\/gmgm\/wp-content\/uploads\/sites\/7\/2021\/11\/C\u030cASOVNICA-1-1024x204.png\" target=\"_blank\" rel=\"noopener\"><img loading=\"lazy\" decoding=\"async\" class=\"alignnone\" src=\"http:\/\/muzikologijaff.si\/gmgm\/wp-content\/uploads\/sites\/7\/2021\/11\/C\u030cASOVNICA-1-1024x204.png\" alt=\"\" width=\"1024\" height=\"204\" \/><\/a><img decoding=\"async\" src=\"http:\/\/muzikologijaff.si\/gmgm\/wp-content\/uploads\/sites\/7\/2021\/11\/\u010cASOVNICA-1024x204.png\" alt=\"\" \/><img decoding=\"async\" src=\"http:\/\/muzikologijaff.si\/gmgm\/wp-content\/uploads\/sites\/7\/2021\/11\/\u010cASOVNICA-1024x204.png\" alt=\"\" \/>Bibliografija projektne skupine: <img loading=\"lazy\" decoding=\"async\" class=\"alignnone \" src=\"https:\/\/www.animatedimages.org\/data\/media\/1664\/animated-work-in-progress-image-0027.gif\" width=\"48\" height=\"54\" \/><figcaption><\/figcaption><\/figure>\n<p><!-- \/wp:group --><\/p>\n<\/div>\n<p><!-- \/wp:group --><\/p>\n<\/div>\n<p><!-- \/wp:group --><\/p>\n<\/div>\n<p><!-- \/wp:group --><\/p>\n<\/div>\n<\/div><\/div><\/div><div id=\"pgc-20-0-1\"  class=\"panel-grid-cell\" ><div id=\"panel-20-0-1-0\" class=\"so-panel widget widget_sow-editor panel-first-child panel-last-child\" data-index=\"2\" ><div\n\t\t\t\n\t\t\tclass=\"so-widget-sow-editor so-widget-sow-editor-base\"\n\t\t\t\n\t\t><h3 class=\"widget-title\"><span class=\"ez-toc-section\" id=\"Znanstvena_izhodisca_ter_predstavitev_problema_in_ciljev_raziskav\"><\/span>Znanstvena izhodi\u0161\u010da ter predstavitev problema in ciljev raziskav<span class=\"ez-toc-section-end\"><\/span><\/h3>\n<div class=\"siteorigin-widget-tinymce textwidget\">\n\t<p><!-- wp:group --><\/p>\n<div class=\"wp-block-group\">\n<p><!-- wp:group --><\/p>\n<div class=\"wp-block-group\">\n<p><!-- wp:group --><\/p>\n<div class=\"wp-block-group\">\n<p><!-- wp:paragraph --><\/p>\n<p><!-- \/wp:paragraph --><!-- wp:table {\"hasFixedLayout\":true,\"backgroundColor\":\"orange\",\"textColor\":\"black\",\"className\":\"is-style-stripes\"} --><\/p>\n<ul>\n<li class=\"wp-block-table is-style-stripes\"><strong>Znanstvena izhodi\u0161\u010da<\/strong>. V zvezi z mladinsko glasbo v Sloveniji je pri\u0161lo do pomembnih sprememb, ko je dirigent Ciril Cvetko leta 1964 ustanovil Glasbeno mladino Ljubljana in ji je leta 1969 sledila slovenska zveza Glasbene mladine. Dogodek odmeva, kot ji sociologi pravijo, kulturo Baby boom generacije. \u010ceprav so prizadevanja za mladinsko kulturo v Sloveniji opazna \u017ee v obdobju med svetovnima vojnama \u2013 poleg glasbenega vrtca Glasbene Matice si prizadevajo za organizirano vrsto koncertov za mlade \u2013, je mladinska kultura pri\u0161la<br \/>\nskozi glavna vrata kulturnih praks \u0161ele po letu 1945. Bivanjske posledice tega kulturnega pojava so \u0161e danes vseprisotne: od k mladim usmerjenih politik, gospodarskih dejavnosti, povezanih z mladino do razli\u010dnih kulturnih udejstvovanj, ki jih spremlja seveda tudi zabavna industrija.<\/li>\n<li><\/li>\n<li class=\"wp-block-table is-style-stripes\"><strong>Predstavitev problematike. <\/strong>Osrednje vpra\u0161anje predlaganega projekta se glasi: kako so v socialisti\u010dni dobi Slovenije delovale glasbene prakse, povezane z mladino? Vpra\u0161anje napeljuje k dvema glavnima vsebinskima sklopoma: na eni strani imamo institucionalne glasbene prakse, utele\u0161ene v Glasbeni mladini, na drugi strani pa \u00bbnaredi sam\u00ab (DIY) prakse muziciranja mladih in nara\u0161\u010dajo\u010de muzikantstvo mno\u017ei\u010dnih medijev. Oba vsebinska sklopa sta pomembna kot antinomiji, ki generirata razli\u010dne nove glasbene prakse tudi v na\u0161i \"postsocialisti\u010dni\" kulturi. Baby boom generacija je bila pri\u010da za\u010detkom trenj med poklicnimi glasbeniki in sodobno ljubiteljsko glasbeno kulturo, ki se je do danes v mnogih pogledih \u017ee profesionalizirala. Protislovje, da so profesionalci narekovali mladinsko glasbeno kulturo skozi delovanje Glasbene mladine, \u010deprav se je so\u010dasna razra\u0161\u010dala pop kultura, izra\u0161\u010dajo\u010da od mladih in namenjena njim, je pomemben muzikolo\u0161ki fenomen. Vpra\u0161anje v zvezi s tak\u0161nim spopadom glasbenih vrednot - poudarjeno opredeljeno: na eni strani <em>za mlade <\/em>(Jeuness Musicales) in na drugi <em>od mladih <\/em>(DIY \u2013 do it yourself) \u2013 je \u0161e danes relevantno. Podobne antinomije so v na\u0161i glokalizirani kulturi \u2013 ta je lokalno usmerjena in regionalno ob\u010dutljiva zaradi globalizacije \u2013 pomembne ne samo za glasbeno sodobnost, temve\u010d celotno kulturo<br \/>\nmodernosti v obliki vrste dihotomij, kot so visoka \/ nizka umetnost, resna \/ pop glasba, lokalne \/ univerzalne glasbene prakse, subvencionirana \/ samostojna, na\u0161a \/ njihova glasba itd.<\/li>\n<li class=\"wp-block-table is-style-stripes\">\n<strong>Cilj<\/strong>. Cilj projekta je primerjalna analiza mladinskih glasbenih praks v Sloveniji v obdobju 1945-1991. Obdobje omogo\u010da sistemati\u010dno sledenje klju\u010dnim kulturnim pomikom skozi plasti obeh nakazanih vsebinskih polj \u2013 skozi razli\u010dne strukture ali oblike glasbenih praks, povezanih z mladino, in procesov, ki glasbene prakse diverzificirajo in spreminjajo:<\/li>\n<li>\n<ul>\n<li class=\"wp-block-table is-style-stripes\"><strong>Strukture<\/strong>. Na eni strani bo projektna skupina sistematizirala strukture, skozi katere je kro\u017eila glasba, povezana z mladino. Znanstveniki bodo sistemati\u010dno zbirali podatke o institucijah, posameznikih in pojavih, na primer glasbena dela in dogodke, skratka: cilj je na\u0161teti \"imena\", zbrana pod krovnim izrazom \"glasba mladih\".<br \/>\n<strong>Procesi<\/strong>. Na drugi strani bodo obravnavani konteksti, na katerih temeljijo te strukture - \"dejavnosti\" ali instrumenti, ki so oblikovali in spreminjali ideje o glasbi, povezani z mladino: ideologije, prepri\u010danja, percepcije, reakcije, dejanja.<br \/>\nOblike in vzvodi preoblikovanja teh oblik se ka\u017eejo kot kazalci, skozi katere se je glasba, povezana z mladino, do\u017eivljala nenehne spremembe: najprej v soo\u010danju z <em>druga\u010dnimi <\/em>glasbenimi praksami (to je bil glavni razlog za vzpostavitev Jeunesse Musicale), nato z vedno hitreje nara\u0161\u010dajo\u010dim drobljenjem samega pojma mladinske glasbe. Cilj projekta je: ponuditi <em>pojmovnik <\/em>o oblikah obstoja glasbe, povezane z mladino, in procesih, ki so jih spreminjali v letih 1945\u201391. Prepri\u010dani smo, da bo \u0161tudija pomagala tudi pri bolj\u0161em razumevanju na\u0161ega razdrobljenega glasbenega sveta sodobnosti.<\/li>\n<\/ul>\n<\/li>\n<\/ul>\n<p style=\"padding-left: 40px;\"><!-- \/wp:table --><!-- wp:group --><\/p>\n<div class=\"wp-block-group\" style=\"padding-left: 40px;\"><\/div>\n<p><!-- \/wp:group --><\/p>\n<\/div>\n<p><!-- \/wp:group --><\/p>\n<\/div>\n<p><!-- \/wp:group --><\/p>\n<\/div>\n<p><!-- \/wp:group --><\/p>\n<\/div>\n<\/div><\/div><\/div><div id=\"pgc-20-0-2\"  class=\"panel-grid-cell\" >\n<!-- Start Posts in Sidebar - widget-0-2-0 -->\n<div id=\"panel-20-0-2-0\" class=\"so-panel widget widget_pis_posts_in_sidebar posts-in-sidebar panel-first-child panel-last-child\" data-index=\"3\" ><div class=\"panel-widget-style panel-widget-style-for-20-0-2-0\" >\n<h3 class=\"widget-title\"><span class=\"ez-toc-section\" id=\"Novice_News\"><\/span>Novice * News<span class=\"ez-toc-section-end\"><\/span><\/h3>\t\t\n<ul id=\"ul_pis_posts_in_sidebar-1\" class=\"pis-ul\">\n\t<li class=\"pis-li pis-post-1283\">\n\t\t<p class=\"pis-title\"><a class=\"pis-title-link\" href=\"http:\/\/muzikologijaff.si\/gmgm\/mednarodni-simpozij-international-symposium-youth-music-jeunesse-musicale\/\" rel=\"bookmark\">Mednarodni simpozij * International Symposium: Youth Music since 1945 &#038; Jeunesse Musicale<\/a><\/p>\n\t\t<p class=\"pis-excerpt\">Glasba mladih po 1945 in Jeunesse musicale Oddelek za muzikologijo Filozofske fakultete, Akademija za glasbo Univerze v Ljubljani, Fakulteta za&hellip; <span class=\"pis-more\"><a class=\"pis-more-link\" href=\"http:\/\/muzikologijaff.si\/gmgm\/mednarodni-simpozij-international-symposium-youth-music-jeunesse-musicale\/\" rel=\"bookmark\">Read more\u2026<\/a><\/span><\/p>\n\t<\/li>\n\t<li class=\"pis-li pis-post-1253\">\n\t\t<p class=\"pis-title\"><a class=\"pis-title-link\" href=\"http:\/\/muzikologijaff.si\/gmgm\/vabilo-k-oddaji-rokopisov-za-zbornik-invitation-to-contribute-book-chapters\/\" rel=\"bookmark\">Vabilo k oddaji rokopisov za zbornik * Invitation to contribute book chapters<\/a><\/p>\n\t\t<p class=\"pis-excerpt\">Vabilo Spo\u0161tovane raziskovalke, spo\u0161tovani raziskovalci, bli\u017ea se predstavitev izsledkov raziskav na projektu Glasba mladih po 1945 in Glasbena mladina Slovenije.&hellip; <span class=\"pis-more\"><a class=\"pis-more-link\" href=\"http:\/\/muzikologijaff.si\/gmgm\/vabilo-k-oddaji-rokopisov-za-zbornik-invitation-to-contribute-book-chapters\/\" rel=\"bookmark\">Read more\u2026<\/a><\/span><\/p>\n\t<\/li>\n\t<li class=\"pis-li pis-post-1093\">\n\t\t<p class=\"pis-title\"><a class=\"pis-title-link\" href=\"http:\/\/muzikologijaff.si\/gmgm\/individualni-nacrt-za-tretje-leto\/\" rel=\"bookmark\">Individualni na\u010drt za tretje leto<\/a><\/p>\n\t\t<p class=\"pis-excerpt\">Individualni na\u010drt za tretje leto projekta prina\u0161a vsebine po abecednem redu sodelavcev: Ana Hofman V zadnjem letu projekta nadaljujem z&hellip; <span class=\"pis-more\"><a class=\"pis-more-link\" href=\"http:\/\/muzikologijaff.si\/gmgm\/individualni-nacrt-za-tretje-leto\/\" rel=\"bookmark\">Read more\u2026<\/a><\/span><\/p>\n\t<\/li>\n\t<li class=\"pis-li pis-post-1078\">\n\t\t<p class=\"pis-title\"><a class=\"pis-title-link\" href=\"http:\/\/muzikologijaff.si\/gmgm\/pogovori-o-otroski-in-mladinski-glasbi-2023\/\" rel=\"bookmark\">Pogovori o otro\u0161ki in mladinski glasbi 2023<\/a><\/p>\n\t\t<p class=\"pis-excerpt\">V okviru projekta Glasba mladih in Glasbena mladina Slovenije po 1945 (http:\/\/muzikologijaff.si\/gmgm) so na voljo naslednji dogodki, ki se bodo&hellip; <span class=\"pis-more\"><a class=\"pis-more-link\" href=\"http:\/\/muzikologijaff.si\/gmgm\/pogovori-o-otroski-in-mladinski-glasbi-2023\/\" rel=\"bookmark\">Read more\u2026<\/a><\/span><\/p>\n\t<\/li>\n\t<li class=\"pis-li pis-post-1079\">\n\t\t<p class=\"pis-title\"><a class=\"pis-title-link\" href=\"http:\/\/muzikologijaff.si\/gmgm\/jugoslovanske-studije-kdo-kaj-kako-zakaj-zdaj-in-kaj-potem\/\" rel=\"bookmark\">Jugoslovanske \u0161tudije: kdo, kaj, kako, zakaj zdaj in kaj potem?<\/a><\/p>\n\t\t<p class=\"pis-excerpt\">Gostujo\u010da predavateljica dr. Katja Kobolt\u00a0bo 18. 10. 2023 govorila o konceptu vrednotenja mladinske literature po drugi svetovni vojni. Naslovnica Biba&hellip; <span class=\"pis-more\"><a class=\"pis-more-link\" href=\"http:\/\/muzikologijaff.si\/gmgm\/jugoslovanske-studije-kdo-kaj-kako-zakaj-zdaj-in-kaj-potem\/\" rel=\"bookmark\">Read more\u2026<\/a><\/span><\/p>\n\t<\/li>\n\t<li class=\"pis-li pis-post-1160\">\n\t\t<p class=\"pis-title\"><a class=\"pis-title-link\" href=\"http:\/\/muzikologijaff.si\/gmgm\/individualni-nacrt-za-drugo-leto-2\/\" rel=\"bookmark\">Individualni na\u010drt za drugo leto<\/a><\/p>\n\t\t<p class=\"pis-excerpt\">Na\u010drti raziskovalcev za 2023 &nbsp; Raziskovalna skupina Filozofske fakultete &nbsp; Matja\u017e Barbo V naslednjem letu se bo nadaljevala raziskava povezave&hellip; <span class=\"pis-more\"><a class=\"pis-more-link\" href=\"http:\/\/muzikologijaff.si\/gmgm\/individualni-nacrt-za-drugo-leto-2\/\" rel=\"bookmark\">Read more\u2026<\/a><\/span><\/p>\n\t<\/li>\n\t<li class=\"pis-li pis-post-1068\">\n\t\t<p class=\"pis-title\"><a class=\"pis-title-link\" href=\"http:\/\/muzikologijaff.si\/gmgm\/individualni-nacrt-za-drugo-leto\/\" rel=\"bookmark\">Individualni na\u010drt za drugo leto<\/a><\/p>\n\t\t<p class=\"pis-excerpt\">Na\u010drti raziskovalcev za 2023 &nbsp; Raziskovalna skupina Filozofske fakultete &nbsp; Matja\u017e Barbo V naslednjem letu se bo nadaljevala raziskava povezave&hellip; <span class=\"pis-more\"><a class=\"pis-more-link\" href=\"http:\/\/muzikologijaff.si\/gmgm\/individualni-nacrt-za-drugo-leto\/\" rel=\"bookmark\">Read more\u2026<\/a><\/span><\/p>\n\t<\/li>\n\t<li class=\"pis-li pis-post-912\">\n\t\t<p class=\"pis-title\"><a class=\"pis-title-link\" href=\"http:\/\/muzikologijaff.si\/gmgm\/video-posnetki-predavanj\/\" rel=\"bookmark\">Foto &amp; video arhiv simpozija 26.\u201327. 8. 2022<\/a><\/p>\n\t\t<p class=\"pis-excerpt\">Video: 26. 8. 2022 (1) Video: 26. 8. 2022 (2) Video: 27. 8. 2022 (1) Video: 27. 8. 2022 (2)&hellip; <\/p>\n\t<\/li>\n\t<li class=\"pis-li pis-post-886\">\n\t\t<p class=\"pis-title\"><a class=\"pis-title-link\" href=\"http:\/\/muzikologijaff.si\/gmgm\/glasba-mladih-v-slovenski-preteklosti-in-sedanjosti-60-letnica-oddelka-za-muzikologijo-27-8-2022\/\" rel=\"bookmark\">Mednarodni muzikolo\u0161ki simpozij Glasba mladih v slovenski preteklosti in sedanjosti I * Internationakl musicological symposium Youth Music in the Slovenian past and present I:  26.\u201327. 8. 2022<\/a><\/p>\n\t\t<p class=\"pis-excerpt\">Bros\u030cura * Book of abstracts FOTO &amp; VIDEO ARHIV Mednarodni muzikolo\u0161ki simpozij Glasba mladih v slovenski preteklosti in sedanjosti I&hellip; <span class=\"pis-more\"><a class=\"pis-more-link\" href=\"http:\/\/muzikologijaff.si\/gmgm\/glasba-mladih-v-slovenski-preteklosti-in-sedanjosti-60-letnica-oddelka-za-muzikologijo-27-8-2022\/\" rel=\"bookmark\">Read more\u2026<\/a><\/span><\/p>\n\t<\/li>\n\t<li class=\"pis-li pis-post-400\">\n\t\t<p class=\"pis-title\"><a class=\"pis-title-link\" href=\"http:\/\/muzikologijaff.si\/gmgm\/postavitev-baze-podatkov\/\" rel=\"bookmark\">Postavitev baze podatkov<\/a><\/p>\n\t\t<p class=\"pis-excerpt\">V ponedeljek, 14. marca 2022 bo omogo\u010den dostop do prvih vnosov gradiv v bazo podatkov. Baza obsega tako besedilni del,&hellip; <span class=\"pis-more\"><a class=\"pis-more-link\" href=\"http:\/\/muzikologijaff.si\/gmgm\/postavitev-baze-podatkov\/\" rel=\"bookmark\">Read more\u2026<\/a><\/span><\/p>\n\t<\/li>\n<\/ul>\n<!-- Generated by Posts in Sidebar v4.16.3 -->\n<\/div><\/div>\n<!-- End Posts in Sidebar - widget-0-2-0 -->\n\n<\/div><\/div><\/div>","protected":false},"excerpt":{"rendered":"<p>Raziskovalni projekt je (so)financiran s strani Javne agencije za raziskovalno dejavnost. Naziv projekta: Glasba mladih po 1945 in Glasbena mladina Slovenije \u010clanica UL, ki izvaja projekt: Univerza v Ljubljani, Filozofska fakulteta \u0160ifra projekta: J6-3135 Obdobje trajanja projekta: 1. 10. 2021 &#8211; 30.9. 2024 Letni obseg: 1,76 FTE Vodja projekta: \u00a0Leon Stefanija Veda in podro\u010dje: Humanisti\u010dne &hellip; <\/p>\n<p class=\"link-more\"><a href=\"http:\/\/muzikologijaff.si\/gmgm\/\" class=\"more-link\">Preberi ve\u010d<span class=\"screen-reader-text\"> &#8220;O projektu Glasba mladih po 1945 in Glasbena mladina Slovenije&#8221;<\/span><\/a><\/p>\n","protected":false},"author":1,"featured_media":0,"parent":0,"menu_order":0,"comment_status":"closed","ping_status":"closed","template":"","meta":{"_uag_custom_page_level_css":"","_themeisle_gutenberg_block_has_review":false,"footnotes":""},"class_list":["post-20","page","type-page","status-publish","hentry"],"uagb_featured_image_src":{"full":false,"thumbnail":false,"medium":false,"medium_large":false,"large":false,"1536x1536":false,"2048x2048":false,"twentyseventeen-featured-image":false,"twentyseventeen-thumbnail-avatar":false,"sow-carousel-default":false},"uagb_author_info":{"display_name":"leon","author_link":"http:\/\/muzikologijaff.si\/gmgm\/author\/leon\/"},"uagb_comment_info":0,"uagb_excerpt":"Raziskovalni projekt je (so)financiran s strani Javne agencije za raziskovalno dejavnost. Naziv projekta: Glasba mladih po 1945 in Glasbena mladina Slovenije \u010clanica UL, ki izvaja projekt: Univerza v Ljubljani, Filozofska fakulteta \u0160ifra projekta: J6-3135 Obdobje trajanja projekta: 1. 10. 2021 - 30.9. 2024 Letni obseg: 1,76 FTE Vodja projekta: \u00a0Leon Stefanija Veda in podro\u010dje: Humanisti\u010dne&hellip;","_links":{"self":[{"href":"http:\/\/muzikologijaff.si\/gmgm\/wp-json\/wp\/v2\/pages\/20","targetHints":{"allow":["GET"]}}],"collection":[{"href":"http:\/\/muzikologijaff.si\/gmgm\/wp-json\/wp\/v2\/pages"}],"about":[{"href":"http:\/\/muzikologijaff.si\/gmgm\/wp-json\/wp\/v2\/types\/page"}],"author":[{"embeddable":true,"href":"http:\/\/muzikologijaff.si\/gmgm\/wp-json\/wp\/v2\/users\/1"}],"replies":[{"embeddable":true,"href":"http:\/\/muzikologijaff.si\/gmgm\/wp-json\/wp\/v2\/comments?post=20"}],"version-history":[{"count":4,"href":"http:\/\/muzikologijaff.si\/gmgm\/wp-json\/wp\/v2\/pages\/20\/revisions"}],"predecessor-version":[{"id":1257,"href":"http:\/\/muzikologijaff.si\/gmgm\/wp-json\/wp\/v2\/pages\/20\/revisions\/1257"}],"wp:attachment":[{"href":"http:\/\/muzikologijaff.si\/gmgm\/wp-json\/wp\/v2\/media?parent=20"}],"curies":[{"name":"wp","href":"https:\/\/api.w.org\/{rel}","templated":true}]}}