{"id":576,"date":"2022-03-27T14:08:28","date_gmt":"2022-03-27T12:08:28","guid":{"rendered":"http:\/\/muzikologijaff.si\/gmgm\/?page_id=576"},"modified":"2022-03-27T14:08:28","modified_gmt":"2022-03-27T12:08:28","slug":"arhiv-republike-slovenije","status":"publish","type":"page","link":"http:\/\/muzikologijaff.si\/gmgm\/podatkovne-baze\/arhiv-republike-slovenije\/","title":{"rendered":"Arhiv Republike Slovenije"},"content":{"rendered":"<h1>Pregled gradiva RTV Slovenije v <a href=\"https:\/\/www.gov.si\/drzavni-organi\/organi-v-sestavi\/arhiv\/\">Arhivu Republike Slovenije<\/a><\/h1>\n<p>Pripravil <a href=\"marko@prpic.net\">Marko Prpi\u010d<\/a>, 5. 1. 2022<\/p>\n<p>RTV gradivo je shranjeno pod signaturo SI AS 1215<\/p>\n<p>S pregledovanjem gradiva v Arhivu Slovenije sem za\u010del v sredo, 12. januarja. V minulih tednih sem na osnovi popisa pregledal petnajst tehni\u010dnih enot (\u0161katel) z gradivom, in me dokumenti izbral tiste, ki se nana\u0161ajo na program, razmerja med razli\u010dnimi \u017eanri in na glasbo.<\/p>\n<p>Gradivo sem posredoval vodji projekta prof. dr. Leonu Stefaniji, ki ga je dal na stre\u017enik, tako da je dostopno vsem.<\/p>\n<p>Za citiranje dogomentov najprej navedete fon <strong>AS 1215<\/strong>. Nato \u0161tevilko tehni\u010dne enote (po starem \u0161katla) <strong>AS 1215, \u0161. 1<\/strong> in k temu dodate zaporedno \u0161tevilko dokumenta v \u0161katli. Ker vsi dokumenti niso o\u0161tevil\u010deno, sem to tudi zapisal. Tako oznaka izgleda takole:\u00a0<strong>AS 1215, \u0161. 1, 18<\/strong><\/p>\n<p>Tiste, ki ste \u017ee delali v arhivu, prosim, da mi uvodno razlogo ne zamerijo.<\/p>\n<div id=\"ez-toc-container\" class=\"ez-toc-v2_0_82_1 counter-hierarchy ez-toc-counter ez-toc-grey ez-toc-container-direction\">\n<div class=\"ez-toc-title-container\">\n<p class=\"ez-toc-title\" style=\"cursor:inherit\">Table of Contents<\/p>\n<span class=\"ez-toc-title-toggle\"><a href=\"#\" class=\"ez-toc-pull-right ez-toc-btn ez-toc-btn-xs ez-toc-btn-default ez-toc-toggle\" aria-label=\"Toggle Table of Content\"><span class=\"ez-toc-js-icon-con\"><span class=\"\"><span class=\"eztoc-hide\" style=\"display:none;\">Toggle<\/span><span class=\"ez-toc-icon-toggle-span\"><svg style=\"fill: #999;color:#999\" xmlns=\"http:\/\/www.w3.org\/2000\/svg\" class=\"list-377408\" width=\"20px\" height=\"20px\" viewBox=\"0 0 24 24\" fill=\"none\"><path d=\"M6 6H4v2h2V6zm14 0H8v2h12V6zM4 11h2v2H4v-2zm16 0H8v2h12v-2zM4 16h2v2H4v-2zm16 0H8v2h12v-2z\" fill=\"currentColor\"><\/path><\/svg><svg style=\"fill: #999;color:#999\" class=\"arrow-unsorted-368013\" xmlns=\"http:\/\/www.w3.org\/2000\/svg\" width=\"10px\" height=\"10px\" viewBox=\"0 0 24 24\" version=\"1.2\" baseProfile=\"tiny\"><path d=\"M18.2 9.3l-6.2-6.3-6.2 6.3c-.2.2-.3.4-.3.7s.1.5.3.7c.2.2.4.3.7.3h11c.3 0 .5-.1.7-.3.2-.2.3-.5.3-.7s-.1-.5-.3-.7zM5.8 14.7l6.2 6.3 6.2-6.3c.2-.2.3-.5.3-.7s-.1-.5-.3-.7c-.2-.2-.4-.3-.7-.3h-11c-.3 0-.5.1-.7.3-.2.2-.3.5-.3.7s.1.5.3.7z\"\/><\/svg><\/span><\/span><\/span><\/a><\/span><\/div>\n<nav><ul class='ez-toc-list ez-toc-list-level-1 ' ><li class='ez-toc-page-1 ez-toc-heading-level-2'><a class=\"ez-toc-link ez-toc-heading-1\" href=\"http:\/\/muzikologijaff.si\/gmgm\/podatkovne-baze\/arhiv-republike-slovenije\/#SI_AS_1215_%E2%80%93_s_01\" >SI AS 1215 \u2013 \u0161. 01<\/a><\/li><li class='ez-toc-page-1 ez-toc-heading-level-2'><a class=\"ez-toc-link ez-toc-heading-2\" href=\"http:\/\/muzikologijaff.si\/gmgm\/podatkovne-baze\/arhiv-republike-slovenije\/#SI_AS_1215_%E2%80%93_s_03\" >SI AS 1215 \u2013 \u0161. 03<\/a><\/li><li class='ez-toc-page-1 ez-toc-heading-level-2'><a class=\"ez-toc-link ez-toc-heading-3\" href=\"http:\/\/muzikologijaff.si\/gmgm\/podatkovne-baze\/arhiv-republike-slovenije\/#SI_AS_1215_%E2%80%93_s_06\" >SI AS 1215 \u2013 \u0161. 06<\/a><\/li><li class='ez-toc-page-1 ez-toc-heading-level-2'><a class=\"ez-toc-link ez-toc-heading-4\" href=\"http:\/\/muzikologijaff.si\/gmgm\/podatkovne-baze\/arhiv-republike-slovenije\/#SI_AS_1215_%E2%80%93_s_08\" >SI AS 1215 \u2013 \u0161. 08<\/a><\/li><li class='ez-toc-page-1 ez-toc-heading-level-2'><a class=\"ez-toc-link ez-toc-heading-5\" href=\"http:\/\/muzikologijaff.si\/gmgm\/podatkovne-baze\/arhiv-republike-slovenije\/#SI_AS_1215_%E2%80%93_s_10\" >SI AS 1215 \u2013 \u0161. 10<\/a><\/li><li class='ez-toc-page-1 ez-toc-heading-level-2'><a class=\"ez-toc-link ez-toc-heading-6\" href=\"http:\/\/muzikologijaff.si\/gmgm\/podatkovne-baze\/arhiv-republike-slovenije\/#SI_AS_1215_%E2%80%93_s_14\" >SI AS 1215 \u2013 \u0161. 14<\/a><\/li><li class='ez-toc-page-1 ez-toc-heading-level-2'><a class=\"ez-toc-link ez-toc-heading-7\" href=\"http:\/\/muzikologijaff.si\/gmgm\/podatkovne-baze\/arhiv-republike-slovenije\/#SI_AS_1215_%E2%80%93_s_17\" >SI AS 1215 \u2013 \u0161. 17<\/a><\/li><li class='ez-toc-page-1 ez-toc-heading-level-2'><a class=\"ez-toc-link ez-toc-heading-8\" href=\"http:\/\/muzikologijaff.si\/gmgm\/podatkovne-baze\/arhiv-republike-slovenije\/#SI_AS_1215_%E2%80%93_s_20\" >SI AS 1215 \u2013 \u0161. 20<\/a><\/li><li class='ez-toc-page-1 ez-toc-heading-level-2'><a class=\"ez-toc-link ez-toc-heading-9\" href=\"http:\/\/muzikologijaff.si\/gmgm\/podatkovne-baze\/arhiv-republike-slovenije\/#SI_AS_1215_%E2%80%93_s_56\" >SI AS 1215 \u2013 \u0161. 56<\/a><\/li><li class='ez-toc-page-1 ez-toc-heading-level-2'><a class=\"ez-toc-link ez-toc-heading-10\" href=\"http:\/\/muzikologijaff.si\/gmgm\/podatkovne-baze\/arhiv-republike-slovenije\/#SI_AS_1215_%E2%80%93_s_56-2\" >SI AS 1215 \u2013 \u0161. 56<\/a><\/li><li class='ez-toc-page-1 ez-toc-heading-level-2'><a class=\"ez-toc-link ez-toc-heading-11\" href=\"http:\/\/muzikologijaff.si\/gmgm\/podatkovne-baze\/arhiv-republike-slovenije\/#SI_AS_1215_%E2%80%93_s_56-3\" >SI AS 1215 \u2013 \u0161. 56<\/a><\/li><li class='ez-toc-page-1 ez-toc-heading-level-2'><a class=\"ez-toc-link ez-toc-heading-12\" href=\"http:\/\/muzikologijaff.si\/gmgm\/podatkovne-baze\/arhiv-republike-slovenije\/#SI_AS_1215_%E2%80%93_s_401\" >SI AS 1215 \u2013 \u0161. 401<\/a><\/li><li class='ez-toc-page-1 ez-toc-heading-level-2'><a class=\"ez-toc-link ez-toc-heading-13\" href=\"http:\/\/muzikologijaff.si\/gmgm\/podatkovne-baze\/arhiv-republike-slovenije\/#SI_AS_1215_%E2%80%93_s_401_nadaljevanje\" >SI AS 1215 \u2013 \u0161. 401 (nadaljevanje)<\/a><\/li><\/ul><\/nav><\/div>\n<h2><span class=\"ez-toc-section\" id=\"SI_AS_1215_%E2%80%93_s_01\"><\/span>SI AS 1215 \u2013 \u0161. 01<span class=\"ez-toc-section-end\"><\/span><\/h2>\n<p>\/18 Glasbena produkcija Radia Koper 1964\/1965<\/p>\n<p><strong>Datoteka:\u00a0 <\/strong><a href=\"\/wp-content\/uploads\/sites\/7\/2022\/03\/Glasbena_produkcija_RA_KP_1964_1965.pdf\">Glasbena_produkcija_RA_KP_1964_1965<\/a><\/p>\n<div class=\"ead-preview\"><div class=\"ead-document\" style=\"position: relative;padding-top: 90%;\"><div class=\"ead-iframe-wrapper\"><iframe src=\"\/\/docs.google.com\/viewer?url=http%3A%2F%2Fmuzikologijaff.si%2Fgmgm%2Fwp-content%2Fuploads%2Fsites%2F9%2F2022%2F03%2FGlasbena_produkcija_RA_KP_1964_1965.pdf&amp;embedded=true&amp;hl=en\" title=\"Embedded Document\" class=\"ead-iframe\" style=\"width: 100%;height: 100%;border: none;position: absolute;left: 0;top: 0;visibility: hidden;\"><\/iframe><\/div>\t\t\t<div class=\"ead-document-loading\" style=\"width:100%;height:100%;position:absolute;left:0;top:0;z-index:10;\">\n\t\t\t\t<div class=\"ead-loading-wrap\">\n\t\t\t\t\t<div class=\"ead-loading-main\">\n\t\t\t\t\t\t<div class=\"ead-loading\">\n\t\t\t\t\t\t\t<img loading=\"lazy\" decoding=\"async\" src=\"http:\/\/muzikologijaff.si\/gmgm\/wp-content\/plugins\/embed-any-document\/images\/loading.svg\" width=\"55\" height=\"55\" alt=\"Loader\">\n\t\t\t\t\t\t\t<span>Loading...<\/span>\n\t\t\t\t\t\t<\/div>\n\t\t\t\t\t<\/div>\n\t\t\t\t\t<div class=\"ead-loading-foot\">\n\t\t\t\t\t\t<div class=\"ead-loading-foot-title\">\n\t\t\t\t\t\t\t<img loading=\"lazy\" decoding=\"async\" src=\"http:\/\/muzikologijaff.si\/gmgm\/wp-content\/plugins\/embed-any-document\/images\/EAD-logo.svg\" alt=\"EAD Logo\" width=\"36\" height=\"23\"\/>\n\t\t\t\t\t\t\t<span>Taking too long?<\/span>\n\t\t\t\t\t\t<\/div>\n\t\t\t\t\t\t<p>\n\t\t\t\t\t\t\t<div class=\"ead-document-btn ead-reload-btn\" role=\"button\">\n\t\t\t\t\t\t\t\t<img loading=\"lazy\" decoding=\"async\" src=\"http:\/\/muzikologijaff.si\/gmgm\/wp-content\/plugins\/embed-any-document\/images\/reload.svg\" alt=\"Reload\" width=\"12\" height=\"12\"\/> Reload document\t\t\t\t\t\t\t<\/div>\n\t\t\t\t\t\t\t<span>|<\/span>\n\t\t\t\t\t\t\t<a href=\"http:\/\/muzikologijaff.si\/gmgm\/wp-content\/uploads\/sites\/9\/2022\/03\/Glasbena_produkcija_RA_KP_1964_1965.pdf\" class=\"ead-document-btn\" target=\"_blank\">\n\t\t\t\t\t\t\t\t<img loading=\"lazy\" decoding=\"async\" src=\"http:\/\/muzikologijaff.si\/gmgm\/wp-content\/plugins\/embed-any-document\/images\/open.svg\" alt=\"Open\" width=\"12\" height=\"12\"\/> Open in new tab\t\t\t\t\t\t\t<\/a>\n\t\t\t\t\t<\/div>\n\t\t\t\t<\/div>\n\t\t\t<\/div>\n\t\t<\/div><p class=\"embed_download\"><a href=\"http:\/\/muzikologijaff.si\/gmgm\/wp-content\/uploads\/sites\/9\/2022\/03\/Glasbena_produkcija_RA_KP_1964_1965.pdf\" download>Nalo\u017ei * Download [1.13 MB] <\/a><\/p><\/div>\n<h3>SI AS 1215 \u2013 \u0161. 02<\/h3>\n<p>&nbsp;<\/p>\n<p><strong>Za naslednji\u00a0 datoteki si nisem zapisal, ali sodijo v \u0161katlo 1 ali 2:<\/strong><\/p>\n<p><strong>Datoteka:\u00a0 <\/strong><a href=\"http:\/\/muzikologijaff.si\/gmgm\/wp-admin\/customize.php?url=http%3A%2F%2Fmuzikologijaff.si%2Fgmgm%2Fpodatkovne-baze%2F%3Fpreview_id%3D357%26preview_nonce%3Dad74d46bfb%26_thumbnail_id%3D-1%26preview%3Dtrue\">Spored_RA_KP_april_1959<\/a><\/p>\n<div class=\"ead-preview\"><div class=\"ead-document\" style=\"position: relative;padding-top: 90%;\"><div class=\"ead-iframe-wrapper\"><iframe src=\"\/\/docs.google.com\/viewer?url=http%3A%2F%2Fmuzikologijaff.si%2Fgmgm%2Fwp-content%2Fuploads%2Fsites%2F9%2F2022%2F03%2FSpored_RA_KP_april_1959.pdf&amp;embedded=true&amp;hl=en\" title=\"Embedded Document\" class=\"ead-iframe\" style=\"width: 100%;height: 100%;border: none;position: absolute;left: 0;top: 0;visibility: hidden;\"><\/iframe><\/div>\t\t\t<div class=\"ead-document-loading\" style=\"width:100%;height:100%;position:absolute;left:0;top:0;z-index:10;\">\n\t\t\t\t<div class=\"ead-loading-wrap\">\n\t\t\t\t\t<div class=\"ead-loading-main\">\n\t\t\t\t\t\t<div class=\"ead-loading\">\n\t\t\t\t\t\t\t<img loading=\"lazy\" decoding=\"async\" src=\"http:\/\/muzikologijaff.si\/gmgm\/wp-content\/plugins\/embed-any-document\/images\/loading.svg\" width=\"55\" height=\"55\" alt=\"Loader\">\n\t\t\t\t\t\t\t<span>Loading...<\/span>\n\t\t\t\t\t\t<\/div>\n\t\t\t\t\t<\/div>\n\t\t\t\t\t<div class=\"ead-loading-foot\">\n\t\t\t\t\t\t<div class=\"ead-loading-foot-title\">\n\t\t\t\t\t\t\t<img loading=\"lazy\" decoding=\"async\" src=\"http:\/\/muzikologijaff.si\/gmgm\/wp-content\/plugins\/embed-any-document\/images\/EAD-logo.svg\" alt=\"EAD Logo\" width=\"36\" height=\"23\"\/>\n\t\t\t\t\t\t\t<span>Taking too long?<\/span>\n\t\t\t\t\t\t<\/div>\n\t\t\t\t\t\t<p>\n\t\t\t\t\t\t\t<div class=\"ead-document-btn ead-reload-btn\" role=\"button\">\n\t\t\t\t\t\t\t\t<img loading=\"lazy\" decoding=\"async\" src=\"http:\/\/muzikologijaff.si\/gmgm\/wp-content\/plugins\/embed-any-document\/images\/reload.svg\" alt=\"Reload\" width=\"12\" height=\"12\"\/> Reload document\t\t\t\t\t\t\t<\/div>\n\t\t\t\t\t\t\t<span>|<\/span>\n\t\t\t\t\t\t\t<a href=\"http:\/\/muzikologijaff.si\/gmgm\/wp-content\/uploads\/sites\/9\/2022\/03\/Spored_RA_KP_april_1959.pdf\" class=\"ead-document-btn\" target=\"_blank\">\n\t\t\t\t\t\t\t\t<img loading=\"lazy\" decoding=\"async\" src=\"http:\/\/muzikologijaff.si\/gmgm\/wp-content\/plugins\/embed-any-document\/images\/open.svg\" alt=\"Open\" width=\"12\" height=\"12\"\/> Open in new tab\t\t\t\t\t\t\t<\/a>\n\t\t\t\t\t<\/div>\n\t\t\t\t<\/div>\n\t\t\t<\/div>\n\t\t<\/div><p class=\"embed_download\"><a href=\"http:\/\/muzikologijaff.si\/gmgm\/wp-content\/uploads\/sites\/9\/2022\/03\/Spored_RA_KP_april_1959.pdf\" download>Nalo\u017ei * Download [3.20 MB] <\/a><\/p><\/div>\n<p><strong>Datoteka:<\/strong> <a href=\"\/wp-content\/uploads\/sites\/7\/2022\/03\/Glasbena_redakcija_RA_KP_1949_1952.pdf\">Glasbena_redakcija_RA_KP_1949_1952<\/a><\/p>\n<div class=\"ead-preview\"><div class=\"ead-document\" style=\"position: relative;padding-top: 90%;\"><div class=\"ead-iframe-wrapper\"><iframe src=\"\/\/docs.google.com\/viewer?url=http%3A%2F%2Fmuzikologijaff.si%2Fgmgm%2Fwp-content%2Fuploads%2Fsites%2F9%2F2022%2F03%2FGlasbena_redakcija_RA_KP_1949_1952.pdf&amp;embedded=true&amp;hl=en\" title=\"Embedded Document\" class=\"ead-iframe\" style=\"width: 100%;height: 100%;border: none;position: absolute;left: 0;top: 0;visibility: hidden;\"><\/iframe><\/div>\t\t\t<div class=\"ead-document-loading\" style=\"width:100%;height:100%;position:absolute;left:0;top:0;z-index:10;\">\n\t\t\t\t<div class=\"ead-loading-wrap\">\n\t\t\t\t\t<div class=\"ead-loading-main\">\n\t\t\t\t\t\t<div class=\"ead-loading\">\n\t\t\t\t\t\t\t<img loading=\"lazy\" decoding=\"async\" src=\"http:\/\/muzikologijaff.si\/gmgm\/wp-content\/plugins\/embed-any-document\/images\/loading.svg\" width=\"55\" height=\"55\" alt=\"Loader\">\n\t\t\t\t\t\t\t<span>Loading...<\/span>\n\t\t\t\t\t\t<\/div>\n\t\t\t\t\t<\/div>\n\t\t\t\t\t<div class=\"ead-loading-foot\">\n\t\t\t\t\t\t<div class=\"ead-loading-foot-title\">\n\t\t\t\t\t\t\t<img loading=\"lazy\" decoding=\"async\" src=\"http:\/\/muzikologijaff.si\/gmgm\/wp-content\/plugins\/embed-any-document\/images\/EAD-logo.svg\" alt=\"EAD Logo\" width=\"36\" height=\"23\"\/>\n\t\t\t\t\t\t\t<span>Taking too long?<\/span>\n\t\t\t\t\t\t<\/div>\n\t\t\t\t\t\t<p>\n\t\t\t\t\t\t\t<div class=\"ead-document-btn ead-reload-btn\" role=\"button\">\n\t\t\t\t\t\t\t\t<img loading=\"lazy\" decoding=\"async\" src=\"http:\/\/muzikologijaff.si\/gmgm\/wp-content\/plugins\/embed-any-document\/images\/reload.svg\" alt=\"Reload\" width=\"12\" height=\"12\"\/> Reload document\t\t\t\t\t\t\t<\/div>\n\t\t\t\t\t\t\t<span>|<\/span>\n\t\t\t\t\t\t\t<a href=\"http:\/\/muzikologijaff.si\/gmgm\/wp-content\/uploads\/sites\/9\/2022\/03\/Glasbena_redakcija_RA_KP_1949_1952.pdf\" class=\"ead-document-btn\" target=\"_blank\">\n\t\t\t\t\t\t\t\t<img loading=\"lazy\" decoding=\"async\" src=\"http:\/\/muzikologijaff.si\/gmgm\/wp-content\/plugins\/embed-any-document\/images\/open.svg\" alt=\"Open\" width=\"12\" height=\"12\"\/> Open in new tab\t\t\t\t\t\t\t<\/a>\n\t\t\t\t\t<\/div>\n\t\t\t\t<\/div>\n\t\t\t<\/div>\n\t\t<\/div><p class=\"embed_download\"><a href=\"http:\/\/muzikologijaff.si\/gmgm\/wp-content\/uploads\/sites\/9\/2022\/03\/Glasbena_redakcija_RA_KP_1949_1952.pdf\" download>Nalo\u017ei * Download [2.13 MB] <\/a><\/p><\/div>\n<h2><span class=\"ez-toc-section\" id=\"SI_AS_1215_%E2%80%93_s_03\"><\/span>SI AS 1215 \u2013 \u0161. 03<span class=\"ez-toc-section-end\"><\/span><\/h2>\n<p>Zdravko Bricelj: Kratek pregled razvoja proizvodnje ZKP<\/p>\n<p><strong>Datoteka: <\/strong>Bricelj_Proizvodnja_ZKP [manjka]<\/p>\n<p>\/27 govor F. S. Fin\u017egarja ob otvoritvi radia, 1. 9. 1928<\/p>\n<p><strong>Datoteka:<\/strong> F_S_Finzgar_Govor_1_sept_1928 [manjka]<\/p>\n<h2><span class=\"ez-toc-section\" id=\"SI_AS_1215_%E2%80%93_s_06\"><\/span>SI AS 1215 \u2013 \u0161. 06<span class=\"ez-toc-section-end\"><\/span><\/h2>\n<p>\/6 Pismo Radia Cone Trst Radiu Maribor. O snemanju glasbe, podpisan Lindi\u010d Milan, 26. 12. 1952<\/p>\n<p><strong>Datoteka: <\/strong>Pismo_upravniku_Radia_Maribor [manjka]<\/p>\n<p>\/ brez oznake zaporedne \u0161tevilke. Program Radia Maribor od leta 1945 do konca leta 1950<\/p>\n<p><strong>Datoteka:<\/strong> <a href=\"\/wp-content\/uploads\/sites\/7\/2022\/03\/Programi_Radia_Maribor_od_1945_do_1950.pdf\">Programi_Radia_Maribor_od_1945_do_1950<\/a><\/p>\n<div class=\"ead-preview\"><div class=\"ead-document\" style=\"position: relative;padding-top: 90%;\"><div class=\"ead-iframe-wrapper\"><iframe src=\"\/\/docs.google.com\/viewer?url=http%3A%2F%2Fmuzikologijaff.si%2Fgmgm%2Fwp-content%2Fuploads%2Fsites%2F9%2F2022%2F03%2FProgrami_Radia_Maribor_od_1945_do_1950.pdf&amp;embedded=true&amp;hl=en\" title=\"Embedded Document\" class=\"ead-iframe\" style=\"width: 100%;height: 100%;border: none;position: absolute;left: 0;top: 0;visibility: hidden;\"><\/iframe><\/div>\t\t\t<div class=\"ead-document-loading\" style=\"width:100%;height:100%;position:absolute;left:0;top:0;z-index:10;\">\n\t\t\t\t<div class=\"ead-loading-wrap\">\n\t\t\t\t\t<div class=\"ead-loading-main\">\n\t\t\t\t\t\t<div class=\"ead-loading\">\n\t\t\t\t\t\t\t<img loading=\"lazy\" decoding=\"async\" src=\"http:\/\/muzikologijaff.si\/gmgm\/wp-content\/plugins\/embed-any-document\/images\/loading.svg\" width=\"55\" height=\"55\" alt=\"Loader\">\n\t\t\t\t\t\t\t<span>Loading...<\/span>\n\t\t\t\t\t\t<\/div>\n\t\t\t\t\t<\/div>\n\t\t\t\t\t<div class=\"ead-loading-foot\">\n\t\t\t\t\t\t<div class=\"ead-loading-foot-title\">\n\t\t\t\t\t\t\t<img loading=\"lazy\" decoding=\"async\" src=\"http:\/\/muzikologijaff.si\/gmgm\/wp-content\/plugins\/embed-any-document\/images\/EAD-logo.svg\" alt=\"EAD Logo\" width=\"36\" height=\"23\"\/>\n\t\t\t\t\t\t\t<span>Taking too long?<\/span>\n\t\t\t\t\t\t<\/div>\n\t\t\t\t\t\t<p>\n\t\t\t\t\t\t\t<div class=\"ead-document-btn ead-reload-btn\" role=\"button\">\n\t\t\t\t\t\t\t\t<img loading=\"lazy\" decoding=\"async\" src=\"http:\/\/muzikologijaff.si\/gmgm\/wp-content\/plugins\/embed-any-document\/images\/reload.svg\" alt=\"Reload\" width=\"12\" height=\"12\"\/> Reload document\t\t\t\t\t\t\t<\/div>\n\t\t\t\t\t\t\t<span>|<\/span>\n\t\t\t\t\t\t\t<a href=\"http:\/\/muzikologijaff.si\/gmgm\/wp-content\/uploads\/sites\/9\/2022\/03\/Programi_Radia_Maribor_od_1945_do_1950.pdf\" class=\"ead-document-btn\" target=\"_blank\">\n\t\t\t\t\t\t\t\t<img loading=\"lazy\" decoding=\"async\" src=\"http:\/\/muzikologijaff.si\/gmgm\/wp-content\/plugins\/embed-any-document\/images\/open.svg\" alt=\"Open\" width=\"12\" height=\"12\"\/> Open in new tab\t\t\t\t\t\t\t<\/a>\n\t\t\t\t\t<\/div>\n\t\t\t\t<\/div>\n\t\t\t<\/div>\n\t\t<\/div><p class=\"embed_download\"><a href=\"http:\/\/muzikologijaff.si\/gmgm\/wp-content\/uploads\/sites\/9\/2022\/03\/Programi_Radia_Maribor_od_1945_do_1950.pdf\" download>Nalo\u017ei * Download [1.69 MB] <\/a><\/p><\/div>\n<h2><span class=\"ez-toc-section\" id=\"SI_AS_1215_%E2%80%93_s_08\"><\/span>SI AS 1215 \u2013 \u0161. 08<span class=\"ez-toc-section-end\"><\/span><\/h2>\n<p>\/2 Razvojna pot edukativne dejavnosti slovenske televizije. Avtor: Milo\u0161 Macarol, 9. 6. 1983.<\/p>\n<p><strong>Datoteka:<\/strong>\u00a0<a href=\"\/wp-content\/uploads\/sites\/7\/2022\/03\/Razvojna_pot_edukativne_dejavnosti_slovenske_televizije.pdf\">Razvojna_pot_edukativne_dejavnosti_slovenske_televizije<\/a><\/p>\n<div class=\"ead-preview\"><div class=\"ead-document\" style=\"position: relative;padding-top: 90%;\"><div class=\"ead-iframe-wrapper\"><iframe src=\"\/\/docs.google.com\/viewer?url=http%3A%2F%2Fmuzikologijaff.si%2Fgmgm%2Fwp-content%2Fuploads%2Fsites%2F9%2F2022%2F03%2FRazvojna_pot_edukativne_dejavnosti_slovenske_televizije-1.pdf&amp;embedded=true&amp;hl=en\" title=\"Embedded Document\" class=\"ead-iframe\" style=\"width: 100%;height: 100%;border: none;position: absolute;left: 0;top: 0;visibility: hidden;\"><\/iframe><\/div>\t\t\t<div class=\"ead-document-loading\" style=\"width:100%;height:100%;position:absolute;left:0;top:0;z-index:10;\">\n\t\t\t\t<div class=\"ead-loading-wrap\">\n\t\t\t\t\t<div class=\"ead-loading-main\">\n\t\t\t\t\t\t<div class=\"ead-loading\">\n\t\t\t\t\t\t\t<img loading=\"lazy\" decoding=\"async\" src=\"http:\/\/muzikologijaff.si\/gmgm\/wp-content\/plugins\/embed-any-document\/images\/loading.svg\" width=\"55\" height=\"55\" alt=\"Loader\">\n\t\t\t\t\t\t\t<span>Loading...<\/span>\n\t\t\t\t\t\t<\/div>\n\t\t\t\t\t<\/div>\n\t\t\t\t\t<div class=\"ead-loading-foot\">\n\t\t\t\t\t\t<div class=\"ead-loading-foot-title\">\n\t\t\t\t\t\t\t<img loading=\"lazy\" decoding=\"async\" src=\"http:\/\/muzikologijaff.si\/gmgm\/wp-content\/plugins\/embed-any-document\/images\/EAD-logo.svg\" alt=\"EAD Logo\" width=\"36\" height=\"23\"\/>\n\t\t\t\t\t\t\t<span>Taking too long?<\/span>\n\t\t\t\t\t\t<\/div>\n\t\t\t\t\t\t<p>\n\t\t\t\t\t\t\t<div class=\"ead-document-btn ead-reload-btn\" role=\"button\">\n\t\t\t\t\t\t\t\t<img loading=\"lazy\" decoding=\"async\" src=\"http:\/\/muzikologijaff.si\/gmgm\/wp-content\/plugins\/embed-any-document\/images\/reload.svg\" alt=\"Reload\" width=\"12\" height=\"12\"\/> Reload document\t\t\t\t\t\t\t<\/div>\n\t\t\t\t\t\t\t<span>|<\/span>\n\t\t\t\t\t\t\t<a href=\"http:\/\/muzikologijaff.si\/gmgm\/wp-content\/uploads\/sites\/9\/2022\/03\/Razvojna_pot_edukativne_dejavnosti_slovenske_televizije-1.pdf\" class=\"ead-document-btn\" target=\"_blank\">\n\t\t\t\t\t\t\t\t<img loading=\"lazy\" decoding=\"async\" src=\"http:\/\/muzikologijaff.si\/gmgm\/wp-content\/plugins\/embed-any-document\/images\/open.svg\" alt=\"Open\" width=\"12\" height=\"12\"\/> Open in new tab\t\t\t\t\t\t\t<\/a>\n\t\t\t\t\t<\/div>\n\t\t\t\t<\/div>\n\t\t\t<\/div>\n\t\t<\/div><p class=\"embed_download\"><a href=\"http:\/\/muzikologijaff.si\/gmgm\/wp-content\/uploads\/sites\/9\/2022\/03\/Razvojna_pot_edukativne_dejavnosti_slovenske_televizije-1.pdf\" download>Nalo\u017ei * Download [3.87 MB] <\/a><\/p><\/div>\n<p>\/5b Feljton Borisa Grabnarja (1977). Iz \u010dasopisa \u2013 vendar se ne vidi katerega.<\/p>\n<p><strong>Datoteka: <\/strong><a href=\"\/wp-content\/uploads\/sites\/7\/2022\/03\/Boris_Grabnar_Feljton_1977.pdf\">Boris_Grabnar_Feljton_1977<\/a><\/p>\n<div class=\"ead-preview\"><div class=\"ead-document\" style=\"position: relative;padding-top: 90%;\"><div class=\"ead-iframe-wrapper\"><iframe src=\"\/\/docs.google.com\/viewer?url=http%3A%2F%2Fmuzikologijaff.si%2Fgmgm%2Fwp-content%2Fuploads%2Fsites%2F9%2F2022%2F03%2FBoris_Grabnar_Feljton_1977-1.pdf&amp;embedded=true&amp;hl=en\" title=\"Embedded Document\" class=\"ead-iframe\" style=\"width: 100%;height: 100%;border: none;position: absolute;left: 0;top: 0;visibility: hidden;\"><\/iframe><\/div>\t\t\t<div class=\"ead-document-loading\" style=\"width:100%;height:100%;position:absolute;left:0;top:0;z-index:10;\">\n\t\t\t\t<div class=\"ead-loading-wrap\">\n\t\t\t\t\t<div class=\"ead-loading-main\">\n\t\t\t\t\t\t<div class=\"ead-loading\">\n\t\t\t\t\t\t\t<img loading=\"lazy\" decoding=\"async\" src=\"http:\/\/muzikologijaff.si\/gmgm\/wp-content\/plugins\/embed-any-document\/images\/loading.svg\" width=\"55\" height=\"55\" alt=\"Loader\">\n\t\t\t\t\t\t\t<span>Loading...<\/span>\n\t\t\t\t\t\t<\/div>\n\t\t\t\t\t<\/div>\n\t\t\t\t\t<div class=\"ead-loading-foot\">\n\t\t\t\t\t\t<div class=\"ead-loading-foot-title\">\n\t\t\t\t\t\t\t<img loading=\"lazy\" decoding=\"async\" src=\"http:\/\/muzikologijaff.si\/gmgm\/wp-content\/plugins\/embed-any-document\/images\/EAD-logo.svg\" alt=\"EAD Logo\" width=\"36\" height=\"23\"\/>\n\t\t\t\t\t\t\t<span>Taking too long?<\/span>\n\t\t\t\t\t\t<\/div>\n\t\t\t\t\t\t<p>\n\t\t\t\t\t\t\t<div class=\"ead-document-btn ead-reload-btn\" role=\"button\">\n\t\t\t\t\t\t\t\t<img loading=\"lazy\" decoding=\"async\" src=\"http:\/\/muzikologijaff.si\/gmgm\/wp-content\/plugins\/embed-any-document\/images\/reload.svg\" alt=\"Reload\" width=\"12\" height=\"12\"\/> Reload document\t\t\t\t\t\t\t<\/div>\n\t\t\t\t\t\t\t<span>|<\/span>\n\t\t\t\t\t\t\t<a href=\"http:\/\/muzikologijaff.si\/gmgm\/wp-content\/uploads\/sites\/9\/2022\/03\/Boris_Grabnar_Feljton_1977-1.pdf\" class=\"ead-document-btn\" target=\"_blank\">\n\t\t\t\t\t\t\t\t<img loading=\"lazy\" decoding=\"async\" src=\"http:\/\/muzikologijaff.si\/gmgm\/wp-content\/plugins\/embed-any-document\/images\/open.svg\" alt=\"Open\" width=\"12\" height=\"12\"\/> Open in new tab\t\t\t\t\t\t\t<\/a>\n\t\t\t\t\t<\/div>\n\t\t\t\t<\/div>\n\t\t\t<\/div>\n\t\t<\/div><p class=\"embed_download\"><a href=\"http:\/\/muzikologijaff.si\/gmgm\/wp-content\/uploads\/sites\/9\/2022\/03\/Boris_Grabnar_Feljton_1977-1.pdf\" download>Nalo\u017ei * Download [11.45 MB] <\/a><\/p><\/div>\n<p>\/ Brez oznake zaporedne \u0161tevilke: Televizija prihaja v Slovenijo, \u017divljenje in tehnika, Tudi drugi \u010dlanki, RTV Ljubljana \u2013 novoletna izdaja Zavoda Radiotelevizija Ljubljana, ki jo polanja svojim poslu\u0161alcem in gledalcem (verjetno priloga \u010dasopisa Delo, brez navedbe letnice)<\/p>\n<p><strong>Datoteka:<\/strong> <a href=\"\/wp-content\/uploads\/sites\/7\/2022\/03\/RTV_priloga_1964.pdf\">RTV_priloga_1964<\/a><\/p>\n<div class=\"ead-preview\"><div class=\"ead-document\" style=\"position: relative;padding-top: 90%;\"><div class=\"ead-iframe-wrapper\"><iframe src=\"\/\/docs.google.com\/viewer?url=http%3A%2F%2Fmuzikologijaff.si%2Fgmgm%2Fwp-content%2Fuploads%2Fsites%2F9%2F2022%2F03%2FRTV_priloga_1964.pdf&amp;embedded=true&amp;hl=en\" title=\"Embedded Document\" class=\"ead-iframe\" style=\"width: 100%;height: 100%;border: none;position: absolute;left: 0;top: 0;visibility: hidden;\"><\/iframe><\/div>\t\t\t<div class=\"ead-document-loading\" style=\"width:100%;height:100%;position:absolute;left:0;top:0;z-index:10;\">\n\t\t\t\t<div class=\"ead-loading-wrap\">\n\t\t\t\t\t<div class=\"ead-loading-main\">\n\t\t\t\t\t\t<div class=\"ead-loading\">\n\t\t\t\t\t\t\t<img loading=\"lazy\" decoding=\"async\" src=\"http:\/\/muzikologijaff.si\/gmgm\/wp-content\/plugins\/embed-any-document\/images\/loading.svg\" width=\"55\" height=\"55\" alt=\"Loader\">\n\t\t\t\t\t\t\t<span>Loading...<\/span>\n\t\t\t\t\t\t<\/div>\n\t\t\t\t\t<\/div>\n\t\t\t\t\t<div class=\"ead-loading-foot\">\n\t\t\t\t\t\t<div class=\"ead-loading-foot-title\">\n\t\t\t\t\t\t\t<img loading=\"lazy\" decoding=\"async\" src=\"http:\/\/muzikologijaff.si\/gmgm\/wp-content\/plugins\/embed-any-document\/images\/EAD-logo.svg\" alt=\"EAD Logo\" width=\"36\" height=\"23\"\/>\n\t\t\t\t\t\t\t<span>Taking too long?<\/span>\n\t\t\t\t\t\t<\/div>\n\t\t\t\t\t\t<p>\n\t\t\t\t\t\t\t<div class=\"ead-document-btn ead-reload-btn\" role=\"button\">\n\t\t\t\t\t\t\t\t<img loading=\"lazy\" decoding=\"async\" src=\"http:\/\/muzikologijaff.si\/gmgm\/wp-content\/plugins\/embed-any-document\/images\/reload.svg\" alt=\"Reload\" width=\"12\" height=\"12\"\/> Reload document\t\t\t\t\t\t\t<\/div>\n\t\t\t\t\t\t\t<span>|<\/span>\n\t\t\t\t\t\t\t<a href=\"http:\/\/muzikologijaff.si\/gmgm\/wp-content\/uploads\/sites\/9\/2022\/03\/RTV_priloga_1964.pdf\" class=\"ead-document-btn\" target=\"_blank\">\n\t\t\t\t\t\t\t\t<img loading=\"lazy\" decoding=\"async\" src=\"http:\/\/muzikologijaff.si\/gmgm\/wp-content\/plugins\/embed-any-document\/images\/open.svg\" alt=\"Open\" width=\"12\" height=\"12\"\/> Open in new tab\t\t\t\t\t\t\t<\/a>\n\t\t\t\t\t<\/div>\n\t\t\t\t<\/div>\n\t\t\t<\/div>\n\t\t<\/div><p class=\"embed_download\"><a href=\"http:\/\/muzikologijaff.si\/gmgm\/wp-content\/uploads\/sites\/9\/2022\/03\/RTV_priloga_1964.pdf\" download>Nalo\u017ei * Download [10.58 MB] <\/a><\/p><\/div>\n<h2><span class=\"ez-toc-section\" id=\"SI_AS_1215_%E2%80%93_s_10\"><\/span>SI AS 1215 \u2013 \u0161. 10<span class=\"ez-toc-section-end\"><\/span><\/h2>\n<p>\/1 K sporedu tega tedna, Ve\u010d datotek, Sporo\u010dila \u2013 o\u010ditno za \u010dasopise, 13 strani<\/p>\n<p><strong>Datoteka: <\/strong><a href=\"http:\/\/muzikologijaff.si\/gmgm\/wp-content\/uploads\/sites\/9\/2022\/03\/K_sporedu_tega_tedna_1932-1.pdf\">K_sporedu_tega_tedna_1932<\/a><\/p>\n<div class=\"ead-preview\"><div class=\"ead-document\" style=\"position: relative;padding-top: 90%;\"><div class=\"ead-iframe-wrapper\"><iframe src=\"\/\/docs.google.com\/viewer?url=http%3A%2F%2Fmuzikologijaff.si%2Fgmgm%2Fwp-content%2Fuploads%2Fsites%2F9%2F2022%2F03%2FK_sporedu_tega_tedna_1932-1.pdf&amp;embedded=true&amp;hl=en\" title=\"Embedded Document\" class=\"ead-iframe\" style=\"width: 100%;height: 100%;border: none;position: absolute;left: 0;top: 0;visibility: hidden;\"><\/iframe><\/div>\t\t\t<div class=\"ead-document-loading\" style=\"width:100%;height:100%;position:absolute;left:0;top:0;z-index:10;\">\n\t\t\t\t<div class=\"ead-loading-wrap\">\n\t\t\t\t\t<div class=\"ead-loading-main\">\n\t\t\t\t\t\t<div class=\"ead-loading\">\n\t\t\t\t\t\t\t<img loading=\"lazy\" decoding=\"async\" src=\"http:\/\/muzikologijaff.si\/gmgm\/wp-content\/plugins\/embed-any-document\/images\/loading.svg\" width=\"55\" height=\"55\" alt=\"Loader\">\n\t\t\t\t\t\t\t<span>Loading...<\/span>\n\t\t\t\t\t\t<\/div>\n\t\t\t\t\t<\/div>\n\t\t\t\t\t<div class=\"ead-loading-foot\">\n\t\t\t\t\t\t<div class=\"ead-loading-foot-title\">\n\t\t\t\t\t\t\t<img loading=\"lazy\" decoding=\"async\" src=\"http:\/\/muzikologijaff.si\/gmgm\/wp-content\/plugins\/embed-any-document\/images\/EAD-logo.svg\" alt=\"EAD Logo\" width=\"36\" height=\"23\"\/>\n\t\t\t\t\t\t\t<span>Taking too long?<\/span>\n\t\t\t\t\t\t<\/div>\n\t\t\t\t\t\t<p>\n\t\t\t\t\t\t\t<div class=\"ead-document-btn ead-reload-btn\" role=\"button\">\n\t\t\t\t\t\t\t\t<img loading=\"lazy\" decoding=\"async\" src=\"http:\/\/muzikologijaff.si\/gmgm\/wp-content\/plugins\/embed-any-document\/images\/reload.svg\" alt=\"Reload\" width=\"12\" height=\"12\"\/> Reload document\t\t\t\t\t\t\t<\/div>\n\t\t\t\t\t\t\t<span>|<\/span>\n\t\t\t\t\t\t\t<a href=\"http:\/\/muzikologijaff.si\/gmgm\/wp-content\/uploads\/sites\/9\/2022\/03\/K_sporedu_tega_tedna_1932-1.pdf\" class=\"ead-document-btn\" target=\"_blank\">\n\t\t\t\t\t\t\t\t<img loading=\"lazy\" decoding=\"async\" src=\"http:\/\/muzikologijaff.si\/gmgm\/wp-content\/plugins\/embed-any-document\/images\/open.svg\" alt=\"Open\" width=\"12\" height=\"12\"\/> Open in new tab\t\t\t\t\t\t\t<\/a>\n\t\t\t\t\t<\/div>\n\t\t\t\t<\/div>\n\t\t\t<\/div>\n\t\t<\/div><p class=\"embed_download\"><a href=\"http:\/\/muzikologijaff.si\/gmgm\/wp-content\/uploads\/sites\/9\/2022\/03\/K_sporedu_tega_tedna_1932-1.pdf\" download>Nalo\u017ei * Download [11.65 MB] <\/a><\/p><\/div>\n<p>\/2 &#8211; Radijski prospekt za leto 1937<\/p>\n<p><strong>Datoteka: <\/strong><a href=\"\/wp-content\/uploads\/sites\/7\/2022\/03\/Radijski_prospekt_1937.pdf\">Radijski_prospekt_1937<\/a><\/p>\n<div class=\"ead-preview\"><div class=\"ead-document\" style=\"position: relative;padding-top: 90%;\"><div class=\"ead-iframe-wrapper\"><iframe src=\"\/\/docs.google.com\/viewer?url=http%3A%2F%2Fmuzikologijaff.si%2Fgmgm%2Fwp-content%2Fuploads%2Fsites%2F9%2F2022%2F03%2FRadijski_prospekt_1937.pdf&amp;embedded=true&amp;hl=en\" title=\"Embedded Document\" class=\"ead-iframe\" style=\"width: 100%;height: 100%;border: none;position: absolute;left: 0;top: 0;visibility: hidden;\"><\/iframe><\/div>\t\t\t<div class=\"ead-document-loading\" style=\"width:100%;height:100%;position:absolute;left:0;top:0;z-index:10;\">\n\t\t\t\t<div class=\"ead-loading-wrap\">\n\t\t\t\t\t<div class=\"ead-loading-main\">\n\t\t\t\t\t\t<div class=\"ead-loading\">\n\t\t\t\t\t\t\t<img loading=\"lazy\" decoding=\"async\" src=\"http:\/\/muzikologijaff.si\/gmgm\/wp-content\/plugins\/embed-any-document\/images\/loading.svg\" width=\"55\" height=\"55\" alt=\"Loader\">\n\t\t\t\t\t\t\t<span>Loading...<\/span>\n\t\t\t\t\t\t<\/div>\n\t\t\t\t\t<\/div>\n\t\t\t\t\t<div class=\"ead-loading-foot\">\n\t\t\t\t\t\t<div class=\"ead-loading-foot-title\">\n\t\t\t\t\t\t\t<img loading=\"lazy\" decoding=\"async\" src=\"http:\/\/muzikologijaff.si\/gmgm\/wp-content\/plugins\/embed-any-document\/images\/EAD-logo.svg\" alt=\"EAD Logo\" width=\"36\" height=\"23\"\/>\n\t\t\t\t\t\t\t<span>Taking too long?<\/span>\n\t\t\t\t\t\t<\/div>\n\t\t\t\t\t\t<p>\n\t\t\t\t\t\t\t<div class=\"ead-document-btn ead-reload-btn\" role=\"button\">\n\t\t\t\t\t\t\t\t<img loading=\"lazy\" decoding=\"async\" src=\"http:\/\/muzikologijaff.si\/gmgm\/wp-content\/plugins\/embed-any-document\/images\/reload.svg\" alt=\"Reload\" width=\"12\" height=\"12\"\/> Reload document\t\t\t\t\t\t\t<\/div>\n\t\t\t\t\t\t\t<span>|<\/span>\n\t\t\t\t\t\t\t<a href=\"http:\/\/muzikologijaff.si\/gmgm\/wp-content\/uploads\/sites\/9\/2022\/03\/Radijski_prospekt_1937.pdf\" class=\"ead-document-btn\" target=\"_blank\">\n\t\t\t\t\t\t\t\t<img loading=\"lazy\" decoding=\"async\" src=\"http:\/\/muzikologijaff.si\/gmgm\/wp-content\/plugins\/embed-any-document\/images\/open.svg\" alt=\"Open\" width=\"12\" height=\"12\"\/> Open in new tab\t\t\t\t\t\t\t<\/a>\n\t\t\t\t\t<\/div>\n\t\t\t\t<\/div>\n\t\t\t<\/div>\n\t\t<\/div><p class=\"embed_download\"><a href=\"http:\/\/muzikologijaff.si\/gmgm\/wp-content\/uploads\/sites\/9\/2022\/03\/Radijski_prospekt_1937.pdf\" download>Nalo\u017ei * Download [2.06 MB] <\/a><\/p><\/div>\n<p>\/5 \u00a0Spored \u2013 13. 20. april 1941<\/p>\n<p><strong>Datoteka: <\/strong><a href=\"\/wp-content\/uploads\/sites\/7\/2022\/03\/Spored_april_1941.pdf\">Spored_april_1941<\/a><\/p>\n<div class=\"ead-preview\"><div class=\"ead-document\" style=\"position: relative;padding-top: 90%;\"><div class=\"ead-iframe-wrapper\"><iframe src=\"\/\/docs.google.com\/viewer?url=http%3A%2F%2Fmuzikologijaff.si%2Fgmgm%2Fwp-content%2Fuploads%2Fsites%2F9%2F2022%2F03%2FSpored_april_1941.pdf&amp;embedded=true&amp;hl=en\" title=\"Embedded Document\" class=\"ead-iframe\" style=\"width: 100%;height: 100%;border: none;position: absolute;left: 0;top: 0;visibility: hidden;\"><\/iframe><\/div>\t\t\t<div class=\"ead-document-loading\" style=\"width:100%;height:100%;position:absolute;left:0;top:0;z-index:10;\">\n\t\t\t\t<div class=\"ead-loading-wrap\">\n\t\t\t\t\t<div class=\"ead-loading-main\">\n\t\t\t\t\t\t<div class=\"ead-loading\">\n\t\t\t\t\t\t\t<img loading=\"lazy\" decoding=\"async\" src=\"http:\/\/muzikologijaff.si\/gmgm\/wp-content\/plugins\/embed-any-document\/images\/loading.svg\" width=\"55\" height=\"55\" alt=\"Loader\">\n\t\t\t\t\t\t\t<span>Loading...<\/span>\n\t\t\t\t\t\t<\/div>\n\t\t\t\t\t<\/div>\n\t\t\t\t\t<div class=\"ead-loading-foot\">\n\t\t\t\t\t\t<div class=\"ead-loading-foot-title\">\n\t\t\t\t\t\t\t<img loading=\"lazy\" decoding=\"async\" src=\"http:\/\/muzikologijaff.si\/gmgm\/wp-content\/plugins\/embed-any-document\/images\/EAD-logo.svg\" alt=\"EAD Logo\" width=\"36\" height=\"23\"\/>\n\t\t\t\t\t\t\t<span>Taking too long?<\/span>\n\t\t\t\t\t\t<\/div>\n\t\t\t\t\t\t<p>\n\t\t\t\t\t\t\t<div class=\"ead-document-btn ead-reload-btn\" role=\"button\">\n\t\t\t\t\t\t\t\t<img loading=\"lazy\" decoding=\"async\" src=\"http:\/\/muzikologijaff.si\/gmgm\/wp-content\/plugins\/embed-any-document\/images\/reload.svg\" alt=\"Reload\" width=\"12\" height=\"12\"\/> Reload document\t\t\t\t\t\t\t<\/div>\n\t\t\t\t\t\t\t<span>|<\/span>\n\t\t\t\t\t\t\t<a href=\"http:\/\/muzikologijaff.si\/gmgm\/wp-content\/uploads\/sites\/9\/2022\/03\/Spored_april_1941.pdf\" class=\"ead-document-btn\" target=\"_blank\">\n\t\t\t\t\t\t\t\t<img loading=\"lazy\" decoding=\"async\" src=\"http:\/\/muzikologijaff.si\/gmgm\/wp-content\/plugins\/embed-any-document\/images\/open.svg\" alt=\"Open\" width=\"12\" height=\"12\"\/> Open in new tab\t\t\t\t\t\t\t<\/a>\n\t\t\t\t\t<\/div>\n\t\t\t\t<\/div>\n\t\t\t<\/div>\n\t\t<\/div><p class=\"embed_download\"><a href=\"http:\/\/muzikologijaff.si\/gmgm\/wp-content\/uploads\/sites\/9\/2022\/03\/Spored_april_1941.pdf\" download>Nalo\u017ei * Download [5.29 MB] <\/a><\/p><\/div>\n<p>\/ sledi nekaj dokumentov brez ozna\u010denga ovitka<\/p>\n<ul>\n<li>Spored, Mladinska ura<\/li>\n<li>Na\u010drt za novo revijo \u2013 rokopis<\/li>\n<li>Oddaja Pisani ve\u010deri<\/li>\n<li>Plan dela \u2013 rokopis, datum brez letnice<\/li>\n<li>Niko Kuret: Mladinske in zabavne oddaje, 1940 \u2013 1941<\/li>\n<li>Spored<\/li>\n<\/ul>\n<p><strong>Datoteka: <\/strong>Spored<\/p>\n<p><div class=\"ead-preview\"><div class=\"ead-document\" style=\"position: relative;padding-top: 90%;\"><div class=\"ead-iframe-wrapper\"><iframe src=\"\/\/docs.google.com\/viewer?url=http%3A%2F%2Fmuzikologijaff.si%2Fgmgm%2Fwp-content%2Fuploads%2Fsites%2F9%2F2022%2F03%2FNovoletna_prireditev_1936.pdf&amp;embedded=true&amp;hl=en\" title=\"Embedded Document\" class=\"ead-iframe\" style=\"width: 100%;height: 100%;border: none;position: absolute;left: 0;top: 0;visibility: hidden;\"><\/iframe><\/div>\t\t\t<div class=\"ead-document-loading\" style=\"width:100%;height:100%;position:absolute;left:0;top:0;z-index:10;\">\n\t\t\t\t<div class=\"ead-loading-wrap\">\n\t\t\t\t\t<div class=\"ead-loading-main\">\n\t\t\t\t\t\t<div class=\"ead-loading\">\n\t\t\t\t\t\t\t<img loading=\"lazy\" decoding=\"async\" src=\"http:\/\/muzikologijaff.si\/gmgm\/wp-content\/plugins\/embed-any-document\/images\/loading.svg\" width=\"55\" height=\"55\" alt=\"Loader\">\n\t\t\t\t\t\t\t<span>Loading...<\/span>\n\t\t\t\t\t\t<\/div>\n\t\t\t\t\t<\/div>\n\t\t\t\t\t<div class=\"ead-loading-foot\">\n\t\t\t\t\t\t<div class=\"ead-loading-foot-title\">\n\t\t\t\t\t\t\t<img loading=\"lazy\" decoding=\"async\" src=\"http:\/\/muzikologijaff.si\/gmgm\/wp-content\/plugins\/embed-any-document\/images\/EAD-logo.svg\" alt=\"EAD Logo\" width=\"36\" height=\"23\"\/>\n\t\t\t\t\t\t\t<span>Taking too long?<\/span>\n\t\t\t\t\t\t<\/div>\n\t\t\t\t\t\t<p>\n\t\t\t\t\t\t\t<div class=\"ead-document-btn ead-reload-btn\" role=\"button\">\n\t\t\t\t\t\t\t\t<img loading=\"lazy\" decoding=\"async\" src=\"http:\/\/muzikologijaff.si\/gmgm\/wp-content\/plugins\/embed-any-document\/images\/reload.svg\" alt=\"Reload\" width=\"12\" height=\"12\"\/> Reload document\t\t\t\t\t\t\t<\/div>\n\t\t\t\t\t\t\t<span>|<\/span>\n\t\t\t\t\t\t\t<a href=\"http:\/\/muzikologijaff.si\/gmgm\/wp-content\/uploads\/sites\/9\/2022\/03\/Novoletna_prireditev_1936.pdf\" class=\"ead-document-btn\" target=\"_blank\">\n\t\t\t\t\t\t\t\t<img loading=\"lazy\" decoding=\"async\" src=\"http:\/\/muzikologijaff.si\/gmgm\/wp-content\/plugins\/embed-any-document\/images\/open.svg\" alt=\"Open\" width=\"12\" height=\"12\"\/> Open in new tab\t\t\t\t\t\t\t<\/a>\n\t\t\t\t\t<\/div>\n\t\t\t\t<\/div>\n\t\t\t<\/div>\n\t\t<\/div><p class=\"embed_download\"><a href=\"http:\/\/muzikologijaff.si\/gmgm\/wp-content\/uploads\/sites\/9\/2022\/03\/Novoletna_prireditev_1936.pdf\" download>Nalo\u017ei * Download [393.19 KB] <\/a><\/p><\/div> download=&#8221;all&#8221; viewer=&#8221;google&#8221;]<\/p>\n<p>\/5 (ponovno \u0161tevilka 5): <span style=\"font-size: 1rem\">Glasbeni pisani ve\u010deri<\/span><\/p>\n<p><strong>Datoteka: <\/strong><a href=\"http:\/\/muzikologijaff.si\/gmgm\/wp-content\/uploads\/sites\/9\/2022\/03\/Ansambli_za_Pisane_vecere-1.pdf\">Ansambli_za_Pisane_vecere<\/a><\/p>\n<div class=\"ead-preview\"><div class=\"ead-document\" style=\"position: relative;padding-top: 90%;\"><div class=\"ead-iframe-wrapper\"><iframe src=\"\/\/docs.google.com\/viewer?url=http%3A%2F%2Fmuzikologijaff.si%2Fgmgm%2Fwp-content%2Fuploads%2Fsites%2F9%2F2022%2F03%2FAnsambli_za_Pisane_vecere-1.pdf&amp;embedded=true&amp;hl=en\" title=\"Embedded Document\" class=\"ead-iframe\" style=\"width: 100%;height: 100%;border: none;position: absolute;left: 0;top: 0;visibility: hidden;\"><\/iframe><\/div>\t\t\t<div class=\"ead-document-loading\" style=\"width:100%;height:100%;position:absolute;left:0;top:0;z-index:10;\">\n\t\t\t\t<div class=\"ead-loading-wrap\">\n\t\t\t\t\t<div class=\"ead-loading-main\">\n\t\t\t\t\t\t<div class=\"ead-loading\">\n\t\t\t\t\t\t\t<img loading=\"lazy\" decoding=\"async\" src=\"http:\/\/muzikologijaff.si\/gmgm\/wp-content\/plugins\/embed-any-document\/images\/loading.svg\" width=\"55\" height=\"55\" alt=\"Loader\">\n\t\t\t\t\t\t\t<span>Loading...<\/span>\n\t\t\t\t\t\t<\/div>\n\t\t\t\t\t<\/div>\n\t\t\t\t\t<div class=\"ead-loading-foot\">\n\t\t\t\t\t\t<div class=\"ead-loading-foot-title\">\n\t\t\t\t\t\t\t<img loading=\"lazy\" decoding=\"async\" src=\"http:\/\/muzikologijaff.si\/gmgm\/wp-content\/plugins\/embed-any-document\/images\/EAD-logo.svg\" alt=\"EAD Logo\" width=\"36\" height=\"23\"\/>\n\t\t\t\t\t\t\t<span>Taking too long?<\/span>\n\t\t\t\t\t\t<\/div>\n\t\t\t\t\t\t<p>\n\t\t\t\t\t\t\t<div class=\"ead-document-btn ead-reload-btn\" role=\"button\">\n\t\t\t\t\t\t\t\t<img loading=\"lazy\" decoding=\"async\" src=\"http:\/\/muzikologijaff.si\/gmgm\/wp-content\/plugins\/embed-any-document\/images\/reload.svg\" alt=\"Reload\" width=\"12\" height=\"12\"\/> Reload document\t\t\t\t\t\t\t<\/div>\n\t\t\t\t\t\t\t<span>|<\/span>\n\t\t\t\t\t\t\t<a href=\"http:\/\/muzikologijaff.si\/gmgm\/wp-content\/uploads\/sites\/9\/2022\/03\/Ansambli_za_Pisane_vecere-1.pdf\" class=\"ead-document-btn\" target=\"_blank\">\n\t\t\t\t\t\t\t\t<img loading=\"lazy\" decoding=\"async\" src=\"http:\/\/muzikologijaff.si\/gmgm\/wp-content\/plugins\/embed-any-document\/images\/open.svg\" alt=\"Open\" width=\"12\" height=\"12\"\/> Open in new tab\t\t\t\t\t\t\t<\/a>\n\t\t\t\t\t<\/div>\n\t\t\t\t<\/div>\n\t\t\t<\/div>\n\t\t<\/div><p class=\"embed_download\"><a href=\"http:\/\/muzikologijaff.si\/gmgm\/wp-content\/uploads\/sites\/9\/2022\/03\/Ansambli_za_Pisane_vecere-1.pdf\" download>Nalo\u017ei * Download [1.55 MB] <\/a><\/p><\/div>\n<p>\/<span style=\"font-size: 1rem\">Novoletna prireditev v Hotelu Union (31. 12. 1936)<\/span><\/p>\n<p><strong>Datoteka: <\/strong><a href=\"http:\/\/muzikologijaff.si\/gmgm\/wp-content\/uploads\/sites\/9\/2022\/03\/Novoletna_prireditev_1936.pdf\">Novoletna_prireditev_1936<\/a><\/p>\n<div class=\"ead-preview\"><div class=\"ead-document\" style=\"position: relative;padding-top: 90%;\"><div class=\"ead-iframe-wrapper\"><iframe src=\"\/\/docs.google.com\/viewer?url=http%3A%2F%2Fmuzikologijaff.si%2Fgmgm%2Fwp-content%2Fuploads%2Fsites%2F9%2F2022%2F03%2FNovoletna_prireditev_1936.pdf&amp;embedded=true&amp;hl=en\" title=\"Embedded Document\" class=\"ead-iframe\" style=\"width: 100%;height: 100%;border: none;position: absolute;left: 0;top: 0;visibility: hidden;\"><\/iframe><\/div>\t\t\t<div class=\"ead-document-loading\" style=\"width:100%;height:100%;position:absolute;left:0;top:0;z-index:10;\">\n\t\t\t\t<div class=\"ead-loading-wrap\">\n\t\t\t\t\t<div class=\"ead-loading-main\">\n\t\t\t\t\t\t<div class=\"ead-loading\">\n\t\t\t\t\t\t\t<img loading=\"lazy\" decoding=\"async\" src=\"http:\/\/muzikologijaff.si\/gmgm\/wp-content\/plugins\/embed-any-document\/images\/loading.svg\" width=\"55\" height=\"55\" alt=\"Loader\">\n\t\t\t\t\t\t\t<span>Loading...<\/span>\n\t\t\t\t\t\t<\/div>\n\t\t\t\t\t<\/div>\n\t\t\t\t\t<div class=\"ead-loading-foot\">\n\t\t\t\t\t\t<div class=\"ead-loading-foot-title\">\n\t\t\t\t\t\t\t<img loading=\"lazy\" decoding=\"async\" src=\"http:\/\/muzikologijaff.si\/gmgm\/wp-content\/plugins\/embed-any-document\/images\/EAD-logo.svg\" alt=\"EAD Logo\" width=\"36\" height=\"23\"\/>\n\t\t\t\t\t\t\t<span>Taking too long?<\/span>\n\t\t\t\t\t\t<\/div>\n\t\t\t\t\t\t<p>\n\t\t\t\t\t\t\t<div class=\"ead-document-btn ead-reload-btn\" role=\"button\">\n\t\t\t\t\t\t\t\t<img loading=\"lazy\" decoding=\"async\" src=\"http:\/\/muzikologijaff.si\/gmgm\/wp-content\/plugins\/embed-any-document\/images\/reload.svg\" alt=\"Reload\" width=\"12\" height=\"12\"\/> Reload document\t\t\t\t\t\t\t<\/div>\n\t\t\t\t\t\t\t<span>|<\/span>\n\t\t\t\t\t\t\t<a href=\"http:\/\/muzikologijaff.si\/gmgm\/wp-content\/uploads\/sites\/9\/2022\/03\/Novoletna_prireditev_1936.pdf\" class=\"ead-document-btn\" target=\"_blank\">\n\t\t\t\t\t\t\t\t<img loading=\"lazy\" decoding=\"async\" src=\"http:\/\/muzikologijaff.si\/gmgm\/wp-content\/plugins\/embed-any-document\/images\/open.svg\" alt=\"Open\" width=\"12\" height=\"12\"\/> Open in new tab\t\t\t\t\t\t\t<\/a>\n\t\t\t\t\t<\/div>\n\t\t\t\t<\/div>\n\t\t\t<\/div>\n\t\t<\/div><p class=\"embed_download\"><a href=\"http:\/\/muzikologijaff.si\/gmgm\/wp-content\/uploads\/sites\/9\/2022\/03\/Novoletna_prireditev_1936.pdf\" download>Nalo\u017ei * Download [393.19 KB] <\/a><\/p><\/div>\n<h2><span class=\"ez-toc-section\" id=\"SI_AS_1215_%E2%80%93_s_14\"><\/span>SI AS 1215 \u2013 \u0161. 14<span class=\"ez-toc-section-end\"><\/span><\/h2>\n<p>\/2 Osnutki za kroniko Radia Maribor v letih 1945 do 1950. Maribor, 13. avgust 1963, brez avtorja<\/p>\n<p><strong>Datoteka: <\/strong><a href=\"http:\/\/muzikologijaff.si\/gmgm\/wp-content\/uploads\/sites\/9\/2022\/03\/Osnutki_za_kroniko_1963.pdf\">Osnutki_za_kroniko_1963<\/a><\/p>\n<div class=\"ead-preview\"><div class=\"ead-document\" style=\"position: relative;padding-top: 90%;\"><div class=\"ead-iframe-wrapper\"><iframe src=\"\/\/docs.google.com\/viewer?url=http%3A%2F%2Fmuzikologijaff.si%2Fgmgm%2Fwp-content%2Fuploads%2Fsites%2F9%2F2022%2F03%2FOsnutki_za_kroniko_1963.pdf&amp;embedded=true&amp;hl=en\" title=\"Embedded Document\" class=\"ead-iframe\" style=\"width: 100%;height: 100%;border: none;position: absolute;left: 0;top: 0;visibility: hidden;\"><\/iframe><\/div>\t\t\t<div class=\"ead-document-loading\" style=\"width:100%;height:100%;position:absolute;left:0;top:0;z-index:10;\">\n\t\t\t\t<div class=\"ead-loading-wrap\">\n\t\t\t\t\t<div class=\"ead-loading-main\">\n\t\t\t\t\t\t<div class=\"ead-loading\">\n\t\t\t\t\t\t\t<img loading=\"lazy\" decoding=\"async\" src=\"http:\/\/muzikologijaff.si\/gmgm\/wp-content\/plugins\/embed-any-document\/images\/loading.svg\" width=\"55\" height=\"55\" alt=\"Loader\">\n\t\t\t\t\t\t\t<span>Loading...<\/span>\n\t\t\t\t\t\t<\/div>\n\t\t\t\t\t<\/div>\n\t\t\t\t\t<div class=\"ead-loading-foot\">\n\t\t\t\t\t\t<div class=\"ead-loading-foot-title\">\n\t\t\t\t\t\t\t<img loading=\"lazy\" decoding=\"async\" src=\"http:\/\/muzikologijaff.si\/gmgm\/wp-content\/plugins\/embed-any-document\/images\/EAD-logo.svg\" alt=\"EAD Logo\" width=\"36\" height=\"23\"\/>\n\t\t\t\t\t\t\t<span>Taking too long?<\/span>\n\t\t\t\t\t\t<\/div>\n\t\t\t\t\t\t<p>\n\t\t\t\t\t\t\t<div class=\"ead-document-btn ead-reload-btn\" role=\"button\">\n\t\t\t\t\t\t\t\t<img loading=\"lazy\" decoding=\"async\" src=\"http:\/\/muzikologijaff.si\/gmgm\/wp-content\/plugins\/embed-any-document\/images\/reload.svg\" alt=\"Reload\" width=\"12\" height=\"12\"\/> Reload document\t\t\t\t\t\t\t<\/div>\n\t\t\t\t\t\t\t<span>|<\/span>\n\t\t\t\t\t\t\t<a href=\"http:\/\/muzikologijaff.si\/gmgm\/wp-content\/uploads\/sites\/9\/2022\/03\/Osnutki_za_kroniko_1963.pdf\" class=\"ead-document-btn\" target=\"_blank\">\n\t\t\t\t\t\t\t\t<img loading=\"lazy\" decoding=\"async\" src=\"http:\/\/muzikologijaff.si\/gmgm\/wp-content\/plugins\/embed-any-document\/images\/open.svg\" alt=\"Open\" width=\"12\" height=\"12\"\/> Open in new tab\t\t\t\t\t\t\t<\/a>\n\t\t\t\t\t<\/div>\n\t\t\t\t<\/div>\n\t\t\t<\/div>\n\t\t<\/div><p class=\"embed_download\"><a href=\"http:\/\/muzikologijaff.si\/gmgm\/wp-content\/uploads\/sites\/9\/2022\/03\/Osnutki_za_kroniko_1963.pdf\" download>Nalo\u017ei * Download [3.87 MB] <\/a><\/p><\/div>\n<p>\/3 Jo\u017ee Ku\u0161ar: Radio Maribor v razvoju RTV dejavnosti v Sloveniji. Maribor, 1. oktober 1966, (diplomsko delo?). V ovitku st dva izvoda<\/p>\n<p><strong>Datumi:<\/strong><a href=\"http:\/\/muzikologijaff.si\/gmgm\/wp-content\/uploads\/sites\/9\/2022\/03\/Joze_Kusar_Radio_Maribor.pdf\"> Joze_Kusar_Radio_Maribor<\/a><\/p>\n<div class=\"ead-preview\"><div class=\"ead-document\" style=\"position: relative;padding-top: 90%;\"><div class=\"ead-iframe-wrapper\"><iframe src=\"\/\/docs.google.com\/viewer?url=http%3A%2F%2Fmuzikologijaff.si%2Fgmgm%2Fwp-content%2Fuploads%2Fsites%2F9%2F2022%2F03%2FJoze_Kusar_Radio_Maribor.pdf&amp;embedded=true&amp;hl=en\" title=\"Embedded Document\" class=\"ead-iframe\" style=\"width: 100%;height: 100%;border: none;position: absolute;left: 0;top: 0;visibility: hidden;\"><\/iframe><\/div>\t\t\t<div class=\"ead-document-loading\" style=\"width:100%;height:100%;position:absolute;left:0;top:0;z-index:10;\">\n\t\t\t\t<div class=\"ead-loading-wrap\">\n\t\t\t\t\t<div class=\"ead-loading-main\">\n\t\t\t\t\t\t<div class=\"ead-loading\">\n\t\t\t\t\t\t\t<img loading=\"lazy\" decoding=\"async\" src=\"http:\/\/muzikologijaff.si\/gmgm\/wp-content\/plugins\/embed-any-document\/images\/loading.svg\" width=\"55\" height=\"55\" alt=\"Loader\">\n\t\t\t\t\t\t\t<span>Loading...<\/span>\n\t\t\t\t\t\t<\/div>\n\t\t\t\t\t<\/div>\n\t\t\t\t\t<div class=\"ead-loading-foot\">\n\t\t\t\t\t\t<div class=\"ead-loading-foot-title\">\n\t\t\t\t\t\t\t<img loading=\"lazy\" decoding=\"async\" src=\"http:\/\/muzikologijaff.si\/gmgm\/wp-content\/plugins\/embed-any-document\/images\/EAD-logo.svg\" alt=\"EAD Logo\" width=\"36\" height=\"23\"\/>\n\t\t\t\t\t\t\t<span>Taking too long?<\/span>\n\t\t\t\t\t\t<\/div>\n\t\t\t\t\t\t<p>\n\t\t\t\t\t\t\t<div class=\"ead-document-btn ead-reload-btn\" role=\"button\">\n\t\t\t\t\t\t\t\t<img loading=\"lazy\" decoding=\"async\" src=\"http:\/\/muzikologijaff.si\/gmgm\/wp-content\/plugins\/embed-any-document\/images\/reload.svg\" alt=\"Reload\" width=\"12\" height=\"12\"\/> Reload document\t\t\t\t\t\t\t<\/div>\n\t\t\t\t\t\t\t<span>|<\/span>\n\t\t\t\t\t\t\t<a href=\"http:\/\/muzikologijaff.si\/gmgm\/wp-content\/uploads\/sites\/9\/2022\/03\/Joze_Kusar_Radio_Maribor.pdf\" class=\"ead-document-btn\" target=\"_blank\">\n\t\t\t\t\t\t\t\t<img loading=\"lazy\" decoding=\"async\" src=\"http:\/\/muzikologijaff.si\/gmgm\/wp-content\/plugins\/embed-any-document\/images\/open.svg\" alt=\"Open\" width=\"12\" height=\"12\"\/> Open in new tab\t\t\t\t\t\t\t<\/a>\n\t\t\t\t\t<\/div>\n\t\t\t\t<\/div>\n\t\t\t<\/div>\n\t\t<\/div><p class=\"embed_download\"><a href=\"http:\/\/muzikologijaff.si\/gmgm\/wp-content\/uploads\/sites\/9\/2022\/03\/Joze_Kusar_Radio_Maribor.pdf\" download>Nalo\u017ei * Download [2.49 MB] <\/a><\/p><\/div>\n<p>\/4 Mesto in vloga Radia Maribor za razvoj RTV dejavnosti v Sloveniji. Dokument ima 46 strani. Vsebuje pregled mariborskih ustanov, prireditev, dopisnike in vrsto drugih podatkov. Skopiral sem:<\/p>\n<ul>\n<li>Osnovne ugotovitve analize in<\/li>\n<li>&#8211; programska slu\u017eba<\/li>\n<\/ul>\n<p>V dokumentih je nekaj govora o glasbi in programske zvrsti v minutah.<\/p>\n<p><strong>Datoteka: <\/strong><a href=\"http:\/\/muzikologijaff.si\/gmgm\/wp-content\/uploads\/sites\/9\/2022\/03\/Mesto_in_vloga_RA_MB_za_razvoj_RTV_dejavnosti_v_Sloveniji.pdf\">Mesto_in_vloga_RA_MB_za_razvoj_RTV_dejavnosti_v_Sloveniji<\/a><\/p>\n<div class=\"ead-preview\"><div class=\"ead-document\" style=\"position: relative;padding-top: 90%;\"><div class=\"ead-iframe-wrapper\"><iframe src=\"\/\/docs.google.com\/viewer?url=http%3A%2F%2Fmuzikologijaff.si%2Fgmgm%2Fwp-content%2Fuploads%2Fsites%2F9%2F2022%2F03%2FMesto_in_vloga_RA_MB_za_razvoj_RTV_dejavnosti_v_Sloveniji.pdf&amp;embedded=true&amp;hl=en\" title=\"Embedded Document\" class=\"ead-iframe\" style=\"width: 100%;height: 100%;border: none;position: absolute;left: 0;top: 0;visibility: hidden;\"><\/iframe><\/div>\t\t\t<div class=\"ead-document-loading\" style=\"width:100%;height:100%;position:absolute;left:0;top:0;z-index:10;\">\n\t\t\t\t<div class=\"ead-loading-wrap\">\n\t\t\t\t\t<div class=\"ead-loading-main\">\n\t\t\t\t\t\t<div class=\"ead-loading\">\n\t\t\t\t\t\t\t<img loading=\"lazy\" decoding=\"async\" src=\"http:\/\/muzikologijaff.si\/gmgm\/wp-content\/plugins\/embed-any-document\/images\/loading.svg\" width=\"55\" height=\"55\" alt=\"Loader\">\n\t\t\t\t\t\t\t<span>Loading...<\/span>\n\t\t\t\t\t\t<\/div>\n\t\t\t\t\t<\/div>\n\t\t\t\t\t<div class=\"ead-loading-foot\">\n\t\t\t\t\t\t<div class=\"ead-loading-foot-title\">\n\t\t\t\t\t\t\t<img loading=\"lazy\" decoding=\"async\" src=\"http:\/\/muzikologijaff.si\/gmgm\/wp-content\/plugins\/embed-any-document\/images\/EAD-logo.svg\" alt=\"EAD Logo\" width=\"36\" height=\"23\"\/>\n\t\t\t\t\t\t\t<span>Taking too long?<\/span>\n\t\t\t\t\t\t<\/div>\n\t\t\t\t\t\t<p>\n\t\t\t\t\t\t\t<div class=\"ead-document-btn ead-reload-btn\" role=\"button\">\n\t\t\t\t\t\t\t\t<img loading=\"lazy\" decoding=\"async\" src=\"http:\/\/muzikologijaff.si\/gmgm\/wp-content\/plugins\/embed-any-document\/images\/reload.svg\" alt=\"Reload\" width=\"12\" height=\"12\"\/> Reload document\t\t\t\t\t\t\t<\/div>\n\t\t\t\t\t\t\t<span>|<\/span>\n\t\t\t\t\t\t\t<a href=\"http:\/\/muzikologijaff.si\/gmgm\/wp-content\/uploads\/sites\/9\/2022\/03\/Mesto_in_vloga_RA_MB_za_razvoj_RTV_dejavnosti_v_Sloveniji.pdf\" class=\"ead-document-btn\" target=\"_blank\">\n\t\t\t\t\t\t\t\t<img loading=\"lazy\" decoding=\"async\" src=\"http:\/\/muzikologijaff.si\/gmgm\/wp-content\/plugins\/embed-any-document\/images\/open.svg\" alt=\"Open\" width=\"12\" height=\"12\"\/> Open in new tab\t\t\t\t\t\t\t<\/a>\n\t\t\t\t\t<\/div>\n\t\t\t\t<\/div>\n\t\t\t<\/div>\n\t\t<\/div><p class=\"embed_download\"><a href=\"http:\/\/muzikologijaff.si\/gmgm\/wp-content\/uploads\/sites\/9\/2022\/03\/Mesto_in_vloga_RA_MB_za_razvoj_RTV_dejavnosti_v_Sloveniji.pdf\" download>Nalo\u017ei * Download [4.63 MB] <\/a><\/p><\/div>\n<ul>\n<li>\/5 Poro\u010dila o delu Radia Maribor za l. 1964, 1969, 1971 in 1973. Avtor: Jo\u017ee Ku\u0161ar, l. 1965 je bil upravnik, kasneje pa direktor Radia Maribor. Iz poro\u010dil sem vzel glasbeno dejavnost radia v omenjenih letih.<\/li>\n<li>Prvo poro\u010dilo je datirano 9. februar 1965<\/li>\n<li>Drugo poro\u010dilo 12. marec 1970<\/li>\n<li>Tretji dokument 25. marec 1972<\/li>\n<li>\u010cetrti dokument 12. april 1974<\/li>\n<\/ul>\n<p>Za la\u017eje pregledovanje sem datoteke vse zdru\u017eil v eno<\/p>\n<p><strong>Datoteka: <\/strong><a href=\"http:\/\/muzikologijaff.si\/gmgm\/wp-content\/uploads\/sites\/9\/2022\/03\/Joze_Kusar_porocila_o_delu_Radia_Maribor_Skupaj-1.pdf\">Joze_Kusar_porocila_o_delu_Radia_Maribor_Skupaj<\/a><\/p>\n<div class=\"ead-preview\"><div class=\"ead-document\" style=\"position: relative;padding-top: 90%;\"><div class=\"ead-iframe-wrapper\"><iframe src=\"\/\/docs.google.com\/viewer?url=http%3A%2F%2Fmuzikologijaff.si%2Fgmgm%2Fwp-content%2Fuploads%2Fsites%2F9%2F2022%2F03%2FJoze_Kusar_porocila_o_delu_Radia_Maribor_Skupaj-1.pdf&amp;embedded=true&amp;hl=en\" title=\"Embedded Document\" class=\"ead-iframe\" style=\"width: 100%;height: 100%;border: none;position: absolute;left: 0;top: 0;visibility: hidden;\"><\/iframe><\/div>\t\t\t<div class=\"ead-document-loading\" style=\"width:100%;height:100%;position:absolute;left:0;top:0;z-index:10;\">\n\t\t\t\t<div class=\"ead-loading-wrap\">\n\t\t\t\t\t<div class=\"ead-loading-main\">\n\t\t\t\t\t\t<div class=\"ead-loading\">\n\t\t\t\t\t\t\t<img loading=\"lazy\" decoding=\"async\" src=\"http:\/\/muzikologijaff.si\/gmgm\/wp-content\/plugins\/embed-any-document\/images\/loading.svg\" width=\"55\" height=\"55\" alt=\"Loader\">\n\t\t\t\t\t\t\t<span>Loading...<\/span>\n\t\t\t\t\t\t<\/div>\n\t\t\t\t\t<\/div>\n\t\t\t\t\t<div class=\"ead-loading-foot\">\n\t\t\t\t\t\t<div class=\"ead-loading-foot-title\">\n\t\t\t\t\t\t\t<img loading=\"lazy\" decoding=\"async\" src=\"http:\/\/muzikologijaff.si\/gmgm\/wp-content\/plugins\/embed-any-document\/images\/EAD-logo.svg\" alt=\"EAD Logo\" width=\"36\" height=\"23\"\/>\n\t\t\t\t\t\t\t<span>Taking too long?<\/span>\n\t\t\t\t\t\t<\/div>\n\t\t\t\t\t\t<p>\n\t\t\t\t\t\t\t<div class=\"ead-document-btn ead-reload-btn\" role=\"button\">\n\t\t\t\t\t\t\t\t<img loading=\"lazy\" decoding=\"async\" src=\"http:\/\/muzikologijaff.si\/gmgm\/wp-content\/plugins\/embed-any-document\/images\/reload.svg\" alt=\"Reload\" width=\"12\" height=\"12\"\/> Reload document\t\t\t\t\t\t\t<\/div>\n\t\t\t\t\t\t\t<span>|<\/span>\n\t\t\t\t\t\t\t<a href=\"http:\/\/muzikologijaff.si\/gmgm\/wp-content\/uploads\/sites\/9\/2022\/03\/Joze_Kusar_porocila_o_delu_Radia_Maribor_Skupaj-1.pdf\" class=\"ead-document-btn\" target=\"_blank\">\n\t\t\t\t\t\t\t\t<img loading=\"lazy\" decoding=\"async\" src=\"http:\/\/muzikologijaff.si\/gmgm\/wp-content\/plugins\/embed-any-document\/images\/open.svg\" alt=\"Open\" width=\"12\" height=\"12\"\/> Open in new tab\t\t\t\t\t\t\t<\/a>\n\t\t\t\t\t<\/div>\n\t\t\t\t<\/div>\n\t\t\t<\/div>\n\t\t<\/div><p class=\"embed_download\"><a href=\"http:\/\/muzikologijaff.si\/gmgm\/wp-content\/uploads\/sites\/9\/2022\/03\/Joze_Kusar_porocila_o_delu_Radia_Maribor_Skupaj-1.pdf\" download>Nalo\u017ei * Download [10.04 MB] <\/a><\/p><\/div>\n<p>\/6 Zabele\u0161ka o razgovorih generalnega direktorja RTV Ljubljana Borisa Miko\u0161a ob obisku v Mariboru. Sestavil Jo\u017ee Ku\u0161ar, Maribor, 3. 12. 1963<\/p>\n<p>\/9 Statisti\u010dni pregled Radia Maribor od l. 1957 do 1965. Brez avtorja in datuma. Manjkajo prvi trije listi<\/p>\n<p><strong>Datoteka: <\/strong><a href=\"http:\/\/muzikologijaff.si\/gmgm\/wp-content\/uploads\/sites\/9\/2022\/03\/Statisticni_pregled_RA_MB_1957_1965.pdf\">Statisticni_pregled_RA_MB_1957_1965<\/a><\/p>\n<div class=\"ead-preview\"><div class=\"ead-document\" style=\"position: relative;padding-top: 90%;\"><div class=\"ead-iframe-wrapper\"><iframe src=\"\/\/docs.google.com\/viewer?url=http%3A%2F%2Fmuzikologijaff.si%2Fgmgm%2Fwp-content%2Fuploads%2Fsites%2F9%2F2022%2F03%2FStatisticni_pregled_RA_MB_1957_1965.pdf&amp;embedded=true&amp;hl=en\" title=\"Embedded Document\" class=\"ead-iframe\" style=\"width: 100%;height: 100%;border: none;position: absolute;left: 0;top: 0;visibility: hidden;\"><\/iframe><\/div>\t\t\t<div class=\"ead-document-loading\" style=\"width:100%;height:100%;position:absolute;left:0;top:0;z-index:10;\">\n\t\t\t\t<div class=\"ead-loading-wrap\">\n\t\t\t\t\t<div class=\"ead-loading-main\">\n\t\t\t\t\t\t<div class=\"ead-loading\">\n\t\t\t\t\t\t\t<img loading=\"lazy\" decoding=\"async\" src=\"http:\/\/muzikologijaff.si\/gmgm\/wp-content\/plugins\/embed-any-document\/images\/loading.svg\" width=\"55\" height=\"55\" alt=\"Loader\">\n\t\t\t\t\t\t\t<span>Loading...<\/span>\n\t\t\t\t\t\t<\/div>\n\t\t\t\t\t<\/div>\n\t\t\t\t\t<div class=\"ead-loading-foot\">\n\t\t\t\t\t\t<div class=\"ead-loading-foot-title\">\n\t\t\t\t\t\t\t<img loading=\"lazy\" decoding=\"async\" src=\"http:\/\/muzikologijaff.si\/gmgm\/wp-content\/plugins\/embed-any-document\/images\/EAD-logo.svg\" alt=\"EAD Logo\" width=\"36\" height=\"23\"\/>\n\t\t\t\t\t\t\t<span>Taking too long?<\/span>\n\t\t\t\t\t\t<\/div>\n\t\t\t\t\t\t<p>\n\t\t\t\t\t\t\t<div class=\"ead-document-btn ead-reload-btn\" role=\"button\">\n\t\t\t\t\t\t\t\t<img loading=\"lazy\" decoding=\"async\" src=\"http:\/\/muzikologijaff.si\/gmgm\/wp-content\/plugins\/embed-any-document\/images\/reload.svg\" alt=\"Reload\" width=\"12\" height=\"12\"\/> Reload document\t\t\t\t\t\t\t<\/div>\n\t\t\t\t\t\t\t<span>|<\/span>\n\t\t\t\t\t\t\t<a href=\"http:\/\/muzikologijaff.si\/gmgm\/wp-content\/uploads\/sites\/9\/2022\/03\/Statisticni_pregled_RA_MB_1957_1965.pdf\" class=\"ead-document-btn\" target=\"_blank\">\n\t\t\t\t\t\t\t\t<img loading=\"lazy\" decoding=\"async\" src=\"http:\/\/muzikologijaff.si\/gmgm\/wp-content\/plugins\/embed-any-document\/images\/open.svg\" alt=\"Open\" width=\"12\" height=\"12\"\/> Open in new tab\t\t\t\t\t\t\t<\/a>\n\t\t\t\t\t<\/div>\n\t\t\t\t<\/div>\n\t\t\t<\/div>\n\t\t<\/div><p class=\"embed_download\"><a href=\"http:\/\/muzikologijaff.si\/gmgm\/wp-content\/uploads\/sites\/9\/2022\/03\/Statisticni_pregled_RA_MB_1957_1965.pdf\" download>Nalo\u017ei * Download [1.59 MB] <\/a><\/p><\/div>\n<h2><span class=\"ez-toc-section\" id=\"SI_AS_1215_%E2%80%93_s_17\"><\/span>SI AS 1215 \u2013 \u0161. 17<span class=\"ez-toc-section-end\"><\/span><\/h2>\n<p>Vsebuje gradivo o eksperimentalnem oddajanju RT Ljubljana<\/p>\n<p>\/1 9 dana eksperimentalnih TV programa RT Ljubljana<\/p>\n<p><strong>Datoteka: <\/strong>9_dana_eksperimentalnih_TV_programa<\/p>\n<div class=\"ead-preview\"><div class=\"ead-document\" style=\"position: relative;padding-top: 90%;\"><div class=\"ead-iframe-wrapper\"><iframe src=\"\/\/docs.google.com\/viewer?url=http%3A%2F%2Fmuzikologijaff.si%2Fgmgm%2Fwp-content%2Fuploads%2Fsites%2F9%2F2022%2F03%2F9_dana_eksperimentalnih_TV_programa.pdf&amp;embedded=true&amp;hl=en\" title=\"Embedded Document\" class=\"ead-iframe\" style=\"width: 100%;height: 100%;border: none;position: absolute;left: 0;top: 0;visibility: hidden;\"><\/iframe><\/div>\t\t\t<div class=\"ead-document-loading\" style=\"width:100%;height:100%;position:absolute;left:0;top:0;z-index:10;\">\n\t\t\t\t<div class=\"ead-loading-wrap\">\n\t\t\t\t\t<div class=\"ead-loading-main\">\n\t\t\t\t\t\t<div class=\"ead-loading\">\n\t\t\t\t\t\t\t<img loading=\"lazy\" decoding=\"async\" src=\"http:\/\/muzikologijaff.si\/gmgm\/wp-content\/plugins\/embed-any-document\/images\/loading.svg\" width=\"55\" height=\"55\" alt=\"Loader\">\n\t\t\t\t\t\t\t<span>Loading...<\/span>\n\t\t\t\t\t\t<\/div>\n\t\t\t\t\t<\/div>\n\t\t\t\t\t<div class=\"ead-loading-foot\">\n\t\t\t\t\t\t<div class=\"ead-loading-foot-title\">\n\t\t\t\t\t\t\t<img loading=\"lazy\" decoding=\"async\" src=\"http:\/\/muzikologijaff.si\/gmgm\/wp-content\/plugins\/embed-any-document\/images\/EAD-logo.svg\" alt=\"EAD Logo\" width=\"36\" height=\"23\"\/>\n\t\t\t\t\t\t\t<span>Taking too long?<\/span>\n\t\t\t\t\t\t<\/div>\n\t\t\t\t\t\t<p>\n\t\t\t\t\t\t\t<div class=\"ead-document-btn ead-reload-btn\" role=\"button\">\n\t\t\t\t\t\t\t\t<img loading=\"lazy\" decoding=\"async\" src=\"http:\/\/muzikologijaff.si\/gmgm\/wp-content\/plugins\/embed-any-document\/images\/reload.svg\" alt=\"Reload\" width=\"12\" height=\"12\"\/> Reload document\t\t\t\t\t\t\t<\/div>\n\t\t\t\t\t\t\t<span>|<\/span>\n\t\t\t\t\t\t\t<a href=\"http:\/\/muzikologijaff.si\/gmgm\/wp-content\/uploads\/sites\/9\/2022\/03\/9_dana_eksperimentalnih_TV_programa.pdf\" class=\"ead-document-btn\" target=\"_blank\">\n\t\t\t\t\t\t\t\t<img loading=\"lazy\" decoding=\"async\" src=\"http:\/\/muzikologijaff.si\/gmgm\/wp-content\/plugins\/embed-any-document\/images\/open.svg\" alt=\"Open\" width=\"12\" height=\"12\"\/> Open in new tab\t\t\t\t\t\t\t<\/a>\n\t\t\t\t\t<\/div>\n\t\t\t\t<\/div>\n\t\t\t<\/div>\n\t\t<\/div><p class=\"embed_download\"><a href=\"http:\/\/muzikologijaff.si\/gmgm\/wp-content\/uploads\/sites\/9\/2022\/03\/9_dana_eksperimentalnih_TV_programa.pdf\" download>Nalo\u017ei * Download [5.13 MB] <\/a><\/p><\/div>\n<p>\/3 Druga slovenska TV oddaja v Zagrebu, 23. 6. 1957. Program in stro\u0161ki<\/p>\n<p><strong>Datoteka:<\/strong>\u00a0 <a href=\"http:\/\/muzikologijaff.si\/gmgm\/wp-content\/uploads\/sites\/9\/2022\/03\/Druga_Slovenska_TV_oddaja_ZG_1957.pdf\">Druga_Slovenska_TV_oddaja_ZG_1957<\/a><\/p>\n<div class=\"ead-preview\"><div class=\"ead-document\" style=\"position: relative;padding-top: 90%;\"><div class=\"ead-iframe-wrapper\"><iframe src=\"\/\/docs.google.com\/viewer?url=http%3A%2F%2Fmuzikologijaff.si%2Fgmgm%2Fwp-content%2Fuploads%2Fsites%2F9%2F2022%2F03%2FDruga_Slovenska_TV_oddaja_ZG_1957.pdf&amp;embedded=true&amp;hl=en\" title=\"Embedded Document\" class=\"ead-iframe\" style=\"width: 100%;height: 100%;border: none;position: absolute;left: 0;top: 0;visibility: hidden;\"><\/iframe><\/div>\t\t\t<div class=\"ead-document-loading\" style=\"width:100%;height:100%;position:absolute;left:0;top:0;z-index:10;\">\n\t\t\t\t<div class=\"ead-loading-wrap\">\n\t\t\t\t\t<div class=\"ead-loading-main\">\n\t\t\t\t\t\t<div class=\"ead-loading\">\n\t\t\t\t\t\t\t<img loading=\"lazy\" decoding=\"async\" src=\"http:\/\/muzikologijaff.si\/gmgm\/wp-content\/plugins\/embed-any-document\/images\/loading.svg\" width=\"55\" height=\"55\" alt=\"Loader\">\n\t\t\t\t\t\t\t<span>Loading...<\/span>\n\t\t\t\t\t\t<\/div>\n\t\t\t\t\t<\/div>\n\t\t\t\t\t<div class=\"ead-loading-foot\">\n\t\t\t\t\t\t<div class=\"ead-loading-foot-title\">\n\t\t\t\t\t\t\t<img loading=\"lazy\" decoding=\"async\" src=\"http:\/\/muzikologijaff.si\/gmgm\/wp-content\/plugins\/embed-any-document\/images\/EAD-logo.svg\" alt=\"EAD Logo\" width=\"36\" height=\"23\"\/>\n\t\t\t\t\t\t\t<span>Taking too long?<\/span>\n\t\t\t\t\t\t<\/div>\n\t\t\t\t\t\t<p>\n\t\t\t\t\t\t\t<div class=\"ead-document-btn ead-reload-btn\" role=\"button\">\n\t\t\t\t\t\t\t\t<img loading=\"lazy\" decoding=\"async\" src=\"http:\/\/muzikologijaff.si\/gmgm\/wp-content\/plugins\/embed-any-document\/images\/reload.svg\" alt=\"Reload\" width=\"12\" height=\"12\"\/> Reload document\t\t\t\t\t\t\t<\/div>\n\t\t\t\t\t\t\t<span>|<\/span>\n\t\t\t\t\t\t\t<a href=\"http:\/\/muzikologijaff.si\/gmgm\/wp-content\/uploads\/sites\/9\/2022\/03\/Druga_Slovenska_TV_oddaja_ZG_1957.pdf\" class=\"ead-document-btn\" target=\"_blank\">\n\t\t\t\t\t\t\t\t<img loading=\"lazy\" decoding=\"async\" src=\"http:\/\/muzikologijaff.si\/gmgm\/wp-content\/plugins\/embed-any-document\/images\/open.svg\" alt=\"Open\" width=\"12\" height=\"12\"\/> Open in new tab\t\t\t\t\t\t\t<\/a>\n\t\t\t\t\t<\/div>\n\t\t\t\t<\/div>\n\t\t\t<\/div>\n\t\t<\/div><p class=\"embed_download\"><a href=\"http:\/\/muzikologijaff.si\/gmgm\/wp-content\/uploads\/sites\/9\/2022\/03\/Druga_Slovenska_TV_oddaja_ZG_1957.pdf\" download>Nalo\u017ei * Download [2.09 MB] <\/a><\/p><\/div>\n<h2><span class=\"ez-toc-section\" id=\"SI_AS_1215_%E2%80%93_s_20\"><\/span>SI AS 1215 \u2013 \u0161. 20<span class=\"ez-toc-section-end\"><\/span><\/h2>\n<p>\/1 Poro\u010dilo o vidljivosti slike, sprejemniki, najpriljubljenej\u0161e oddaje, katerih si \u017eelijo ve\u010d, mnenja in predlogi \u2013 o\u010ditno rezultati ankete<\/p>\n<ul>\n<li>Teze o nekaterih problemih televizijskega programa, brez avtorja, 9. maj 1961<\/li>\n<\/ul>\n<p><strong>Datoteka: <\/strong><a href=\"http:\/\/muzikologijaff.si\/gmgm\/wp-content\/uploads\/sites\/9\/2022\/03\/Teze_o_nekaterih_problemih_televizijskega_programa_1961.pdf\">Teze_o_nekaterih_problemih_televizijskega_programa_1961<\/a><\/p>\n<div class=\"ead-preview\"><div class=\"ead-document\" style=\"position: relative;padding-top: 90%;\"><div class=\"ead-iframe-wrapper\"><iframe src=\"\/\/docs.google.com\/viewer?url=http%3A%2F%2Fmuzikologijaff.si%2Fgmgm%2Fwp-content%2Fuploads%2Fsites%2F9%2F2022%2F03%2FTeze_o_nekaterih_problemih_televizijskega_programa_1961.pdf&amp;embedded=true&amp;hl=en\" title=\"Embedded Document\" class=\"ead-iframe\" style=\"width: 100%;height: 100%;border: none;position: absolute;left: 0;top: 0;visibility: hidden;\"><\/iframe><\/div>\t\t\t<div class=\"ead-document-loading\" style=\"width:100%;height:100%;position:absolute;left:0;top:0;z-index:10;\">\n\t\t\t\t<div class=\"ead-loading-wrap\">\n\t\t\t\t\t<div class=\"ead-loading-main\">\n\t\t\t\t\t\t<div class=\"ead-loading\">\n\t\t\t\t\t\t\t<img loading=\"lazy\" decoding=\"async\" src=\"http:\/\/muzikologijaff.si\/gmgm\/wp-content\/plugins\/embed-any-document\/images\/loading.svg\" width=\"55\" height=\"55\" alt=\"Loader\">\n\t\t\t\t\t\t\t<span>Loading...<\/span>\n\t\t\t\t\t\t<\/div>\n\t\t\t\t\t<\/div>\n\t\t\t\t\t<div class=\"ead-loading-foot\">\n\t\t\t\t\t\t<div class=\"ead-loading-foot-title\">\n\t\t\t\t\t\t\t<img loading=\"lazy\" decoding=\"async\" src=\"http:\/\/muzikologijaff.si\/gmgm\/wp-content\/plugins\/embed-any-document\/images\/EAD-logo.svg\" alt=\"EAD Logo\" width=\"36\" height=\"23\"\/>\n\t\t\t\t\t\t\t<span>Taking too long?<\/span>\n\t\t\t\t\t\t<\/div>\n\t\t\t\t\t\t<p>\n\t\t\t\t\t\t\t<div class=\"ead-document-btn ead-reload-btn\" role=\"button\">\n\t\t\t\t\t\t\t\t<img loading=\"lazy\" decoding=\"async\" src=\"http:\/\/muzikologijaff.si\/gmgm\/wp-content\/plugins\/embed-any-document\/images\/reload.svg\" alt=\"Reload\" width=\"12\" height=\"12\"\/> Reload document\t\t\t\t\t\t\t<\/div>\n\t\t\t\t\t\t\t<span>|<\/span>\n\t\t\t\t\t\t\t<a href=\"http:\/\/muzikologijaff.si\/gmgm\/wp-content\/uploads\/sites\/9\/2022\/03\/Teze_o_nekaterih_problemih_televizijskega_programa_1961.pdf\" class=\"ead-document-btn\" target=\"_blank\">\n\t\t\t\t\t\t\t\t<img loading=\"lazy\" decoding=\"async\" src=\"http:\/\/muzikologijaff.si\/gmgm\/wp-content\/plugins\/embed-any-document\/images\/open.svg\" alt=\"Open\" width=\"12\" height=\"12\"\/> Open in new tab\t\t\t\t\t\t\t<\/a>\n\t\t\t\t\t<\/div>\n\t\t\t\t<\/div>\n\t\t\t<\/div>\n\t\t<\/div><p class=\"embed_download\"><a href=\"http:\/\/muzikologijaff.si\/gmgm\/wp-content\/uploads\/sites\/9\/2022\/03\/Teze_o_nekaterih_problemih_televizijskega_programa_1961.pdf\" download>Nalo\u017ei * Download [8.21 MB] <\/a><\/p><\/div>\n<h2><span class=\"ez-toc-section\" id=\"SI_AS_1215_%E2%80%93_s_56\"><\/span>SI AS 1215 \u2013 \u0161. 56<span class=\"ez-toc-section-end\"><\/span><\/h2>\n<p>\/11 Kronika leta 1938 \u2013 vsebuje kroniko in kopije \u010dasopisa Na\u0161 val, \u0161t. 45, 6. \u2013 12. november 1938. \u010dasopis je namenil veliko pozornost 10 obletnici delovanja radia. O tem je pisal tudi \u010dasopis <a href=\"http:\/\/www.dlib.si\/details\/URN:NBN:SI:spr-FN8MBVIK\">Radio Ljubljana<\/a> v oktoberskih in novemberskih \u0161tevilkah.<\/p>\n<p>Nekaj prostora je temu namenil tudi Vestnik \u2013 glasilo ljubljanske in mariborske Prosvetne zveze. Oktobra in novembra 1938 so objavili \u010dlanke o obletnici radia. 27. oktobra 1938 je imela zveza 39. redni ob\u010dni zbor v Ljubljani. V Vestniku je objavljena analiza programa za obdobje 28. oktober 1937 do 28. oktober 1938.<\/p>\n<p>Vsebuje statistiko programa za prvih deset let oddajanja. Podatki so objavljeni po programskih zvrsteh \u2013 v urah in odstotkih. Iz podatkov se da razbrati koliko \u010dasa so namenjali glasbi (npr. operna glasba, operetna glasba, resna glasba, lahka glasba, narodna glasba, plesna glasba), vendar brez drugih podatkov.<\/p>\n<p><strong>Datoteka:<\/strong> <a href=\"http:\/\/muzikologijaff.si\/gmgm\/wp-content\/uploads\/sites\/9\/2022\/03\/Programska_statistika_1928_1938-1.pdf\">Programska_statistika_1928_1938<\/a><\/p>\n<div class=\"ead-preview\"><div class=\"ead-document\" style=\"position: relative;padding-top: 90%;\"><div class=\"ead-iframe-wrapper\"><iframe src=\"\/\/docs.google.com\/viewer?url=http%3A%2F%2Fmuzikologijaff.si%2Fgmgm%2Fwp-content%2Fuploads%2Fsites%2F9%2F2022%2F03%2FProgramska_statistika_1928_1938-1.pdf&amp;embedded=true&amp;hl=en\" title=\"Embedded Document\" class=\"ead-iframe\" style=\"width: 100%;height: 100%;border: none;position: absolute;left: 0;top: 0;visibility: hidden;\"><\/iframe><\/div>\t\t\t<div class=\"ead-document-loading\" style=\"width:100%;height:100%;position:absolute;left:0;top:0;z-index:10;\">\n\t\t\t\t<div class=\"ead-loading-wrap\">\n\t\t\t\t\t<div class=\"ead-loading-main\">\n\t\t\t\t\t\t<div class=\"ead-loading\">\n\t\t\t\t\t\t\t<img loading=\"lazy\" decoding=\"async\" src=\"http:\/\/muzikologijaff.si\/gmgm\/wp-content\/plugins\/embed-any-document\/images\/loading.svg\" width=\"55\" height=\"55\" alt=\"Loader\">\n\t\t\t\t\t\t\t<span>Loading...<\/span>\n\t\t\t\t\t\t<\/div>\n\t\t\t\t\t<\/div>\n\t\t\t\t\t<div class=\"ead-loading-foot\">\n\t\t\t\t\t\t<div class=\"ead-loading-foot-title\">\n\t\t\t\t\t\t\t<img loading=\"lazy\" decoding=\"async\" src=\"http:\/\/muzikologijaff.si\/gmgm\/wp-content\/plugins\/embed-any-document\/images\/EAD-logo.svg\" alt=\"EAD Logo\" width=\"36\" height=\"23\"\/>\n\t\t\t\t\t\t\t<span>Taking too long?<\/span>\n\t\t\t\t\t\t<\/div>\n\t\t\t\t\t\t<p>\n\t\t\t\t\t\t\t<div class=\"ead-document-btn ead-reload-btn\" role=\"button\">\n\t\t\t\t\t\t\t\t<img loading=\"lazy\" decoding=\"async\" src=\"http:\/\/muzikologijaff.si\/gmgm\/wp-content\/plugins\/embed-any-document\/images\/reload.svg\" alt=\"Reload\" width=\"12\" height=\"12\"\/> Reload document\t\t\t\t\t\t\t<\/div>\n\t\t\t\t\t\t\t<span>|<\/span>\n\t\t\t\t\t\t\t<a href=\"http:\/\/muzikologijaff.si\/gmgm\/wp-content\/uploads\/sites\/9\/2022\/03\/Programska_statistika_1928_1938-1.pdf\" class=\"ead-document-btn\" target=\"_blank\">\n\t\t\t\t\t\t\t\t<img loading=\"lazy\" decoding=\"async\" src=\"http:\/\/muzikologijaff.si\/gmgm\/wp-content\/plugins\/embed-any-document\/images\/open.svg\" alt=\"Open\" width=\"12\" height=\"12\"\/> Open in new tab\t\t\t\t\t\t\t<\/a>\n\t\t\t\t\t<\/div>\n\t\t\t\t<\/div>\n\t\t\t<\/div>\n\t\t<\/div><p class=\"embed_download\"><a href=\"http:\/\/muzikologijaff.si\/gmgm\/wp-content\/uploads\/sites\/9\/2022\/03\/Programska_statistika_1928_1938-1.pdf\" download>Nalo\u017ei * Download [1.22 MB] <\/a><\/p><\/div>\n<p>\/Programska statistika za obdobje 1934 \u2013 1938 (ni jasno, od kod je kopija).<\/p>\n<p><strong>Datoteka:<\/strong> <a href=\"http:\/\/muzikologijaff.si\/gmgm\/wp-content\/uploads\/sites\/9\/2022\/03\/Programska_statistika_1934_1938.pdf.pdf\">Programska_statistika_1934_1938.pdf<\/a><\/p>\n<div class=\"ead-preview\"><div class=\"ead-document\" style=\"position: relative;padding-top: 90%;\"><div class=\"ead-iframe-wrapper\"><iframe src=\"\/\/docs.google.com\/viewer?url=http%3A%2F%2Fmuzikologijaff.si%2Fgmgm%2Fwp-content%2Fuploads%2Fsites%2F9%2F2022%2F03%2FProgramska_statistika_1934_1938.pdf.pdf&amp;embedded=true&amp;hl=en\" title=\"Embedded Document\" class=\"ead-iframe\" style=\"width: 100%;height: 100%;border: none;position: absolute;left: 0;top: 0;visibility: hidden;\"><\/iframe><\/div>\t\t\t<div class=\"ead-document-loading\" style=\"width:100%;height:100%;position:absolute;left:0;top:0;z-index:10;\">\n\t\t\t\t<div class=\"ead-loading-wrap\">\n\t\t\t\t\t<div class=\"ead-loading-main\">\n\t\t\t\t\t\t<div class=\"ead-loading\">\n\t\t\t\t\t\t\t<img loading=\"lazy\" decoding=\"async\" src=\"http:\/\/muzikologijaff.si\/gmgm\/wp-content\/plugins\/embed-any-document\/images\/loading.svg\" width=\"55\" height=\"55\" alt=\"Loader\">\n\t\t\t\t\t\t\t<span>Loading...<\/span>\n\t\t\t\t\t\t<\/div>\n\t\t\t\t\t<\/div>\n\t\t\t\t\t<div class=\"ead-loading-foot\">\n\t\t\t\t\t\t<div class=\"ead-loading-foot-title\">\n\t\t\t\t\t\t\t<img loading=\"lazy\" decoding=\"async\" src=\"http:\/\/muzikologijaff.si\/gmgm\/wp-content\/plugins\/embed-any-document\/images\/EAD-logo.svg\" alt=\"EAD Logo\" width=\"36\" height=\"23\"\/>\n\t\t\t\t\t\t\t<span>Taking too long?<\/span>\n\t\t\t\t\t\t<\/div>\n\t\t\t\t\t\t<p>\n\t\t\t\t\t\t\t<div class=\"ead-document-btn ead-reload-btn\" role=\"button\">\n\t\t\t\t\t\t\t\t<img loading=\"lazy\" decoding=\"async\" src=\"http:\/\/muzikologijaff.si\/gmgm\/wp-content\/plugins\/embed-any-document\/images\/reload.svg\" alt=\"Reload\" width=\"12\" height=\"12\"\/> Reload document\t\t\t\t\t\t\t<\/div>\n\t\t\t\t\t\t\t<span>|<\/span>\n\t\t\t\t\t\t\t<a href=\"http:\/\/muzikologijaff.si\/gmgm\/wp-content\/uploads\/sites\/9\/2022\/03\/Programska_statistika_1934_1938.pdf.pdf\" class=\"ead-document-btn\" target=\"_blank\">\n\t\t\t\t\t\t\t\t<img loading=\"lazy\" decoding=\"async\" src=\"http:\/\/muzikologijaff.si\/gmgm\/wp-content\/plugins\/embed-any-document\/images\/open.svg\" alt=\"Open\" width=\"12\" height=\"12\"\/> Open in new tab\t\t\t\t\t\t\t<\/a>\n\t\t\t\t\t<\/div>\n\t\t\t\t<\/div>\n\t\t\t<\/div>\n\t\t<\/div><p class=\"embed_download\"><a href=\"http:\/\/muzikologijaff.si\/gmgm\/wp-content\/uploads\/sites\/9\/2022\/03\/Programska_statistika_1934_1938.pdf.pdf\" download>Nalo\u017ei * Download [610.99 KB] <\/a><\/p><\/div>\n<p>V Kroniki 1938 je tudi poro\u010dilo o razpisanih nagradah za izvirna glasbena dela in zvo\u010dne igre<\/p>\n<p><strong>Datoteka:<\/strong> <a href=\"http:\/\/muzikologijaff.si\/gmgm\/wp-content\/uploads\/sites\/9\/2022\/03\/Kronika_1938_Nagrade_Glasba_in_zvocne_igre.pdf\">Koronika_1938_Nagrade_Glasba_in_zvocne_igre<\/a><\/p>\n<div class=\"ead-preview\"><div class=\"ead-document\" style=\"position: relative;padding-top: 90%;\"><div class=\"ead-iframe-wrapper\"><iframe src=\"\/\/docs.google.com\/viewer?url=http%3A%2F%2Fmuzikologijaff.si%2Fgmgm%2Fwp-content%2Fuploads%2Fsites%2F9%2F2022%2F03%2FKronika_1938_Nagrade_Glasba_in_zvocne_igre.pdf&amp;embedded=true&amp;hl=en\" title=\"Embedded Document\" class=\"ead-iframe\" style=\"width: 100%;height: 100%;border: none;position: absolute;left: 0;top: 0;visibility: hidden;\"><\/iframe><\/div>\t\t\t<div class=\"ead-document-loading\" style=\"width:100%;height:100%;position:absolute;left:0;top:0;z-index:10;\">\n\t\t\t\t<div class=\"ead-loading-wrap\">\n\t\t\t\t\t<div class=\"ead-loading-main\">\n\t\t\t\t\t\t<div class=\"ead-loading\">\n\t\t\t\t\t\t\t<img loading=\"lazy\" decoding=\"async\" src=\"http:\/\/muzikologijaff.si\/gmgm\/wp-content\/plugins\/embed-any-document\/images\/loading.svg\" width=\"55\" height=\"55\" alt=\"Loader\">\n\t\t\t\t\t\t\t<span>Loading...<\/span>\n\t\t\t\t\t\t<\/div>\n\t\t\t\t\t<\/div>\n\t\t\t\t\t<div class=\"ead-loading-foot\">\n\t\t\t\t\t\t<div class=\"ead-loading-foot-title\">\n\t\t\t\t\t\t\t<img loading=\"lazy\" decoding=\"async\" src=\"http:\/\/muzikologijaff.si\/gmgm\/wp-content\/plugins\/embed-any-document\/images\/EAD-logo.svg\" alt=\"EAD Logo\" width=\"36\" height=\"23\"\/>\n\t\t\t\t\t\t\t<span>Taking too long?<\/span>\n\t\t\t\t\t\t<\/div>\n\t\t\t\t\t\t<p>\n\t\t\t\t\t\t\t<div class=\"ead-document-btn ead-reload-btn\" role=\"button\">\n\t\t\t\t\t\t\t\t<img loading=\"lazy\" decoding=\"async\" src=\"http:\/\/muzikologijaff.si\/gmgm\/wp-content\/plugins\/embed-any-document\/images\/reload.svg\" alt=\"Reload\" width=\"12\" height=\"12\"\/> Reload document\t\t\t\t\t\t\t<\/div>\n\t\t\t\t\t\t\t<span>|<\/span>\n\t\t\t\t\t\t\t<a href=\"http:\/\/muzikologijaff.si\/gmgm\/wp-content\/uploads\/sites\/9\/2022\/03\/Kronika_1938_Nagrade_Glasba_in_zvocne_igre.pdf\" class=\"ead-document-btn\" target=\"_blank\">\n\t\t\t\t\t\t\t\t<img loading=\"lazy\" decoding=\"async\" src=\"http:\/\/muzikologijaff.si\/gmgm\/wp-content\/plugins\/embed-any-document\/images\/open.svg\" alt=\"Open\" width=\"12\" height=\"12\"\/> Open in new tab\t\t\t\t\t\t\t<\/a>\n\t\t\t\t\t<\/div>\n\t\t\t\t<\/div>\n\t\t\t<\/div>\n\t\t<\/div><p class=\"embed_download\"><a href=\"http:\/\/muzikologijaff.si\/gmgm\/wp-content\/uploads\/sites\/9\/2022\/03\/Kronika_1938_Nagrade_Glasba_in_zvocne_igre.pdf\" download>Nalo\u017ei * Download [0.99 MB] <\/a><\/p><\/div>\n<p>\/13 Kronika 1940. V letu 1940 sta se zdru\u017eili glasili Na\u0161 val in Radio Ljubljana. Sedmi letnik Na\u0161ega vala se je zaklju\u010dil s \u0161tevilko 41, \u0161tevilka 42 pa je \u017ee zdru\u017eena z Radiom Ljubljana.<\/p>\n<p>Konec februarja 1940 je g. Anton Dolinar, glasbeni urednik Radia Ljubljana dal dalj\u0161o izjavo za Na\u0161 val (VII\/8). Pogovor z urednikom \u2013 Glasba v na\u0161em radiiu lani in letos(\u0161tevilka 8, od 18. do 24. februarja 1940)<\/p>\n<p><strong>Datoteka:<\/strong> <a href=\"http:\/\/muzikologijaff.si\/gmgm\/wp-content\/uploads\/sites\/9\/2022\/03\/Anton_Dolinar_Glasba_v_nasem_radiu_1940.pdf\">Anton_Dolinar_Glasba_v_nasem_radiu_1940<\/a><\/p>\n<div class=\"ead-preview\"><div class=\"ead-document\" style=\"position: relative;padding-top: 90%;\"><div class=\"ead-iframe-wrapper\"><iframe src=\"\/\/docs.google.com\/viewer?url=http%3A%2F%2Fmuzikologijaff.si%2Fgmgm%2Fwp-content%2Fuploads%2Fsites%2F9%2F2022%2F03%2FAnton_Dolinar_Glasba_v_nasem_radiu_1940.pdf&amp;embedded=true&amp;hl=en\" title=\"Embedded Document\" class=\"ead-iframe\" style=\"width: 100%;height: 100%;border: none;position: absolute;left: 0;top: 0;visibility: hidden;\"><\/iframe><\/div>\t\t\t<div class=\"ead-document-loading\" style=\"width:100%;height:100%;position:absolute;left:0;top:0;z-index:10;\">\n\t\t\t\t<div class=\"ead-loading-wrap\">\n\t\t\t\t\t<div class=\"ead-loading-main\">\n\t\t\t\t\t\t<div class=\"ead-loading\">\n\t\t\t\t\t\t\t<img loading=\"lazy\" decoding=\"async\" src=\"http:\/\/muzikologijaff.si\/gmgm\/wp-content\/plugins\/embed-any-document\/images\/loading.svg\" width=\"55\" height=\"55\" alt=\"Loader\">\n\t\t\t\t\t\t\t<span>Loading...<\/span>\n\t\t\t\t\t\t<\/div>\n\t\t\t\t\t<\/div>\n\t\t\t\t\t<div class=\"ead-loading-foot\">\n\t\t\t\t\t\t<div class=\"ead-loading-foot-title\">\n\t\t\t\t\t\t\t<img loading=\"lazy\" decoding=\"async\" src=\"http:\/\/muzikologijaff.si\/gmgm\/wp-content\/plugins\/embed-any-document\/images\/EAD-logo.svg\" alt=\"EAD Logo\" width=\"36\" height=\"23\"\/>\n\t\t\t\t\t\t\t<span>Taking too long?<\/span>\n\t\t\t\t\t\t<\/div>\n\t\t\t\t\t\t<p>\n\t\t\t\t\t\t\t<div class=\"ead-document-btn ead-reload-btn\" role=\"button\">\n\t\t\t\t\t\t\t\t<img loading=\"lazy\" decoding=\"async\" src=\"http:\/\/muzikologijaff.si\/gmgm\/wp-content\/plugins\/embed-any-document\/images\/reload.svg\" alt=\"Reload\" width=\"12\" height=\"12\"\/> Reload document\t\t\t\t\t\t\t<\/div>\n\t\t\t\t\t\t\t<span>|<\/span>\n\t\t\t\t\t\t\t<a href=\"http:\/\/muzikologijaff.si\/gmgm\/wp-content\/uploads\/sites\/9\/2022\/03\/Anton_Dolinar_Glasba_v_nasem_radiu_1940.pdf\" class=\"ead-document-btn\" target=\"_blank\">\n\t\t\t\t\t\t\t\t<img loading=\"lazy\" decoding=\"async\" src=\"http:\/\/muzikologijaff.si\/gmgm\/wp-content\/plugins\/embed-any-document\/images\/open.svg\" alt=\"Open\" width=\"12\" height=\"12\"\/> Open in new tab\t\t\t\t\t\t\t<\/a>\n\t\t\t\t\t<\/div>\n\t\t\t\t<\/div>\n\t\t\t<\/div>\n\t\t<\/div><p class=\"embed_download\"><a href=\"http:\/\/muzikologijaff.si\/gmgm\/wp-content\/uploads\/sites\/9\/2022\/03\/Anton_Dolinar_Glasba_v_nasem_radiu_1940.pdf\" download>Nalo\u017ei * Download [1.73 MB] <\/a><\/p><\/div>\n<h2><span class=\"ez-toc-section\" id=\"SI_AS_1215_%E2%80%93_s_56-2\"><\/span>SI AS 1215 \u2013 \u0161. 56<span class=\"ez-toc-section-end\"><\/span><\/h2>\n<p>Kronika Radia Ljubljana september \u2013 oktober 1928. Oba za\u010detka radia. Avtor: Jo\u017ee Zorn<\/p>\n<p><strong>Datoteka: <\/strong><a href=\"http:\/\/muzikologijaff.si\/gmgm\/wp-content\/uploads\/sites\/9\/2022\/03\/Zorn_Kronika_Sept-Okt_1928-1.pdf\">Zorn_Kronika_Sept-Okt_1928<\/a><\/p>\n<div class=\"ead-preview\"><div class=\"ead-document\" style=\"position: relative;padding-top: 90%;\"><div class=\"ead-iframe-wrapper\"><iframe src=\"\/\/docs.google.com\/viewer?url=http%3A%2F%2Fmuzikologijaff.si%2Fgmgm%2Fwp-content%2Fuploads%2Fsites%2F9%2F2022%2F03%2FZorn_Kronika_Sept-Okt_1928-1.pdf&amp;embedded=true&amp;hl=en\" title=\"Embedded Document\" class=\"ead-iframe\" style=\"width: 100%;height: 100%;border: none;position: absolute;left: 0;top: 0;visibility: hidden;\"><\/iframe><\/div>\t\t\t<div class=\"ead-document-loading\" style=\"width:100%;height:100%;position:absolute;left:0;top:0;z-index:10;\">\n\t\t\t\t<div class=\"ead-loading-wrap\">\n\t\t\t\t\t<div class=\"ead-loading-main\">\n\t\t\t\t\t\t<div class=\"ead-loading\">\n\t\t\t\t\t\t\t<img loading=\"lazy\" decoding=\"async\" src=\"http:\/\/muzikologijaff.si\/gmgm\/wp-content\/plugins\/embed-any-document\/images\/loading.svg\" width=\"55\" height=\"55\" alt=\"Loader\">\n\t\t\t\t\t\t\t<span>Loading...<\/span>\n\t\t\t\t\t\t<\/div>\n\t\t\t\t\t<\/div>\n\t\t\t\t\t<div class=\"ead-loading-foot\">\n\t\t\t\t\t\t<div class=\"ead-loading-foot-title\">\n\t\t\t\t\t\t\t<img loading=\"lazy\" decoding=\"async\" src=\"http:\/\/muzikologijaff.si\/gmgm\/wp-content\/plugins\/embed-any-document\/images\/EAD-logo.svg\" alt=\"EAD Logo\" width=\"36\" height=\"23\"\/>\n\t\t\t\t\t\t\t<span>Taking too long?<\/span>\n\t\t\t\t\t\t<\/div>\n\t\t\t\t\t\t<p>\n\t\t\t\t\t\t\t<div class=\"ead-document-btn ead-reload-btn\" role=\"button\">\n\t\t\t\t\t\t\t\t<img loading=\"lazy\" decoding=\"async\" src=\"http:\/\/muzikologijaff.si\/gmgm\/wp-content\/plugins\/embed-any-document\/images\/reload.svg\" alt=\"Reload\" width=\"12\" height=\"12\"\/> Reload document\t\t\t\t\t\t\t<\/div>\n\t\t\t\t\t\t\t<span>|<\/span>\n\t\t\t\t\t\t\t<a href=\"http:\/\/muzikologijaff.si\/gmgm\/wp-content\/uploads\/sites\/9\/2022\/03\/Zorn_Kronika_Sept-Okt_1928-1.pdf\" class=\"ead-document-btn\" target=\"_blank\">\n\t\t\t\t\t\t\t\t<img loading=\"lazy\" decoding=\"async\" src=\"http:\/\/muzikologijaff.si\/gmgm\/wp-content\/plugins\/embed-any-document\/images\/open.svg\" alt=\"Open\" width=\"12\" height=\"12\"\/> Open in new tab\t\t\t\t\t\t\t<\/a>\n\t\t\t\t\t<\/div>\n\t\t\t\t<\/div>\n\t\t\t<\/div>\n\t\t<\/div><p class=\"embed_download\"><a href=\"http:\/\/muzikologijaff.si\/gmgm\/wp-content\/uploads\/sites\/9\/2022\/03\/Zorn_Kronika_Sept-Okt_1928-1.pdf\" download>Nalo\u017ei * Download [7.82 MB] <\/a><\/p><\/div>\n<p><strong>Datoteka:<\/strong> <a href=\"http:\/\/muzikologijaff.si\/gmgm\/wp-content\/uploads\/sites\/9\/2022\/03\/Vabilo_in_program_svecane_otvoritve_radia.pdf\">Vabilo_in_program_svecane_otvoritve_radia<\/a><\/p>\n<div class=\"ead-preview\"><div class=\"ead-document\" style=\"position: relative;padding-top: 90%;\"><div class=\"ead-iframe-wrapper\"><iframe src=\"\/\/docs.google.com\/viewer?url=http%3A%2F%2Fmuzikologijaff.si%2Fgmgm%2Fwp-content%2Fuploads%2Fsites%2F9%2F2022%2F03%2FVabilo_in_program_svecane_otvoritve_radia.pdf&amp;embedded=true&amp;hl=en\" title=\"Embedded Document\" class=\"ead-iframe\" style=\"width: 100%;height: 100%;border: none;position: absolute;left: 0;top: 0;visibility: hidden;\"><\/iframe><\/div>\t\t\t<div class=\"ead-document-loading\" style=\"width:100%;height:100%;position:absolute;left:0;top:0;z-index:10;\">\n\t\t\t\t<div class=\"ead-loading-wrap\">\n\t\t\t\t\t<div class=\"ead-loading-main\">\n\t\t\t\t\t\t<div class=\"ead-loading\">\n\t\t\t\t\t\t\t<img loading=\"lazy\" decoding=\"async\" src=\"http:\/\/muzikologijaff.si\/gmgm\/wp-content\/plugins\/embed-any-document\/images\/loading.svg\" width=\"55\" height=\"55\" alt=\"Loader\">\n\t\t\t\t\t\t\t<span>Loading...<\/span>\n\t\t\t\t\t\t<\/div>\n\t\t\t\t\t<\/div>\n\t\t\t\t\t<div class=\"ead-loading-foot\">\n\t\t\t\t\t\t<div class=\"ead-loading-foot-title\">\n\t\t\t\t\t\t\t<img loading=\"lazy\" decoding=\"async\" src=\"http:\/\/muzikologijaff.si\/gmgm\/wp-content\/plugins\/embed-any-document\/images\/EAD-logo.svg\" alt=\"EAD Logo\" width=\"36\" height=\"23\"\/>\n\t\t\t\t\t\t\t<span>Taking too long?<\/span>\n\t\t\t\t\t\t<\/div>\n\t\t\t\t\t\t<p>\n\t\t\t\t\t\t\t<div class=\"ead-document-btn ead-reload-btn\" role=\"button\">\n\t\t\t\t\t\t\t\t<img loading=\"lazy\" decoding=\"async\" src=\"http:\/\/muzikologijaff.si\/gmgm\/wp-content\/plugins\/embed-any-document\/images\/reload.svg\" alt=\"Reload\" width=\"12\" height=\"12\"\/> Reload document\t\t\t\t\t\t\t<\/div>\n\t\t\t\t\t\t\t<span>|<\/span>\n\t\t\t\t\t\t\t<a href=\"http:\/\/muzikologijaff.si\/gmgm\/wp-content\/uploads\/sites\/9\/2022\/03\/Vabilo_in_program_svecane_otvoritve_radia.pdf\" class=\"ead-document-btn\" target=\"_blank\">\n\t\t\t\t\t\t\t\t<img loading=\"lazy\" decoding=\"async\" src=\"http:\/\/muzikologijaff.si\/gmgm\/wp-content\/plugins\/embed-any-document\/images\/open.svg\" alt=\"Open\" width=\"12\" height=\"12\"\/> Open in new tab\t\t\t\t\t\t\t<\/a>\n\t\t\t\t\t<\/div>\n\t\t\t\t<\/div>\n\t\t\t<\/div>\n\t\t<\/div><p class=\"embed_download\"><a href=\"http:\/\/muzikologijaff.si\/gmgm\/wp-content\/uploads\/sites\/9\/2022\/03\/Vabilo_in_program_svecane_otvoritve_radia.pdf\" download>Nalo\u017ei * Download [8.38 MB] <\/a><\/p><\/div>\n<p>\/29. oktobra 1928 je bil XXXI. Ob\u010dni zbor Prosvetne zveze. O tem je ob\u0161irno poro\u010dal Vestnik Prosvetne zveze. V prispevku je opazen del, ki je posve\u010den Radiu Ljubljana, saj si je Prosvetna zvez zagotovila, da je dobila postajo v Dom\u017ealah v najem za dobo petnajstih let.<\/p>\n<p><strong>Datoteka:<\/strong> <a href=\"http:\/\/muzikologijaff.si\/gmgm\/wp-content\/uploads\/sites\/9\/2022\/03\/Vestnik_Prosvetne_zveze_1928.pdf\">Vestnik_Prosvetne_zveze_1928<\/a><\/p>\n<div class=\"ead-preview\"><div class=\"ead-document\" style=\"position: relative;padding-top: 90%;\"><div class=\"ead-iframe-wrapper\"><iframe src=\"\/\/docs.google.com\/viewer?url=http%3A%2F%2Fmuzikologijaff.si%2Fgmgm%2Fwp-content%2Fuploads%2Fsites%2F9%2F2022%2F03%2FVestnik_Prosvetne_zveze_1928.pdf&amp;embedded=true&amp;hl=en\" title=\"Embedded Document\" class=\"ead-iframe\" style=\"width: 100%;height: 100%;border: none;position: absolute;left: 0;top: 0;visibility: hidden;\"><\/iframe><\/div>\t\t\t<div class=\"ead-document-loading\" style=\"width:100%;height:100%;position:absolute;left:0;top:0;z-index:10;\">\n\t\t\t\t<div class=\"ead-loading-wrap\">\n\t\t\t\t\t<div class=\"ead-loading-main\">\n\t\t\t\t\t\t<div class=\"ead-loading\">\n\t\t\t\t\t\t\t<img loading=\"lazy\" decoding=\"async\" src=\"http:\/\/muzikologijaff.si\/gmgm\/wp-content\/plugins\/embed-any-document\/images\/loading.svg\" width=\"55\" height=\"55\" alt=\"Loader\">\n\t\t\t\t\t\t\t<span>Loading...<\/span>\n\t\t\t\t\t\t<\/div>\n\t\t\t\t\t<\/div>\n\t\t\t\t\t<div class=\"ead-loading-foot\">\n\t\t\t\t\t\t<div class=\"ead-loading-foot-title\">\n\t\t\t\t\t\t\t<img loading=\"lazy\" decoding=\"async\" src=\"http:\/\/muzikologijaff.si\/gmgm\/wp-content\/plugins\/embed-any-document\/images\/EAD-logo.svg\" alt=\"EAD Logo\" width=\"36\" height=\"23\"\/>\n\t\t\t\t\t\t\t<span>Taking too long?<\/span>\n\t\t\t\t\t\t<\/div>\n\t\t\t\t\t\t<p>\n\t\t\t\t\t\t\t<div class=\"ead-document-btn ead-reload-btn\" role=\"button\">\n\t\t\t\t\t\t\t\t<img loading=\"lazy\" decoding=\"async\" src=\"http:\/\/muzikologijaff.si\/gmgm\/wp-content\/plugins\/embed-any-document\/images\/reload.svg\" alt=\"Reload\" width=\"12\" height=\"12\"\/> Reload document\t\t\t\t\t\t\t<\/div>\n\t\t\t\t\t\t\t<span>|<\/span>\n\t\t\t\t\t\t\t<a href=\"http:\/\/muzikologijaff.si\/gmgm\/wp-content\/uploads\/sites\/9\/2022\/03\/Vestnik_Prosvetne_zveze_1928.pdf\" class=\"ead-document-btn\" target=\"_blank\">\n\t\t\t\t\t\t\t\t<img loading=\"lazy\" decoding=\"async\" src=\"http:\/\/muzikologijaff.si\/gmgm\/wp-content\/plugins\/embed-any-document\/images\/open.svg\" alt=\"Open\" width=\"12\" height=\"12\"\/> Open in new tab\t\t\t\t\t\t\t<\/a>\n\t\t\t\t\t<\/div>\n\t\t\t\t<\/div>\n\t\t\t<\/div>\n\t\t<\/div><p class=\"embed_download\"><a href=\"http:\/\/muzikologijaff.si\/gmgm\/wp-content\/uploads\/sites\/9\/2022\/03\/Vestnik_Prosvetne_zveze_1928.pdf\" download>Nalo\u017ei * Download [3.51 MB] <\/a><\/p><\/div>\n<p>\/3 Kronika Radia Ljubljana 1928 \u2013 1929<\/p>\n<p><strong>Datoteka:<\/strong> <a href=\"http:\/\/muzikologijaff.si\/gmgm\/wp-content\/uploads\/sites\/9\/2022\/03\/Zorn_Kronika_Sept-Okt_1928-1-1.pdf\">Zorn_Kronika_1928_1929<\/a><\/p>\n<div class=\"ead-preview\"><div class=\"ead-document\" style=\"position: relative;padding-top: 90%;\"><div class=\"ead-iframe-wrapper\"><iframe src=\"\/\/docs.google.com\/viewer?url=http%3A%2F%2Fmuzikologijaff.si%2Fgmgm%2Fwp-content%2Fuploads%2Fsites%2F9%2F2022%2F03%2FZorn_Kronika_Sept-Okt_1928-1-1.pdf&amp;embedded=true&amp;hl=en\" title=\"Embedded Document\" class=\"ead-iframe\" style=\"width: 100%;height: 100%;border: none;position: absolute;left: 0;top: 0;visibility: hidden;\"><\/iframe><\/div>\t\t\t<div class=\"ead-document-loading\" style=\"width:100%;height:100%;position:absolute;left:0;top:0;z-index:10;\">\n\t\t\t\t<div class=\"ead-loading-wrap\">\n\t\t\t\t\t<div class=\"ead-loading-main\">\n\t\t\t\t\t\t<div class=\"ead-loading\">\n\t\t\t\t\t\t\t<img loading=\"lazy\" decoding=\"async\" src=\"http:\/\/muzikologijaff.si\/gmgm\/wp-content\/plugins\/embed-any-document\/images\/loading.svg\" width=\"55\" height=\"55\" alt=\"Loader\">\n\t\t\t\t\t\t\t<span>Loading...<\/span>\n\t\t\t\t\t\t<\/div>\n\t\t\t\t\t<\/div>\n\t\t\t\t\t<div class=\"ead-loading-foot\">\n\t\t\t\t\t\t<div class=\"ead-loading-foot-title\">\n\t\t\t\t\t\t\t<img loading=\"lazy\" decoding=\"async\" src=\"http:\/\/muzikologijaff.si\/gmgm\/wp-content\/plugins\/embed-any-document\/images\/EAD-logo.svg\" alt=\"EAD Logo\" width=\"36\" height=\"23\"\/>\n\t\t\t\t\t\t\t<span>Taking too long?<\/span>\n\t\t\t\t\t\t<\/div>\n\t\t\t\t\t\t<p>\n\t\t\t\t\t\t\t<div class=\"ead-document-btn ead-reload-btn\" role=\"button\">\n\t\t\t\t\t\t\t\t<img loading=\"lazy\" decoding=\"async\" src=\"http:\/\/muzikologijaff.si\/gmgm\/wp-content\/plugins\/embed-any-document\/images\/reload.svg\" alt=\"Reload\" width=\"12\" height=\"12\"\/> Reload document\t\t\t\t\t\t\t<\/div>\n\t\t\t\t\t\t\t<span>|<\/span>\n\t\t\t\t\t\t\t<a href=\"http:\/\/muzikologijaff.si\/gmgm\/wp-content\/uploads\/sites\/9\/2022\/03\/Zorn_Kronika_Sept-Okt_1928-1-1.pdf\" class=\"ead-document-btn\" target=\"_blank\">\n\t\t\t\t\t\t\t\t<img loading=\"lazy\" decoding=\"async\" src=\"http:\/\/muzikologijaff.si\/gmgm\/wp-content\/plugins\/embed-any-document\/images\/open.svg\" alt=\"Open\" width=\"12\" height=\"12\"\/> Open in new tab\t\t\t\t\t\t\t<\/a>\n\t\t\t\t\t<\/div>\n\t\t\t\t<\/div>\n\t\t\t<\/div>\n\t\t<\/div><p class=\"embed_download\"><a href=\"http:\/\/muzikologijaff.si\/gmgm\/wp-content\/uploads\/sites\/9\/2022\/03\/Zorn_Kronika_Sept-Okt_1928-1-1.pdf\" download>Nalo\u017ei * Download [7.82 MB] <\/a><\/p><\/div>\n<p>Ohranjena je priloga Tiskovne slu\u017ebe za napovedjo programa 16. do 23. februar 1930, kar je o\u010ditna pomota. Zanima je zaradi napovedi glasbenega programa.<\/p>\n<p><strong>Datoteka: <\/strong><a href=\"http:\/\/muzikologijaff.si\/gmgm\/wp-content\/uploads\/sites\/9\/2022\/03\/Zorn_Kronika_1928_1929_Priloga_Tiskovna_sluzba.pdf\">Zorn_Kronika_1928_1929_Priloga_Tiskovna_sluzba<\/a><\/p>\n<div class=\"ead-preview\"><div class=\"ead-document\" style=\"position: relative;padding-top: 90%;\"><div class=\"ead-iframe-wrapper\"><iframe src=\"\/\/docs.google.com\/viewer?url=http%3A%2F%2Fmuzikologijaff.si%2Fgmgm%2Fwp-content%2Fuploads%2Fsites%2F9%2F2022%2F03%2FZorn_Kronika_1928_1929_Priloga_Tiskovna_sluzba.pdf&amp;embedded=true&amp;hl=en\" title=\"Embedded Document\" class=\"ead-iframe\" style=\"width: 100%;height: 100%;border: none;position: absolute;left: 0;top: 0;visibility: hidden;\"><\/iframe><\/div>\t\t\t<div class=\"ead-document-loading\" style=\"width:100%;height:100%;position:absolute;left:0;top:0;z-index:10;\">\n\t\t\t\t<div class=\"ead-loading-wrap\">\n\t\t\t\t\t<div class=\"ead-loading-main\">\n\t\t\t\t\t\t<div class=\"ead-loading\">\n\t\t\t\t\t\t\t<img loading=\"lazy\" decoding=\"async\" src=\"http:\/\/muzikologijaff.si\/gmgm\/wp-content\/plugins\/embed-any-document\/images\/loading.svg\" width=\"55\" height=\"55\" alt=\"Loader\">\n\t\t\t\t\t\t\t<span>Loading...<\/span>\n\t\t\t\t\t\t<\/div>\n\t\t\t\t\t<\/div>\n\t\t\t\t\t<div class=\"ead-loading-foot\">\n\t\t\t\t\t\t<div class=\"ead-loading-foot-title\">\n\t\t\t\t\t\t\t<img loading=\"lazy\" decoding=\"async\" src=\"http:\/\/muzikologijaff.si\/gmgm\/wp-content\/plugins\/embed-any-document\/images\/EAD-logo.svg\" alt=\"EAD Logo\" width=\"36\" height=\"23\"\/>\n\t\t\t\t\t\t\t<span>Taking too long?<\/span>\n\t\t\t\t\t\t<\/div>\n\t\t\t\t\t\t<p>\n\t\t\t\t\t\t\t<div class=\"ead-document-btn ead-reload-btn\" role=\"button\">\n\t\t\t\t\t\t\t\t<img loading=\"lazy\" decoding=\"async\" src=\"http:\/\/muzikologijaff.si\/gmgm\/wp-content\/plugins\/embed-any-document\/images\/reload.svg\" alt=\"Reload\" width=\"12\" height=\"12\"\/> Reload document\t\t\t\t\t\t\t<\/div>\n\t\t\t\t\t\t\t<span>|<\/span>\n\t\t\t\t\t\t\t<a href=\"http:\/\/muzikologijaff.si\/gmgm\/wp-content\/uploads\/sites\/9\/2022\/03\/Zorn_Kronika_1928_1929_Priloga_Tiskovna_sluzba.pdf\" class=\"ead-document-btn\" target=\"_blank\">\n\t\t\t\t\t\t\t\t<img loading=\"lazy\" decoding=\"async\" src=\"http:\/\/muzikologijaff.si\/gmgm\/wp-content\/plugins\/embed-any-document\/images\/open.svg\" alt=\"Open\" width=\"12\" height=\"12\"\/> Open in new tab\t\t\t\t\t\t\t<\/a>\n\t\t\t\t\t<\/div>\n\t\t\t\t<\/div>\n\t\t\t<\/div>\n\t\t<\/div><p class=\"embed_download\"><a href=\"http:\/\/muzikologijaff.si\/gmgm\/wp-content\/uploads\/sites\/9\/2022\/03\/Zorn_Kronika_1928_1929_Priloga_Tiskovna_sluzba.pdf\" download>Nalo\u017ei * Download [1.66 MB] <\/a><\/p><\/div>\n<p>\/4 Kronika Radia Ljubljana 1930. Spored za obdobje 16. do 23. februar 1930 \u2013 za\u010dne z glasbenim programom.<\/p>\n<p><strong>Datoteka: <\/strong><a href=\"http:\/\/muzikologijaff.si\/gmgm\/wp-content\/uploads\/sites\/9\/2022\/03\/Tiskovna_sluzba_1930-1.pdf\">Tiskovna_sluzba_1930<\/a><\/p>\n<div class=\"ead-preview\"><div class=\"ead-document\" style=\"position: relative;padding-top: 90%;\"><div class=\"ead-iframe-wrapper\"><iframe src=\"\/\/docs.google.com\/viewer?url=http%3A%2F%2Fmuzikologijaff.si%2Fgmgm%2Fwp-content%2Fuploads%2Fsites%2F9%2F2022%2F03%2FTiskovna_sluzba_1930-1.pdf&amp;embedded=true&amp;hl=en\" title=\"Embedded Document\" class=\"ead-iframe\" style=\"width: 100%;height: 100%;border: none;position: absolute;left: 0;top: 0;visibility: hidden;\"><\/iframe><\/div>\t\t\t<div class=\"ead-document-loading\" style=\"width:100%;height:100%;position:absolute;left:0;top:0;z-index:10;\">\n\t\t\t\t<div class=\"ead-loading-wrap\">\n\t\t\t\t\t<div class=\"ead-loading-main\">\n\t\t\t\t\t\t<div class=\"ead-loading\">\n\t\t\t\t\t\t\t<img loading=\"lazy\" decoding=\"async\" src=\"http:\/\/muzikologijaff.si\/gmgm\/wp-content\/plugins\/embed-any-document\/images\/loading.svg\" width=\"55\" height=\"55\" alt=\"Loader\">\n\t\t\t\t\t\t\t<span>Loading...<\/span>\n\t\t\t\t\t\t<\/div>\n\t\t\t\t\t<\/div>\n\t\t\t\t\t<div class=\"ead-loading-foot\">\n\t\t\t\t\t\t<div class=\"ead-loading-foot-title\">\n\t\t\t\t\t\t\t<img loading=\"lazy\" decoding=\"async\" src=\"http:\/\/muzikologijaff.si\/gmgm\/wp-content\/plugins\/embed-any-document\/images\/EAD-logo.svg\" alt=\"EAD Logo\" width=\"36\" height=\"23\"\/>\n\t\t\t\t\t\t\t<span>Taking too long?<\/span>\n\t\t\t\t\t\t<\/div>\n\t\t\t\t\t\t<p>\n\t\t\t\t\t\t\t<div class=\"ead-document-btn ead-reload-btn\" role=\"button\">\n\t\t\t\t\t\t\t\t<img loading=\"lazy\" decoding=\"async\" src=\"http:\/\/muzikologijaff.si\/gmgm\/wp-content\/plugins\/embed-any-document\/images\/reload.svg\" alt=\"Reload\" width=\"12\" height=\"12\"\/> Reload document\t\t\t\t\t\t\t<\/div>\n\t\t\t\t\t\t\t<span>|<\/span>\n\t\t\t\t\t\t\t<a href=\"http:\/\/muzikologijaff.si\/gmgm\/wp-content\/uploads\/sites\/9\/2022\/03\/Tiskovna_sluzba_1930-1.pdf\" class=\"ead-document-btn\" target=\"_blank\">\n\t\t\t\t\t\t\t\t<img loading=\"lazy\" decoding=\"async\" src=\"http:\/\/muzikologijaff.si\/gmgm\/wp-content\/plugins\/embed-any-document\/images\/open.svg\" alt=\"Open\" width=\"12\" height=\"12\"\/> Open in new tab\t\t\t\t\t\t\t<\/a>\n\t\t\t\t\t<\/div>\n\t\t\t\t<\/div>\n\t\t\t<\/div>\n\t\t<\/div><p class=\"embed_download\"><a href=\"http:\/\/muzikologijaff.si\/gmgm\/wp-content\/uploads\/sites\/9\/2022\/03\/Tiskovna_sluzba_1930-1.pdf\" download>Nalo\u017ei * Download [1.66 MB] <\/a><\/p><\/div>\n<h2><span class=\"ez-toc-section\" id=\"SI_AS_1215_%E2%80%93_s_56-3\"><\/span>SI AS 1215 \u2013 \u0161. 56<span class=\"ez-toc-section-end\"><\/span><\/h2>\n<p>\/6 Kronika Radia Ljubljana 1932. Ob \u010detrti obletnici radia. Prispevki Marija Osane, Vinka Zora, dr. Antona Dolinarja in ing. arch. Ivana Pengova. O\u010ditno je, da gre za \u010dlanek iz \u010dasopisa, vendar se ne da rabrati iz katerega.<\/p>\n<p><strong>Datoteka:<\/strong> <a href=\"http:\/\/muzikologijaff.si\/gmgm\/wp-content\/uploads\/sites\/9\/2022\/03\/Ob_cetrti_obletnici_radia-1-2.pdf\">Ob_cetrti_obletnici_radia<\/a><\/p>\n<div class=\"ead-preview\"><div class=\"ead-document\" style=\"position: relative;padding-top: 90%;\"><div class=\"ead-iframe-wrapper\"><iframe src=\"\/\/docs.google.com\/viewer?url=http%3A%2F%2Fmuzikologijaff.si%2Fgmgm%2Fwp-content%2Fuploads%2Fsites%2F9%2F2022%2F03%2FOb_cetrti_obletnici_radia-1-2.pdf&amp;embedded=true&amp;hl=en\" title=\"Embedded Document\" class=\"ead-iframe\" style=\"width: 100%;height: 100%;border: none;position: absolute;left: 0;top: 0;visibility: hidden;\"><\/iframe><\/div>\t\t\t<div class=\"ead-document-loading\" style=\"width:100%;height:100%;position:absolute;left:0;top:0;z-index:10;\">\n\t\t\t\t<div class=\"ead-loading-wrap\">\n\t\t\t\t\t<div class=\"ead-loading-main\">\n\t\t\t\t\t\t<div class=\"ead-loading\">\n\t\t\t\t\t\t\t<img loading=\"lazy\" decoding=\"async\" src=\"http:\/\/muzikologijaff.si\/gmgm\/wp-content\/plugins\/embed-any-document\/images\/loading.svg\" width=\"55\" height=\"55\" alt=\"Loader\">\n\t\t\t\t\t\t\t<span>Loading...<\/span>\n\t\t\t\t\t\t<\/div>\n\t\t\t\t\t<\/div>\n\t\t\t\t\t<div class=\"ead-loading-foot\">\n\t\t\t\t\t\t<div class=\"ead-loading-foot-title\">\n\t\t\t\t\t\t\t<img loading=\"lazy\" decoding=\"async\" src=\"http:\/\/muzikologijaff.si\/gmgm\/wp-content\/plugins\/embed-any-document\/images\/EAD-logo.svg\" alt=\"EAD Logo\" width=\"36\" height=\"23\"\/>\n\t\t\t\t\t\t\t<span>Taking too long?<\/span>\n\t\t\t\t\t\t<\/div>\n\t\t\t\t\t\t<p>\n\t\t\t\t\t\t\t<div class=\"ead-document-btn ead-reload-btn\" role=\"button\">\n\t\t\t\t\t\t\t\t<img loading=\"lazy\" decoding=\"async\" src=\"http:\/\/muzikologijaff.si\/gmgm\/wp-content\/plugins\/embed-any-document\/images\/reload.svg\" alt=\"Reload\" width=\"12\" height=\"12\"\/> Reload document\t\t\t\t\t\t\t<\/div>\n\t\t\t\t\t\t\t<span>|<\/span>\n\t\t\t\t\t\t\t<a href=\"http:\/\/muzikologijaff.si\/gmgm\/wp-content\/uploads\/sites\/9\/2022\/03\/Ob_cetrti_obletnici_radia-1-2.pdf\" class=\"ead-document-btn\" target=\"_blank\">\n\t\t\t\t\t\t\t\t<img loading=\"lazy\" decoding=\"async\" src=\"http:\/\/muzikologijaff.si\/gmgm\/wp-content\/plugins\/embed-any-document\/images\/open.svg\" alt=\"Open\" width=\"12\" height=\"12\"\/> Open in new tab\t\t\t\t\t\t\t<\/a>\n\t\t\t\t\t<\/div>\n\t\t\t\t<\/div>\n\t\t\t<\/div>\n\t\t<\/div><p class=\"embed_download\"><a href=\"http:\/\/muzikologijaff.si\/gmgm\/wp-content\/uploads\/sites\/9\/2022\/03\/Ob_cetrti_obletnici_radia-1-2.pdf\" download>Nalo\u017ei * Download [2.56 MB] <\/a><\/p><\/div>\n<p>\/11 Kronika Radia Ljubljana 1938. Na\u0161 val, leto 5\/45, od 6. do 12. novembra 1938. Prispevek: Radio Ljubljana od 28. 10. 1928 do 28. 10. 1938. Govori tudi o glasbi in glasbenem referatu.<\/p>\n<p><strong>Datoteka:\u00a0<\/strong><a href=\"http:\/\/muzikologijaff.si\/gmgm\/wp-content\/uploads\/sites\/9\/2022\/03\/Nas_val_45_1938.pdf\">Nas_val_45_1938<\/a><\/p>\n<div class=\"ead-preview\"><div class=\"ead-document\" style=\"position: relative;padding-top: 90%;\"><div class=\"ead-iframe-wrapper\"><iframe src=\"\/\/docs.google.com\/viewer?url=http%3A%2F%2Fmuzikologijaff.si%2Fgmgm%2Fwp-content%2Fuploads%2Fsites%2F9%2F2022%2F03%2FNas_val_45_1938.pdf&amp;embedded=true&amp;hl=en\" title=\"Embedded Document\" class=\"ead-iframe\" style=\"width: 100%;height: 100%;border: none;position: absolute;left: 0;top: 0;visibility: hidden;\"><\/iframe><\/div>\t\t\t<div class=\"ead-document-loading\" style=\"width:100%;height:100%;position:absolute;left:0;top:0;z-index:10;\">\n\t\t\t\t<div class=\"ead-loading-wrap\">\n\t\t\t\t\t<div class=\"ead-loading-main\">\n\t\t\t\t\t\t<div class=\"ead-loading\">\n\t\t\t\t\t\t\t<img loading=\"lazy\" decoding=\"async\" src=\"http:\/\/muzikologijaff.si\/gmgm\/wp-content\/plugins\/embed-any-document\/images\/loading.svg\" width=\"55\" height=\"55\" alt=\"Loader\">\n\t\t\t\t\t\t\t<span>Loading...<\/span>\n\t\t\t\t\t\t<\/div>\n\t\t\t\t\t<\/div>\n\t\t\t\t\t<div class=\"ead-loading-foot\">\n\t\t\t\t\t\t<div class=\"ead-loading-foot-title\">\n\t\t\t\t\t\t\t<img loading=\"lazy\" decoding=\"async\" src=\"http:\/\/muzikologijaff.si\/gmgm\/wp-content\/plugins\/embed-any-document\/images\/EAD-logo.svg\" alt=\"EAD Logo\" width=\"36\" height=\"23\"\/>\n\t\t\t\t\t\t\t<span>Taking too long?<\/span>\n\t\t\t\t\t\t<\/div>\n\t\t\t\t\t\t<p>\n\t\t\t\t\t\t\t<div class=\"ead-document-btn ead-reload-btn\" role=\"button\">\n\t\t\t\t\t\t\t\t<img loading=\"lazy\" decoding=\"async\" src=\"http:\/\/muzikologijaff.si\/gmgm\/wp-content\/plugins\/embed-any-document\/images\/reload.svg\" alt=\"Reload\" width=\"12\" height=\"12\"\/> Reload document\t\t\t\t\t\t\t<\/div>\n\t\t\t\t\t\t\t<span>|<\/span>\n\t\t\t\t\t\t\t<a href=\"http:\/\/muzikologijaff.si\/gmgm\/wp-content\/uploads\/sites\/9\/2022\/03\/Nas_val_45_1938.pdf\" class=\"ead-document-btn\" target=\"_blank\">\n\t\t\t\t\t\t\t\t<img loading=\"lazy\" decoding=\"async\" src=\"http:\/\/muzikologijaff.si\/gmgm\/wp-content\/plugins\/embed-any-document\/images\/open.svg\" alt=\"Open\" width=\"12\" height=\"12\"\/> Open in new tab\t\t\t\t\t\t\t<\/a>\n\t\t\t\t\t<\/div>\n\t\t\t\t<\/div>\n\t\t\t<\/div>\n\t\t<\/div><p class=\"embed_download\"><a href=\"http:\/\/muzikologijaff.si\/gmgm\/wp-content\/uploads\/sites\/9\/2022\/03\/Nas_val_45_1938.pdf\" download>Nalo\u017ei * Download [2.93 MB] <\/a><\/p><\/div>\n<p>\/Programska statistika 1928 -1938, vir neznan, vsebuje podatke o predvajani glasbi<\/p>\n<p><strong>Datoteka: <\/strong><a href=\"http:\/\/muzikologijaff.si\/gmgm\/wp-content\/uploads\/sites\/9\/2022\/03\/Programska_statistika_1928_1938_drugic.pdf\">Programska_statistika_1928_1938_drugic<\/a><\/p>\n<div class=\"ead-preview\"><div class=\"ead-document\" style=\"position: relative;padding-top: 90%;\"><div class=\"ead-iframe-wrapper\"><iframe src=\"\/\/docs.google.com\/viewer?url=http%3A%2F%2Fmuzikologijaff.si%2Fgmgm%2Fwp-content%2Fuploads%2Fsites%2F9%2F2022%2F03%2FProgramska_statistika_1928_1938_drugic-1-1.pdf&amp;embedded=true&amp;hl=en\" title=\"Embedded Document\" class=\"ead-iframe\" style=\"width: 100%;height: 100%;border: none;position: absolute;left: 0;top: 0;visibility: hidden;\"><\/iframe><\/div>\t\t\t<div class=\"ead-document-loading\" style=\"width:100%;height:100%;position:absolute;left:0;top:0;z-index:10;\">\n\t\t\t\t<div class=\"ead-loading-wrap\">\n\t\t\t\t\t<div class=\"ead-loading-main\">\n\t\t\t\t\t\t<div class=\"ead-loading\">\n\t\t\t\t\t\t\t<img loading=\"lazy\" decoding=\"async\" src=\"http:\/\/muzikologijaff.si\/gmgm\/wp-content\/plugins\/embed-any-document\/images\/loading.svg\" width=\"55\" height=\"55\" alt=\"Loader\">\n\t\t\t\t\t\t\t<span>Loading...<\/span>\n\t\t\t\t\t\t<\/div>\n\t\t\t\t\t<\/div>\n\t\t\t\t\t<div class=\"ead-loading-foot\">\n\t\t\t\t\t\t<div class=\"ead-loading-foot-title\">\n\t\t\t\t\t\t\t<img loading=\"lazy\" decoding=\"async\" src=\"http:\/\/muzikologijaff.si\/gmgm\/wp-content\/plugins\/embed-any-document\/images\/EAD-logo.svg\" alt=\"EAD Logo\" width=\"36\" height=\"23\"\/>\n\t\t\t\t\t\t\t<span>Taking too long?<\/span>\n\t\t\t\t\t\t<\/div>\n\t\t\t\t\t\t<p>\n\t\t\t\t\t\t\t<div class=\"ead-document-btn ead-reload-btn\" role=\"button\">\n\t\t\t\t\t\t\t\t<img loading=\"lazy\" decoding=\"async\" src=\"http:\/\/muzikologijaff.si\/gmgm\/wp-content\/plugins\/embed-any-document\/images\/reload.svg\" alt=\"Reload\" width=\"12\" height=\"12\"\/> Reload document\t\t\t\t\t\t\t<\/div>\n\t\t\t\t\t\t\t<span>|<\/span>\n\t\t\t\t\t\t\t<a href=\"http:\/\/muzikologijaff.si\/gmgm\/wp-content\/uploads\/sites\/9\/2022\/03\/Programska_statistika_1928_1938_drugic-1-1.pdf\" class=\"ead-document-btn\" target=\"_blank\">\n\t\t\t\t\t\t\t\t<img loading=\"lazy\" decoding=\"async\" src=\"http:\/\/muzikologijaff.si\/gmgm\/wp-content\/plugins\/embed-any-document\/images\/open.svg\" alt=\"Open\" width=\"12\" height=\"12\"\/> Open in new tab\t\t\t\t\t\t\t<\/a>\n\t\t\t\t\t<\/div>\n\t\t\t\t<\/div>\n\t\t\t<\/div>\n\t\t<\/div><p class=\"embed_download\"><a href=\"http:\/\/muzikologijaff.si\/gmgm\/wp-content\/uploads\/sites\/9\/2022\/03\/Programska_statistika_1928_1938_drugic-1-1.pdf\" download>Nalo\u017ei * Download [1.27 MB] <\/a><\/p><\/div>\n<p>\/Radio Ljubljana, letnik 11, \u0161tev. 9, od 26. februarja. do 4. marca 1939. Prispevka: Potrebe slovenskega radia, iz govora g. svetnika dr. Kamu\u0161i\u010da na rednem zasedanju Banskega sveta Dravske banovine, in Ljubljanski radio in slovenska glasba (avtor ni napisan).<\/p>\n<p><strong>Datoteka: <\/strong><a href=\"http:\/\/muzikologijaff.si\/gmgm\/wp-content\/uploads\/sites\/9\/2022\/03\/Potrebe_slovenskega_radia_1939.pdf\">Potrebe_slovenskega_radia_1939.pdf<\/a><\/p>\n<div class=\"ead-preview\"><div class=\"ead-document\" style=\"position: relative;padding-top: 90%;\"><div class=\"ead-iframe-wrapper\"><iframe src=\"\/\/docs.google.com\/viewer?url=http%3A%2F%2Fmuzikologijaff.si%2Fgmgm%2Fwp-content%2Fuploads%2Fsites%2F9%2F2022%2F03%2FPotrebe_slovenskega_radia_1939.pdf&amp;embedded=true&amp;hl=en\" title=\"Embedded Document\" class=\"ead-iframe\" style=\"width: 100%;height: 100%;border: none;position: absolute;left: 0;top: 0;visibility: hidden;\"><\/iframe><\/div>\t\t\t<div class=\"ead-document-loading\" style=\"width:100%;height:100%;position:absolute;left:0;top:0;z-index:10;\">\n\t\t\t\t<div class=\"ead-loading-wrap\">\n\t\t\t\t\t<div class=\"ead-loading-main\">\n\t\t\t\t\t\t<div class=\"ead-loading\">\n\t\t\t\t\t\t\t<img loading=\"lazy\" decoding=\"async\" src=\"http:\/\/muzikologijaff.si\/gmgm\/wp-content\/plugins\/embed-any-document\/images\/loading.svg\" width=\"55\" height=\"55\" alt=\"Loader\">\n\t\t\t\t\t\t\t<span>Loading...<\/span>\n\t\t\t\t\t\t<\/div>\n\t\t\t\t\t<\/div>\n\t\t\t\t\t<div class=\"ead-loading-foot\">\n\t\t\t\t\t\t<div class=\"ead-loading-foot-title\">\n\t\t\t\t\t\t\t<img loading=\"lazy\" decoding=\"async\" src=\"http:\/\/muzikologijaff.si\/gmgm\/wp-content\/plugins\/embed-any-document\/images\/EAD-logo.svg\" alt=\"EAD Logo\" width=\"36\" height=\"23\"\/>\n\t\t\t\t\t\t\t<span>Taking too long?<\/span>\n\t\t\t\t\t\t<\/div>\n\t\t\t\t\t\t<p>\n\t\t\t\t\t\t\t<div class=\"ead-document-btn ead-reload-btn\" role=\"button\">\n\t\t\t\t\t\t\t\t<img loading=\"lazy\" decoding=\"async\" src=\"http:\/\/muzikologijaff.si\/gmgm\/wp-content\/plugins\/embed-any-document\/images\/reload.svg\" alt=\"Reload\" width=\"12\" height=\"12\"\/> Reload document\t\t\t\t\t\t\t<\/div>\n\t\t\t\t\t\t\t<span>|<\/span>\n\t\t\t\t\t\t\t<a href=\"http:\/\/muzikologijaff.si\/gmgm\/wp-content\/uploads\/sites\/9\/2022\/03\/Potrebe_slovenskega_radia_1939.pdf\" class=\"ead-document-btn\" target=\"_blank\">\n\t\t\t\t\t\t\t\t<img loading=\"lazy\" decoding=\"async\" src=\"http:\/\/muzikologijaff.si\/gmgm\/wp-content\/plugins\/embed-any-document\/images\/open.svg\" alt=\"Open\" width=\"12\" height=\"12\"\/> Open in new tab\t\t\t\t\t\t\t<\/a>\n\t\t\t\t\t<\/div>\n\t\t\t\t<\/div>\n\t\t\t<\/div>\n\t\t<\/div><p class=\"embed_download\"><a href=\"http:\/\/muzikologijaff.si\/gmgm\/wp-content\/uploads\/sites\/9\/2022\/03\/Potrebe_slovenskega_radia_1939.pdf\" download>Nalo\u017ei * Download [1.60 MB] <\/a><\/p><\/div>\n<p>\/Radio Ljubljana, letnik 11, \u0161tev. 16, od 16. do 22. aprila 1939. Prispevek: Delo radijskega orkestra, iz pogovora z dirigentom g. D. M. \u0160ijancem<\/p>\n<p><strong>Datoteka: <\/strong><a href=\"http:\/\/muzikologijaff.si\/gmgm\/wp-content\/uploads\/sites\/9\/2022\/03\/Delo_radijskega_orkestra_1939-1.pdf\">Delo_radijskega_orkestra_1939.pdf<\/a><\/p>\n<div class=\"ead-preview\"><div class=\"ead-document\" style=\"position: relative;padding-top: 90%;\"><div class=\"ead-iframe-wrapper\"><iframe src=\"\/\/docs.google.com\/viewer?url=http%3A%2F%2Fmuzikologijaff.si%2Fgmgm%2Fwp-content%2Fuploads%2Fsites%2F9%2F2022%2F03%2FDelo_radijskega_orkestra_1939-1.pdf&amp;embedded=true&amp;hl=en\" title=\"Embedded Document\" class=\"ead-iframe\" style=\"width: 100%;height: 100%;border: none;position: absolute;left: 0;top: 0;visibility: hidden;\"><\/iframe><\/div>\t\t\t<div class=\"ead-document-loading\" style=\"width:100%;height:100%;position:absolute;left:0;top:0;z-index:10;\">\n\t\t\t\t<div class=\"ead-loading-wrap\">\n\t\t\t\t\t<div class=\"ead-loading-main\">\n\t\t\t\t\t\t<div class=\"ead-loading\">\n\t\t\t\t\t\t\t<img loading=\"lazy\" decoding=\"async\" src=\"http:\/\/muzikologijaff.si\/gmgm\/wp-content\/plugins\/embed-any-document\/images\/loading.svg\" width=\"55\" height=\"55\" alt=\"Loader\">\n\t\t\t\t\t\t\t<span>Loading...<\/span>\n\t\t\t\t\t\t<\/div>\n\t\t\t\t\t<\/div>\n\t\t\t\t\t<div class=\"ead-loading-foot\">\n\t\t\t\t\t\t<div class=\"ead-loading-foot-title\">\n\t\t\t\t\t\t\t<img loading=\"lazy\" decoding=\"async\" src=\"http:\/\/muzikologijaff.si\/gmgm\/wp-content\/plugins\/embed-any-document\/images\/EAD-logo.svg\" alt=\"EAD Logo\" width=\"36\" height=\"23\"\/>\n\t\t\t\t\t\t\t<span>Taking too long?<\/span>\n\t\t\t\t\t\t<\/div>\n\t\t\t\t\t\t<p>\n\t\t\t\t\t\t\t<div class=\"ead-document-btn ead-reload-btn\" role=\"button\">\n\t\t\t\t\t\t\t\t<img loading=\"lazy\" decoding=\"async\" src=\"http:\/\/muzikologijaff.si\/gmgm\/wp-content\/plugins\/embed-any-document\/images\/reload.svg\" alt=\"Reload\" width=\"12\" height=\"12\"\/> Reload document\t\t\t\t\t\t\t<\/div>\n\t\t\t\t\t\t\t<span>|<\/span>\n\t\t\t\t\t\t\t<a href=\"http:\/\/muzikologijaff.si\/gmgm\/wp-content\/uploads\/sites\/9\/2022\/03\/Delo_radijskega_orkestra_1939-1.pdf\" class=\"ead-document-btn\" target=\"_blank\">\n\t\t\t\t\t\t\t\t<img loading=\"lazy\" decoding=\"async\" src=\"http:\/\/muzikologijaff.si\/gmgm\/wp-content\/plugins\/embed-any-document\/images\/open.svg\" alt=\"Open\" width=\"12\" height=\"12\"\/> Open in new tab\t\t\t\t\t\t\t<\/a>\n\t\t\t\t\t<\/div>\n\t\t\t\t<\/div>\n\t\t\t<\/div>\n\t\t<\/div><p class=\"embed_download\"><a href=\"http:\/\/muzikologijaff.si\/gmgm\/wp-content\/uploads\/sites\/9\/2022\/03\/Delo_radijskega_orkestra_1939-1.pdf\" download>Nalo\u017ei * Download [1.51 MB] <\/a><\/p><\/div>\n<p>\/13 Kronika Radia Ljubljana 1940. Na\u0161 val. Leto 7, \u0161tev. 8, od 18. do 24. februarja 1940. Pogovor z glasbenim referentom dr. Antonom Dolinarjem, brez navedbe avtorja<\/p>\n<p><strong>Datoteka:<\/strong> <a href=\"http:\/\/muzikologijaff.si\/gmgm\/wp-content\/uploads\/sites\/9\/2022\/03\/Glasba_v_nasem_radiu_lani_in_letos.pdf\">Glasba_v_nasem_radiu_lani_in_letos.pdf<\/a><\/p>\n<div class=\"ead-preview\"><div class=\"ead-document\" style=\"position: relative;padding-top: 90%;\"><div class=\"ead-iframe-wrapper\"><iframe src=\"\/\/docs.google.com\/viewer?url=http%3A%2F%2Fmuzikologijaff.si%2Fgmgm%2Fwp-content%2Fuploads%2Fsites%2F9%2F2022%2F03%2FGlasba_v_nasem_radiu_lani_in_letos.pdf&amp;embedded=true&amp;hl=en\" title=\"Embedded Document\" class=\"ead-iframe\" style=\"width: 100%;height: 100%;border: none;position: absolute;left: 0;top: 0;visibility: hidden;\"><\/iframe><\/div>\t\t\t<div class=\"ead-document-loading\" style=\"width:100%;height:100%;position:absolute;left:0;top:0;z-index:10;\">\n\t\t\t\t<div class=\"ead-loading-wrap\">\n\t\t\t\t\t<div class=\"ead-loading-main\">\n\t\t\t\t\t\t<div class=\"ead-loading\">\n\t\t\t\t\t\t\t<img loading=\"lazy\" decoding=\"async\" src=\"http:\/\/muzikologijaff.si\/gmgm\/wp-content\/plugins\/embed-any-document\/images\/loading.svg\" width=\"55\" height=\"55\" alt=\"Loader\">\n\t\t\t\t\t\t\t<span>Loading...<\/span>\n\t\t\t\t\t\t<\/div>\n\t\t\t\t\t<\/div>\n\t\t\t\t\t<div class=\"ead-loading-foot\">\n\t\t\t\t\t\t<div class=\"ead-loading-foot-title\">\n\t\t\t\t\t\t\t<img loading=\"lazy\" decoding=\"async\" src=\"http:\/\/muzikologijaff.si\/gmgm\/wp-content\/plugins\/embed-any-document\/images\/EAD-logo.svg\" alt=\"EAD Logo\" width=\"36\" height=\"23\"\/>\n\t\t\t\t\t\t\t<span>Taking too long?<\/span>\n\t\t\t\t\t\t<\/div>\n\t\t\t\t\t\t<p>\n\t\t\t\t\t\t\t<div class=\"ead-document-btn ead-reload-btn\" role=\"button\">\n\t\t\t\t\t\t\t\t<img loading=\"lazy\" decoding=\"async\" src=\"http:\/\/muzikologijaff.si\/gmgm\/wp-content\/plugins\/embed-any-document\/images\/reload.svg\" alt=\"Reload\" width=\"12\" height=\"12\"\/> Reload document\t\t\t\t\t\t\t<\/div>\n\t\t\t\t\t\t\t<span>|<\/span>\n\t\t\t\t\t\t\t<a href=\"http:\/\/muzikologijaff.si\/gmgm\/wp-content\/uploads\/sites\/9\/2022\/03\/Glasba_v_nasem_radiu_lani_in_letos.pdf\" class=\"ead-document-btn\" target=\"_blank\">\n\t\t\t\t\t\t\t\t<img loading=\"lazy\" decoding=\"async\" src=\"http:\/\/muzikologijaff.si\/gmgm\/wp-content\/plugins\/embed-any-document\/images\/open.svg\" alt=\"Open\" width=\"12\" height=\"12\"\/> Open in new tab\t\t\t\t\t\t\t<\/a>\n\t\t\t\t\t<\/div>\n\t\t\t\t<\/div>\n\t\t\t<\/div>\n\t\t<\/div><p class=\"embed_download\"><a href=\"http:\/\/muzikologijaff.si\/gmgm\/wp-content\/uploads\/sites\/9\/2022\/03\/Glasba_v_nasem_radiu_lani_in_letos.pdf\" download>Nalo\u017ei * Download [1.61 MB] <\/a><\/p><\/div>\n<p>\/Na\u0161 val, leto 7, \u0161tev. 11, od 10. do 16. marca 1940. Radio Ljubljana v letu 1940 (programska statistika za leto 1940).<\/p>\n<p><strong>Datoteka:\u00a0<\/strong><a href=\"http:\/\/muzikologijaff.si\/gmgm\/wp-content\/uploads\/sites\/9\/2022\/03\/Radio_Ljubljana_v_letu_1940-1-1.pdf\">Radio_Ljubljana_v_letu_1940<\/a><\/p>\n<div class=\"ead-preview\"><div class=\"ead-document\" style=\"position: relative;padding-top: 90%;\"><div class=\"ead-iframe-wrapper\"><iframe src=\"\/\/docs.google.com\/viewer?url=http%3A%2F%2Fmuzikologijaff.si%2Fgmgm%2Fwp-content%2Fuploads%2Fsites%2F9%2F2022%2F03%2FRadio_Ljubljana_v_letu_1940-1-1.pdf&amp;embedded=true&amp;hl=en\" title=\"Embedded Document\" class=\"ead-iframe\" style=\"width: 100%;height: 100%;border: none;position: absolute;left: 0;top: 0;visibility: hidden;\"><\/iframe><\/div>\t\t\t<div class=\"ead-document-loading\" style=\"width:100%;height:100%;position:absolute;left:0;top:0;z-index:10;\">\n\t\t\t\t<div class=\"ead-loading-wrap\">\n\t\t\t\t\t<div class=\"ead-loading-main\">\n\t\t\t\t\t\t<div class=\"ead-loading\">\n\t\t\t\t\t\t\t<img loading=\"lazy\" decoding=\"async\" src=\"http:\/\/muzikologijaff.si\/gmgm\/wp-content\/plugins\/embed-any-document\/images\/loading.svg\" width=\"55\" height=\"55\" alt=\"Loader\">\n\t\t\t\t\t\t\t<span>Loading...<\/span>\n\t\t\t\t\t\t<\/div>\n\t\t\t\t\t<\/div>\n\t\t\t\t\t<div class=\"ead-loading-foot\">\n\t\t\t\t\t\t<div class=\"ead-loading-foot-title\">\n\t\t\t\t\t\t\t<img loading=\"lazy\" decoding=\"async\" src=\"http:\/\/muzikologijaff.si\/gmgm\/wp-content\/plugins\/embed-any-document\/images\/EAD-logo.svg\" alt=\"EAD Logo\" width=\"36\" height=\"23\"\/>\n\t\t\t\t\t\t\t<span>Taking too long?<\/span>\n\t\t\t\t\t\t<\/div>\n\t\t\t\t\t\t<p>\n\t\t\t\t\t\t\t<div class=\"ead-document-btn ead-reload-btn\" role=\"button\">\n\t\t\t\t\t\t\t\t<img loading=\"lazy\" decoding=\"async\" src=\"http:\/\/muzikologijaff.si\/gmgm\/wp-content\/plugins\/embed-any-document\/images\/reload.svg\" alt=\"Reload\" width=\"12\" height=\"12\"\/> Reload document\t\t\t\t\t\t\t<\/div>\n\t\t\t\t\t\t\t<span>|<\/span>\n\t\t\t\t\t\t\t<a href=\"http:\/\/muzikologijaff.si\/gmgm\/wp-content\/uploads\/sites\/9\/2022\/03\/Radio_Ljubljana_v_letu_1940-1-1.pdf\" class=\"ead-document-btn\" target=\"_blank\">\n\t\t\t\t\t\t\t\t<img loading=\"lazy\" decoding=\"async\" src=\"http:\/\/muzikologijaff.si\/gmgm\/wp-content\/plugins\/embed-any-document\/images\/open.svg\" alt=\"Open\" width=\"12\" height=\"12\"\/> Open in new tab\t\t\t\t\t\t\t<\/a>\n\t\t\t\t\t<\/div>\n\t\t\t\t<\/div>\n\t\t\t<\/div>\n\t\t<\/div><p class=\"embed_download\"><a href=\"http:\/\/muzikologijaff.si\/gmgm\/wp-content\/uploads\/sites\/9\/2022\/03\/Radio_Ljubljana_v_letu_1940-1-1.pdf\" download>Nalo\u017ei * Download [557.99 KB] <\/a><\/p><\/div>\n<p>SI AS 1215 \u2013 \u0161. 401<\/p>\n<p>\/ brez zaporedne \u0161tevilke dokumenta, vezano v obliki zvezka. Televizijski program v jesenko-zimski sezoni 1963\/64, 10. junij 1963.<\/p>\n<p><strong>Datoteka: <\/strong><a href=\"http:\/\/muzikologijaff.si\/gmgm\/wp-content\/uploads\/sites\/9\/2022\/03\/Televizijski_program_1963-1964.pdf\">Televizijski_program_1963-1964<\/a><\/p>\n<div class=\"ead-preview\"><div class=\"ead-document\" style=\"position: relative;padding-top: 90%;\"><div class=\"ead-iframe-wrapper\"><iframe src=\"\/\/docs.google.com\/viewer?url=http%3A%2F%2Fmuzikologijaff.si%2Fgmgm%2Fwp-content%2Fuploads%2Fsites%2F9%2F2022%2F03%2FTelevizijski_program_1963-1964.pdf&amp;embedded=true&amp;hl=en\" title=\"Embedded Document\" class=\"ead-iframe\" style=\"width: 100%;height: 100%;border: none;position: absolute;left: 0;top: 0;visibility: hidden;\"><\/iframe><\/div>\t\t\t<div class=\"ead-document-loading\" style=\"width:100%;height:100%;position:absolute;left:0;top:0;z-index:10;\">\n\t\t\t\t<div class=\"ead-loading-wrap\">\n\t\t\t\t\t<div class=\"ead-loading-main\">\n\t\t\t\t\t\t<div class=\"ead-loading\">\n\t\t\t\t\t\t\t<img loading=\"lazy\" decoding=\"async\" src=\"http:\/\/muzikologijaff.si\/gmgm\/wp-content\/plugins\/embed-any-document\/images\/loading.svg\" width=\"55\" height=\"55\" alt=\"Loader\">\n\t\t\t\t\t\t\t<span>Loading...<\/span>\n\t\t\t\t\t\t<\/div>\n\t\t\t\t\t<\/div>\n\t\t\t\t\t<div class=\"ead-loading-foot\">\n\t\t\t\t\t\t<div class=\"ead-loading-foot-title\">\n\t\t\t\t\t\t\t<img loading=\"lazy\" decoding=\"async\" src=\"http:\/\/muzikologijaff.si\/gmgm\/wp-content\/plugins\/embed-any-document\/images\/EAD-logo.svg\" alt=\"EAD Logo\" width=\"36\" height=\"23\"\/>\n\t\t\t\t\t\t\t<span>Taking too long?<\/span>\n\t\t\t\t\t\t<\/div>\n\t\t\t\t\t\t<p>\n\t\t\t\t\t\t\t<div class=\"ead-document-btn ead-reload-btn\" role=\"button\">\n\t\t\t\t\t\t\t\t<img loading=\"lazy\" decoding=\"async\" src=\"http:\/\/muzikologijaff.si\/gmgm\/wp-content\/plugins\/embed-any-document\/images\/reload.svg\" alt=\"Reload\" width=\"12\" height=\"12\"\/> Reload document\t\t\t\t\t\t\t<\/div>\n\t\t\t\t\t\t\t<span>|<\/span>\n\t\t\t\t\t\t\t<a href=\"http:\/\/muzikologijaff.si\/gmgm\/wp-content\/uploads\/sites\/9\/2022\/03\/Televizijski_program_1963-1964.pdf\" class=\"ead-document-btn\" target=\"_blank\">\n\t\t\t\t\t\t\t\t<img loading=\"lazy\" decoding=\"async\" src=\"http:\/\/muzikologijaff.si\/gmgm\/wp-content\/plugins\/embed-any-document\/images\/open.svg\" alt=\"Open\" width=\"12\" height=\"12\"\/> Open in new tab\t\t\t\t\t\t\t<\/a>\n\t\t\t\t\t<\/div>\n\t\t\t\t<\/div>\n\t\t\t<\/div>\n\t\t<\/div><p class=\"embed_download\"><a href=\"http:\/\/muzikologijaff.si\/gmgm\/wp-content\/uploads\/sites\/9\/2022\/03\/Televizijski_program_1963-1964.pdf\" download>Nalo\u017ei * Download [5.19 MB] <\/a><\/p><\/div>\n<p>Zabavne in glasbene oddaje v sezoni 1963-1964 (iz istega dokumenta):<\/p>\n<p><strong>Datoteka: <\/strong><a href=\"http:\/\/muzikologijaff.si\/gmgm\/wp-content\/uploads\/sites\/9\/2022\/03\/Glasbene_oddaje_1963_1964.pdf\">Glasbene_oddaje_1963_1964<\/a><\/p>\n<div class=\"ead-preview\"><div class=\"ead-document\" style=\"position: relative;padding-top: 90%;\"><div class=\"ead-iframe-wrapper\"><iframe src=\"\/\/docs.google.com\/viewer?url=http%3A%2F%2Fmuzikologijaff.si%2Fgmgm%2Fwp-content%2Fuploads%2Fsites%2F9%2F2022%2F03%2FGlasbene_oddaje_1963_1964.pdf&amp;embedded=true&amp;hl=en\" title=\"Embedded Document\" class=\"ead-iframe\" style=\"width: 100%;height: 100%;border: none;position: absolute;left: 0;top: 0;visibility: hidden;\"><\/iframe><\/div>\t\t\t<div class=\"ead-document-loading\" style=\"width:100%;height:100%;position:absolute;left:0;top:0;z-index:10;\">\n\t\t\t\t<div class=\"ead-loading-wrap\">\n\t\t\t\t\t<div class=\"ead-loading-main\">\n\t\t\t\t\t\t<div class=\"ead-loading\">\n\t\t\t\t\t\t\t<img loading=\"lazy\" decoding=\"async\" src=\"http:\/\/muzikologijaff.si\/gmgm\/wp-content\/plugins\/embed-any-document\/images\/loading.svg\" width=\"55\" height=\"55\" alt=\"Loader\">\n\t\t\t\t\t\t\t<span>Loading...<\/span>\n\t\t\t\t\t\t<\/div>\n\t\t\t\t\t<\/div>\n\t\t\t\t\t<div class=\"ead-loading-foot\">\n\t\t\t\t\t\t<div class=\"ead-loading-foot-title\">\n\t\t\t\t\t\t\t<img loading=\"lazy\" decoding=\"async\" src=\"http:\/\/muzikologijaff.si\/gmgm\/wp-content\/plugins\/embed-any-document\/images\/EAD-logo.svg\" alt=\"EAD Logo\" width=\"36\" height=\"23\"\/>\n\t\t\t\t\t\t\t<span>Taking too long?<\/span>\n\t\t\t\t\t\t<\/div>\n\t\t\t\t\t\t<p>\n\t\t\t\t\t\t\t<div class=\"ead-document-btn ead-reload-btn\" role=\"button\">\n\t\t\t\t\t\t\t\t<img loading=\"lazy\" decoding=\"async\" src=\"http:\/\/muzikologijaff.si\/gmgm\/wp-content\/plugins\/embed-any-document\/images\/reload.svg\" alt=\"Reload\" width=\"12\" height=\"12\"\/> Reload document\t\t\t\t\t\t\t<\/div>\n\t\t\t\t\t\t\t<span>|<\/span>\n\t\t\t\t\t\t\t<a href=\"http:\/\/muzikologijaff.si\/gmgm\/wp-content\/uploads\/sites\/9\/2022\/03\/Glasbene_oddaje_1963_1964.pdf\" class=\"ead-document-btn\" target=\"_blank\">\n\t\t\t\t\t\t\t\t<img loading=\"lazy\" decoding=\"async\" src=\"http:\/\/muzikologijaff.si\/gmgm\/wp-content\/plugins\/embed-any-document\/images\/open.svg\" alt=\"Open\" width=\"12\" height=\"12\"\/> Open in new tab\t\t\t\t\t\t\t<\/a>\n\t\t\t\t\t<\/div>\n\t\t\t\t<\/div>\n\t\t\t<\/div>\n\t\t<\/div><p class=\"embed_download\"><a href=\"http:\/\/muzikologijaff.si\/gmgm\/wp-content\/uploads\/sites\/9\/2022\/03\/Glasbene_oddaje_1963_1964.pdf\" download>Nalo\u017ei * Download [4.03 MB] <\/a><\/p><\/div>\n<p>\/ Brez zaporedne \u0161tevilke dokumenta, vezano v obliki zvezka. Programske osnove in strukture nove jesensko-zimske sheme 1964-1965 televizijskega programa RTV Ljubljana<\/p>\n<p><strong>Datoteka: <\/strong><a href=\"http:\/\/muzikologijaff.si\/gmgm\/wp-content\/uploads\/sites\/9\/2022\/03\/Programske_osnove_1964-1965.pdf\">Programske_osnove_1964-1965<\/a><\/p>\n<div class=\"ead-preview\"><div class=\"ead-document\" style=\"position: relative;padding-top: 90%;\"><div class=\"ead-iframe-wrapper\"><iframe src=\"\/\/docs.google.com\/viewer?url=http%3A%2F%2Fmuzikologijaff.si%2Fgmgm%2Fwp-content%2Fuploads%2Fsites%2F9%2F2022%2F03%2FProgramske_osnove_1964-1965.pdf&amp;embedded=true&amp;hl=en\" title=\"Embedded Document\" class=\"ead-iframe\" style=\"width: 100%;height: 100%;border: none;position: absolute;left: 0;top: 0;visibility: hidden;\"><\/iframe><\/div>\t\t\t<div class=\"ead-document-loading\" style=\"width:100%;height:100%;position:absolute;left:0;top:0;z-index:10;\">\n\t\t\t\t<div class=\"ead-loading-wrap\">\n\t\t\t\t\t<div class=\"ead-loading-main\">\n\t\t\t\t\t\t<div class=\"ead-loading\">\n\t\t\t\t\t\t\t<img loading=\"lazy\" decoding=\"async\" src=\"http:\/\/muzikologijaff.si\/gmgm\/wp-content\/plugins\/embed-any-document\/images\/loading.svg\" width=\"55\" height=\"55\" alt=\"Loader\">\n\t\t\t\t\t\t\t<span>Loading...<\/span>\n\t\t\t\t\t\t<\/div>\n\t\t\t\t\t<\/div>\n\t\t\t\t\t<div class=\"ead-loading-foot\">\n\t\t\t\t\t\t<div class=\"ead-loading-foot-title\">\n\t\t\t\t\t\t\t<img loading=\"lazy\" decoding=\"async\" src=\"http:\/\/muzikologijaff.si\/gmgm\/wp-content\/plugins\/embed-any-document\/images\/EAD-logo.svg\" alt=\"EAD Logo\" width=\"36\" height=\"23\"\/>\n\t\t\t\t\t\t\t<span>Taking too long?<\/span>\n\t\t\t\t\t\t<\/div>\n\t\t\t\t\t\t<p>\n\t\t\t\t\t\t\t<div class=\"ead-document-btn ead-reload-btn\" role=\"button\">\n\t\t\t\t\t\t\t\t<img loading=\"lazy\" decoding=\"async\" src=\"http:\/\/muzikologijaff.si\/gmgm\/wp-content\/plugins\/embed-any-document\/images\/reload.svg\" alt=\"Reload\" width=\"12\" height=\"12\"\/> Reload document\t\t\t\t\t\t\t<\/div>\n\t\t\t\t\t\t\t<span>|<\/span>\n\t\t\t\t\t\t\t<a href=\"http:\/\/muzikologijaff.si\/gmgm\/wp-content\/uploads\/sites\/9\/2022\/03\/Programske_osnove_1964-1965.pdf\" class=\"ead-document-btn\" target=\"_blank\">\n\t\t\t\t\t\t\t\t<img loading=\"lazy\" decoding=\"async\" src=\"http:\/\/muzikologijaff.si\/gmgm\/wp-content\/plugins\/embed-any-document\/images\/open.svg\" alt=\"Open\" width=\"12\" height=\"12\"\/> Open in new tab\t\t\t\t\t\t\t<\/a>\n\t\t\t\t\t<\/div>\n\t\t\t\t<\/div>\n\t\t\t<\/div>\n\t\t<\/div><p class=\"embed_download\"><a href=\"http:\/\/muzikologijaff.si\/gmgm\/wp-content\/uploads\/sites\/9\/2022\/03\/Programske_osnove_1964-1965.pdf\" download>Nalo\u017ei * Download [4.45 MB] <\/a><\/p><\/div>\n<p>Shemati\u010dni pregled za 1964-1965 (iz istega dokumenta), vsebuje podatke za glasbo:<\/p>\n<p><strong>Datoteka: <\/strong><a href=\"http:\/\/muzikologijaff.si\/gmgm\/wp-content\/uploads\/sites\/9\/2022\/03\/Shematski_prikaz_1964-1965-1.pdf\">Shematski_prikaz_1964-1965<\/a><\/p>\n<div class=\"ead-preview\"><div class=\"ead-document\" style=\"position: relative;padding-top: 90%;\"><div class=\"ead-iframe-wrapper\"><iframe src=\"\/\/docs.google.com\/viewer?url=http%3A%2F%2Fmuzikologijaff.si%2Fgmgm%2Fwp-content%2Fuploads%2Fsites%2F9%2F2022%2F03%2FShematski_prikaz_1964-1965-1.pdf&amp;embedded=true&amp;hl=en\" title=\"Embedded Document\" class=\"ead-iframe\" style=\"width: 100%;height: 100%;border: none;position: absolute;left: 0;top: 0;visibility: hidden;\"><\/iframe><\/div>\t\t\t<div class=\"ead-document-loading\" style=\"width:100%;height:100%;position:absolute;left:0;top:0;z-index:10;\">\n\t\t\t\t<div class=\"ead-loading-wrap\">\n\t\t\t\t\t<div class=\"ead-loading-main\">\n\t\t\t\t\t\t<div class=\"ead-loading\">\n\t\t\t\t\t\t\t<img loading=\"lazy\" decoding=\"async\" src=\"http:\/\/muzikologijaff.si\/gmgm\/wp-content\/plugins\/embed-any-document\/images\/loading.svg\" width=\"55\" height=\"55\" alt=\"Loader\">\n\t\t\t\t\t\t\t<span>Loading...<\/span>\n\t\t\t\t\t\t<\/div>\n\t\t\t\t\t<\/div>\n\t\t\t\t\t<div class=\"ead-loading-foot\">\n\t\t\t\t\t\t<div class=\"ead-loading-foot-title\">\n\t\t\t\t\t\t\t<img loading=\"lazy\" decoding=\"async\" src=\"http:\/\/muzikologijaff.si\/gmgm\/wp-content\/plugins\/embed-any-document\/images\/EAD-logo.svg\" alt=\"EAD Logo\" width=\"36\" height=\"23\"\/>\n\t\t\t\t\t\t\t<span>Taking too long?<\/span>\n\t\t\t\t\t\t<\/div>\n\t\t\t\t\t\t<p>\n\t\t\t\t\t\t\t<div class=\"ead-document-btn ead-reload-btn\" role=\"button\">\n\t\t\t\t\t\t\t\t<img loading=\"lazy\" decoding=\"async\" src=\"http:\/\/muzikologijaff.si\/gmgm\/wp-content\/plugins\/embed-any-document\/images\/reload.svg\" alt=\"Reload\" width=\"12\" height=\"12\"\/> Reload document\t\t\t\t\t\t\t<\/div>\n\t\t\t\t\t\t\t<span>|<\/span>\n\t\t\t\t\t\t\t<a href=\"http:\/\/muzikologijaff.si\/gmgm\/wp-content\/uploads\/sites\/9\/2022\/03\/Shematski_prikaz_1964-1965-1.pdf\" class=\"ead-document-btn\" target=\"_blank\">\n\t\t\t\t\t\t\t\t<img loading=\"lazy\" decoding=\"async\" src=\"http:\/\/muzikologijaff.si\/gmgm\/wp-content\/plugins\/embed-any-document\/images\/open.svg\" alt=\"Open\" width=\"12\" height=\"12\"\/> Open in new tab\t\t\t\t\t\t\t<\/a>\n\t\t\t\t\t<\/div>\n\t\t\t\t<\/div>\n\t\t\t<\/div>\n\t\t<\/div><p class=\"embed_download\"><a href=\"http:\/\/muzikologijaff.si\/gmgm\/wp-content\/uploads\/sites\/9\/2022\/03\/Shematski_prikaz_1964-1965-1.pdf\" download>Nalo\u017ei * Download [3.07 MB] <\/a><\/p><\/div>\n<p>Resna glasba 1964\u20131965 (iz istega dokumenta)<\/p>\n<p><strong>Datoteka: <\/strong><a href=\"http:\/\/muzikologijaff.si\/gmgm\/wp-content\/uploads\/sites\/9\/2022\/03\/Glasba_1964-1965.pdf\">Glasba_1964-1965<\/a><\/p>\n<div class=\"ead-preview\"><div class=\"ead-document\" style=\"position: relative;padding-top: 90%;\"><div class=\"ead-iframe-wrapper\"><iframe src=\"\/\/docs.google.com\/viewer?url=http%3A%2F%2Fmuzikologijaff.si%2Fgmgm%2Fwp-content%2Fuploads%2Fsites%2F9%2F2022%2F03%2FGlasba_1964-1965.pdf&amp;embedded=true&amp;hl=en\" title=\"Embedded Document\" class=\"ead-iframe\" style=\"width: 100%;height: 100%;border: none;position: absolute;left: 0;top: 0;visibility: hidden;\"><\/iframe><\/div>\t\t\t<div class=\"ead-document-loading\" style=\"width:100%;height:100%;position:absolute;left:0;top:0;z-index:10;\">\n\t\t\t\t<div class=\"ead-loading-wrap\">\n\t\t\t\t\t<div class=\"ead-loading-main\">\n\t\t\t\t\t\t<div class=\"ead-loading\">\n\t\t\t\t\t\t\t<img loading=\"lazy\" decoding=\"async\" src=\"http:\/\/muzikologijaff.si\/gmgm\/wp-content\/plugins\/embed-any-document\/images\/loading.svg\" width=\"55\" height=\"55\" alt=\"Loader\">\n\t\t\t\t\t\t\t<span>Loading...<\/span>\n\t\t\t\t\t\t<\/div>\n\t\t\t\t\t<\/div>\n\t\t\t\t\t<div class=\"ead-loading-foot\">\n\t\t\t\t\t\t<div class=\"ead-loading-foot-title\">\n\t\t\t\t\t\t\t<img loading=\"lazy\" decoding=\"async\" src=\"http:\/\/muzikologijaff.si\/gmgm\/wp-content\/plugins\/embed-any-document\/images\/EAD-logo.svg\" alt=\"EAD Logo\" width=\"36\" height=\"23\"\/>\n\t\t\t\t\t\t\t<span>Taking too long?<\/span>\n\t\t\t\t\t\t<\/div>\n\t\t\t\t\t\t<p>\n\t\t\t\t\t\t\t<div class=\"ead-document-btn ead-reload-btn\" role=\"button\">\n\t\t\t\t\t\t\t\t<img loading=\"lazy\" decoding=\"async\" src=\"http:\/\/muzikologijaff.si\/gmgm\/wp-content\/plugins\/embed-any-document\/images\/reload.svg\" alt=\"Reload\" width=\"12\" height=\"12\"\/> Reload document\t\t\t\t\t\t\t<\/div>\n\t\t\t\t\t\t\t<span>|<\/span>\n\t\t\t\t\t\t\t<a href=\"http:\/\/muzikologijaff.si\/gmgm\/wp-content\/uploads\/sites\/9\/2022\/03\/Glasba_1964-1965.pdf\" class=\"ead-document-btn\" target=\"_blank\">\n\t\t\t\t\t\t\t\t<img loading=\"lazy\" decoding=\"async\" src=\"http:\/\/muzikologijaff.si\/gmgm\/wp-content\/plugins\/embed-any-document\/images\/open.svg\" alt=\"Open\" width=\"12\" height=\"12\"\/> Open in new tab\t\t\t\t\t\t\t<\/a>\n\t\t\t\t\t<\/div>\n\t\t\t\t<\/div>\n\t\t\t<\/div>\n\t\t<\/div><p class=\"embed_download\"><a href=\"http:\/\/muzikologijaff.si\/gmgm\/wp-content\/uploads\/sites\/9\/2022\/03\/Glasba_1964-1965.pdf\" download>Nalo\u017ei * Download [2.53 MB] <\/a><\/p><\/div>\n<p>\/ Fascikel brez zaporedne \u0161tevilke. TV slu\u017eba Radia Ljubljana, Poro\u010dilo za Radijski svet, 30. 10. 1957.<\/p>\n<p><strong>Datoteka: <\/strong><a href=\"http:\/\/muzikologijaff.si\/gmgm\/wp-content\/uploads\/sites\/9\/2022\/03\/Porocilo_za_Radijski-svet_1957.pdf\">Porocilo_za_Radijski svet_1957<\/a><\/p>\n<div class=\"ead-preview\"><div class=\"ead-document\" style=\"position: relative;padding-top: 90%;\"><div class=\"ead-iframe-wrapper\"><iframe src=\"\/\/docs.google.com\/viewer?url=http%3A%2F%2Fmuzikologijaff.si%2Fgmgm%2Fwp-content%2Fuploads%2Fsites%2F9%2F2022%2F03%2FPorocilo_za_Radijski-svet_1957.pdf&amp;embedded=true&amp;hl=en\" title=\"Embedded Document\" class=\"ead-iframe\" style=\"width: 100%;height: 100%;border: none;position: absolute;left: 0;top: 0;visibility: hidden;\"><\/iframe><\/div>\t\t\t<div class=\"ead-document-loading\" style=\"width:100%;height:100%;position:absolute;left:0;top:0;z-index:10;\">\n\t\t\t\t<div class=\"ead-loading-wrap\">\n\t\t\t\t\t<div class=\"ead-loading-main\">\n\t\t\t\t\t\t<div class=\"ead-loading\">\n\t\t\t\t\t\t\t<img loading=\"lazy\" decoding=\"async\" src=\"http:\/\/muzikologijaff.si\/gmgm\/wp-content\/plugins\/embed-any-document\/images\/loading.svg\" width=\"55\" height=\"55\" alt=\"Loader\">\n\t\t\t\t\t\t\t<span>Loading...<\/span>\n\t\t\t\t\t\t<\/div>\n\t\t\t\t\t<\/div>\n\t\t\t\t\t<div class=\"ead-loading-foot\">\n\t\t\t\t\t\t<div class=\"ead-loading-foot-title\">\n\t\t\t\t\t\t\t<img loading=\"lazy\" decoding=\"async\" src=\"http:\/\/muzikologijaff.si\/gmgm\/wp-content\/plugins\/embed-any-document\/images\/EAD-logo.svg\" alt=\"EAD Logo\" width=\"36\" height=\"23\"\/>\n\t\t\t\t\t\t\t<span>Taking too long?<\/span>\n\t\t\t\t\t\t<\/div>\n\t\t\t\t\t\t<p>\n\t\t\t\t\t\t\t<div class=\"ead-document-btn ead-reload-btn\" role=\"button\">\n\t\t\t\t\t\t\t\t<img loading=\"lazy\" decoding=\"async\" src=\"http:\/\/muzikologijaff.si\/gmgm\/wp-content\/plugins\/embed-any-document\/images\/reload.svg\" alt=\"Reload\" width=\"12\" height=\"12\"\/> Reload document\t\t\t\t\t\t\t<\/div>\n\t\t\t\t\t\t\t<span>|<\/span>\n\t\t\t\t\t\t\t<a href=\"http:\/\/muzikologijaff.si\/gmgm\/wp-content\/uploads\/sites\/9\/2022\/03\/Porocilo_za_Radijski-svet_1957.pdf\" class=\"ead-document-btn\" target=\"_blank\">\n\t\t\t\t\t\t\t\t<img loading=\"lazy\" decoding=\"async\" src=\"http:\/\/muzikologijaff.si\/gmgm\/wp-content\/plugins\/embed-any-document\/images\/open.svg\" alt=\"Open\" width=\"12\" height=\"12\"\/> Open in new tab\t\t\t\t\t\t\t<\/a>\n\t\t\t\t\t<\/div>\n\t\t\t\t<\/div>\n\t\t\t<\/div>\n\t\t<\/div><p class=\"embed_download\"><a href=\"http:\/\/muzikologijaff.si\/gmgm\/wp-content\/uploads\/sites\/9\/2022\/03\/Porocilo_za_Radijski-svet_1957.pdf\" download>Nalo\u017ei * Download [3.32 MB] <\/a><\/p><\/div>\n<p>Predlog programske sheme (iz istega dokumenta):<\/p>\n<p><strong>Datoteka:<\/strong> <a href=\"http:\/\/muzikologijaff.si\/gmgm\/wp-content\/uploads\/sites\/9\/2022\/03\/Predlog_programske_sheme_1957-1.pdf\">Predlog_programske_sheme_1957<\/a><\/p>\n<div class=\"ead-preview\"><div class=\"ead-document\" style=\"position: relative;padding-top: 90%;\"><div class=\"ead-iframe-wrapper\"><iframe src=\"\/\/docs.google.com\/viewer?url=http%3A%2F%2Fmuzikologijaff.si%2Fgmgm%2Fwp-content%2Fuploads%2Fsites%2F9%2F2022%2F03%2FPredlog_programske_sheme_1957-1.pdf&amp;embedded=true&amp;hl=en\" title=\"Embedded Document\" class=\"ead-iframe\" style=\"width: 100%;height: 100%;border: none;position: absolute;left: 0;top: 0;visibility: hidden;\"><\/iframe><\/div>\t\t\t<div class=\"ead-document-loading\" style=\"width:100%;height:100%;position:absolute;left:0;top:0;z-index:10;\">\n\t\t\t\t<div class=\"ead-loading-wrap\">\n\t\t\t\t\t<div class=\"ead-loading-main\">\n\t\t\t\t\t\t<div class=\"ead-loading\">\n\t\t\t\t\t\t\t<img loading=\"lazy\" decoding=\"async\" src=\"http:\/\/muzikologijaff.si\/gmgm\/wp-content\/plugins\/embed-any-document\/images\/loading.svg\" width=\"55\" height=\"55\" alt=\"Loader\">\n\t\t\t\t\t\t\t<span>Loading...<\/span>\n\t\t\t\t\t\t<\/div>\n\t\t\t\t\t<\/div>\n\t\t\t\t\t<div class=\"ead-loading-foot\">\n\t\t\t\t\t\t<div class=\"ead-loading-foot-title\">\n\t\t\t\t\t\t\t<img loading=\"lazy\" decoding=\"async\" src=\"http:\/\/muzikologijaff.si\/gmgm\/wp-content\/plugins\/embed-any-document\/images\/EAD-logo.svg\" alt=\"EAD Logo\" width=\"36\" height=\"23\"\/>\n\t\t\t\t\t\t\t<span>Taking too long?<\/span>\n\t\t\t\t\t\t<\/div>\n\t\t\t\t\t\t<p>\n\t\t\t\t\t\t\t<div class=\"ead-document-btn ead-reload-btn\" role=\"button\">\n\t\t\t\t\t\t\t\t<img loading=\"lazy\" decoding=\"async\" src=\"http:\/\/muzikologijaff.si\/gmgm\/wp-content\/plugins\/embed-any-document\/images\/reload.svg\" alt=\"Reload\" width=\"12\" height=\"12\"\/> Reload document\t\t\t\t\t\t\t<\/div>\n\t\t\t\t\t\t\t<span>|<\/span>\n\t\t\t\t\t\t\t<a href=\"http:\/\/muzikologijaff.si\/gmgm\/wp-content\/uploads\/sites\/9\/2022\/03\/Predlog_programske_sheme_1957-1.pdf\" class=\"ead-document-btn\" target=\"_blank\">\n\t\t\t\t\t\t\t\t<img loading=\"lazy\" decoding=\"async\" src=\"http:\/\/muzikologijaff.si\/gmgm\/wp-content\/plugins\/embed-any-document\/images\/open.svg\" alt=\"Open\" width=\"12\" height=\"12\"\/> Open in new tab\t\t\t\t\t\t\t<\/a>\n\t\t\t\t\t<\/div>\n\t\t\t\t<\/div>\n\t\t\t<\/div>\n\t\t<\/div><p class=\"embed_download\"><a href=\"http:\/\/muzikologijaff.si\/gmgm\/wp-content\/uploads\/sites\/9\/2022\/03\/Predlog_programske_sheme_1957-1.pdf\" download>Nalo\u017ei * Download [3.83 MB] <\/a><\/p><\/div>\n<p>Glasbene oddaje (iz istega dokumenta)<\/p>\n<p><strong>Datoteka:<\/strong> <a href=\"http:\/\/muzikologijaff.si\/gmgm\/wp-content\/uploads\/sites\/9\/2022\/03\/Glasbene_oddaje_1957.pdf\">Glasbene_oddaje_1957<\/a><\/p>\n<div class=\"ead-preview\"><div class=\"ead-document\" style=\"position: relative;padding-top: 90%;\"><div class=\"ead-iframe-wrapper\"><iframe src=\"\/\/docs.google.com\/viewer?url=http%3A%2F%2Fmuzikologijaff.si%2Fgmgm%2Fwp-content%2Fuploads%2Fsites%2F9%2F2022%2F03%2FGlasbene_oddaje_1957.pdf&amp;embedded=true&amp;hl=en\" title=\"Embedded Document\" class=\"ead-iframe\" style=\"width: 100%;height: 100%;border: none;position: absolute;left: 0;top: 0;visibility: hidden;\"><\/iframe><\/div>\t\t\t<div class=\"ead-document-loading\" style=\"width:100%;height:100%;position:absolute;left:0;top:0;z-index:10;\">\n\t\t\t\t<div class=\"ead-loading-wrap\">\n\t\t\t\t\t<div class=\"ead-loading-main\">\n\t\t\t\t\t\t<div class=\"ead-loading\">\n\t\t\t\t\t\t\t<img loading=\"lazy\" decoding=\"async\" src=\"http:\/\/muzikologijaff.si\/gmgm\/wp-content\/plugins\/embed-any-document\/images\/loading.svg\" width=\"55\" height=\"55\" alt=\"Loader\">\n\t\t\t\t\t\t\t<span>Loading...<\/span>\n\t\t\t\t\t\t<\/div>\n\t\t\t\t\t<\/div>\n\t\t\t\t\t<div class=\"ead-loading-foot\">\n\t\t\t\t\t\t<div class=\"ead-loading-foot-title\">\n\t\t\t\t\t\t\t<img loading=\"lazy\" decoding=\"async\" src=\"http:\/\/muzikologijaff.si\/gmgm\/wp-content\/plugins\/embed-any-document\/images\/EAD-logo.svg\" alt=\"EAD Logo\" width=\"36\" height=\"23\"\/>\n\t\t\t\t\t\t\t<span>Taking too long?<\/span>\n\t\t\t\t\t\t<\/div>\n\t\t\t\t\t\t<p>\n\t\t\t\t\t\t\t<div class=\"ead-document-btn ead-reload-btn\" role=\"button\">\n\t\t\t\t\t\t\t\t<img loading=\"lazy\" decoding=\"async\" src=\"http:\/\/muzikologijaff.si\/gmgm\/wp-content\/plugins\/embed-any-document\/images\/reload.svg\" alt=\"Reload\" width=\"12\" height=\"12\"\/> Reload document\t\t\t\t\t\t\t<\/div>\n\t\t\t\t\t\t\t<span>|<\/span>\n\t\t\t\t\t\t\t<a href=\"http:\/\/muzikologijaff.si\/gmgm\/wp-content\/uploads\/sites\/9\/2022\/03\/Glasbene_oddaje_1957.pdf\" class=\"ead-document-btn\" target=\"_blank\">\n\t\t\t\t\t\t\t\t<img loading=\"lazy\" decoding=\"async\" src=\"http:\/\/muzikologijaff.si\/gmgm\/wp-content\/plugins\/embed-any-document\/images\/open.svg\" alt=\"Open\" width=\"12\" height=\"12\"\/> Open in new tab\t\t\t\t\t\t\t<\/a>\n\t\t\t\t\t<\/div>\n\t\t\t\t<\/div>\n\t\t\t<\/div>\n\t\t<\/div><p class=\"embed_download\"><a href=\"http:\/\/muzikologijaff.si\/gmgm\/wp-content\/uploads\/sites\/9\/2022\/03\/Glasbene_oddaje_1957.pdf\" download>Nalo\u017ei * Download [780.32 KB] <\/a><\/p><\/div>\n<h2><span class=\"ez-toc-section\" id=\"SI_AS_1215_%E2%80%93_s_401\"><\/span>SI AS 1215 \u2013 \u0161. 401<span class=\"ez-toc-section-end\"><\/span><\/h2>\n<p>\/ Brez oznake zaporedne \u0161tevilke, vezano. TV programi v jesenski-zimski sezoni 1963\/1964. Poskenirani so uvod, informativni in glasbeni program \u2013 zabavne in glasbene oddaje str. 20<\/p>\n<p><strong>Datoteka: <\/strong><a href=\"http:\/\/muzikologijaff.si\/gmgm\/wp-content\/uploads\/sites\/9\/2022\/03\/Programski_nacrti_za_sezono_1963_64.pdf\">Programski_nacrti_za_sezono_1963_64<\/a><\/p>\n<div class=\"ead-preview\"><div class=\"ead-document\" style=\"position: relative;padding-top: 90%;\"><div class=\"ead-iframe-wrapper\"><iframe src=\"\/\/docs.google.com\/viewer?url=http%3A%2F%2Fmuzikologijaff.si%2Fgmgm%2Fwp-content%2Fuploads%2Fsites%2F9%2F2022%2F03%2FProgramski_nacrti_za_sezono_1963_64.pdf&amp;embedded=true&amp;hl=en\" title=\"Embedded Document\" class=\"ead-iframe\" style=\"width: 100%;height: 100%;border: none;position: absolute;left: 0;top: 0;visibility: hidden;\"><\/iframe><\/div>\t\t\t<div class=\"ead-document-loading\" style=\"width:100%;height:100%;position:absolute;left:0;top:0;z-index:10;\">\n\t\t\t\t<div class=\"ead-loading-wrap\">\n\t\t\t\t\t<div class=\"ead-loading-main\">\n\t\t\t\t\t\t<div class=\"ead-loading\">\n\t\t\t\t\t\t\t<img loading=\"lazy\" decoding=\"async\" src=\"http:\/\/muzikologijaff.si\/gmgm\/wp-content\/plugins\/embed-any-document\/images\/loading.svg\" width=\"55\" height=\"55\" alt=\"Loader\">\n\t\t\t\t\t\t\t<span>Loading...<\/span>\n\t\t\t\t\t\t<\/div>\n\t\t\t\t\t<\/div>\n\t\t\t\t\t<div class=\"ead-loading-foot\">\n\t\t\t\t\t\t<div class=\"ead-loading-foot-title\">\n\t\t\t\t\t\t\t<img loading=\"lazy\" decoding=\"async\" src=\"http:\/\/muzikologijaff.si\/gmgm\/wp-content\/plugins\/embed-any-document\/images\/EAD-logo.svg\" alt=\"EAD Logo\" width=\"36\" height=\"23\"\/>\n\t\t\t\t\t\t\t<span>Taking too long?<\/span>\n\t\t\t\t\t\t<\/div>\n\t\t\t\t\t\t<p>\n\t\t\t\t\t\t\t<div class=\"ead-document-btn ead-reload-btn\" role=\"button\">\n\t\t\t\t\t\t\t\t<img loading=\"lazy\" decoding=\"async\" src=\"http:\/\/muzikologijaff.si\/gmgm\/wp-content\/plugins\/embed-any-document\/images\/reload.svg\" alt=\"Reload\" width=\"12\" height=\"12\"\/> Reload document\t\t\t\t\t\t\t<\/div>\n\t\t\t\t\t\t\t<span>|<\/span>\n\t\t\t\t\t\t\t<a href=\"http:\/\/muzikologijaff.si\/gmgm\/wp-content\/uploads\/sites\/9\/2022\/03\/Programski_nacrti_za_sezono_1963_64.pdf\" class=\"ead-document-btn\" target=\"_blank\">\n\t\t\t\t\t\t\t\t<img loading=\"lazy\" decoding=\"async\" src=\"http:\/\/muzikologijaff.si\/gmgm\/wp-content\/plugins\/embed-any-document\/images\/open.svg\" alt=\"Open\" width=\"12\" height=\"12\"\/> Open in new tab\t\t\t\t\t\t\t<\/a>\n\t\t\t\t\t<\/div>\n\t\t\t\t<\/div>\n\t\t\t<\/div>\n\t\t<\/div><p class=\"embed_download\"><a href=\"http:\/\/muzikologijaff.si\/gmgm\/wp-content\/uploads\/sites\/9\/2022\/03\/Programski_nacrti_za_sezono_1963_64.pdf\" download>Nalo\u017ei * Download [11.58 MB] <\/a><\/p><\/div>\n<p>\/ Brez oznake zaporedne \u0161tevilke, vezano. Programske osnove in struktura nove jesensko-zimske sezone 1964-1965 \u2013 shema programa in glasbene oddaje. Televizijski program RTV Ljubljana<\/p>\n<p><strong>Datoteka: <\/strong><a href=\"http:\/\/muzikologijaff.si\/gmgm\/wp-content\/uploads\/sites\/9\/2022\/03\/Programske_osnove_1964-1965-1-1.pdf\">Programske_osnove_1964_65<\/a><\/p>\n<div class=\"ead-preview\"><div class=\"ead-document\" style=\"position: relative;padding-top: 90%;\"><div class=\"ead-iframe-wrapper\"><iframe src=\"\/\/docs.google.com\/viewer?url=http%3A%2F%2Fmuzikologijaff.si%2Fgmgm%2Fwp-content%2Fuploads%2Fsites%2F9%2F2022%2F03%2FProgramske_osnove_1964-1965-1-1.pdf&amp;embedded=true&amp;hl=en\" title=\"Embedded Document\" class=\"ead-iframe\" style=\"width: 100%;height: 100%;border: none;position: absolute;left: 0;top: 0;visibility: hidden;\"><\/iframe><\/div>\t\t\t<div class=\"ead-document-loading\" style=\"width:100%;height:100%;position:absolute;left:0;top:0;z-index:10;\">\n\t\t\t\t<div class=\"ead-loading-wrap\">\n\t\t\t\t\t<div class=\"ead-loading-main\">\n\t\t\t\t\t\t<div class=\"ead-loading\">\n\t\t\t\t\t\t\t<img loading=\"lazy\" decoding=\"async\" src=\"http:\/\/muzikologijaff.si\/gmgm\/wp-content\/plugins\/embed-any-document\/images\/loading.svg\" width=\"55\" height=\"55\" alt=\"Loader\">\n\t\t\t\t\t\t\t<span>Loading...<\/span>\n\t\t\t\t\t\t<\/div>\n\t\t\t\t\t<\/div>\n\t\t\t\t\t<div class=\"ead-loading-foot\">\n\t\t\t\t\t\t<div class=\"ead-loading-foot-title\">\n\t\t\t\t\t\t\t<img loading=\"lazy\" decoding=\"async\" src=\"http:\/\/muzikologijaff.si\/gmgm\/wp-content\/plugins\/embed-any-document\/images\/EAD-logo.svg\" alt=\"EAD Logo\" width=\"36\" height=\"23\"\/>\n\t\t\t\t\t\t\t<span>Taking too long?<\/span>\n\t\t\t\t\t\t<\/div>\n\t\t\t\t\t\t<p>\n\t\t\t\t\t\t\t<div class=\"ead-document-btn ead-reload-btn\" role=\"button\">\n\t\t\t\t\t\t\t\t<img loading=\"lazy\" decoding=\"async\" src=\"http:\/\/muzikologijaff.si\/gmgm\/wp-content\/plugins\/embed-any-document\/images\/reload.svg\" alt=\"Reload\" width=\"12\" height=\"12\"\/> Reload document\t\t\t\t\t\t\t<\/div>\n\t\t\t\t\t\t\t<span>|<\/span>\n\t\t\t\t\t\t\t<a href=\"http:\/\/muzikologijaff.si\/gmgm\/wp-content\/uploads\/sites\/9\/2022\/03\/Programske_osnove_1964-1965-1-1.pdf\" class=\"ead-document-btn\" target=\"_blank\">\n\t\t\t\t\t\t\t\t<img loading=\"lazy\" decoding=\"async\" src=\"http:\/\/muzikologijaff.si\/gmgm\/wp-content\/plugins\/embed-any-document\/images\/open.svg\" alt=\"Open\" width=\"12\" height=\"12\"\/> Open in new tab\t\t\t\t\t\t\t<\/a>\n\t\t\t\t\t<\/div>\n\t\t\t\t<\/div>\n\t\t\t<\/div>\n\t\t<\/div><p class=\"embed_download\"><a href=\"http:\/\/muzikologijaff.si\/gmgm\/wp-content\/uploads\/sites\/9\/2022\/03\/Programske_osnove_1964-1965-1-1.pdf\" download>Nalo\u017ei * Download [4.45 MB] <\/a><\/p><\/div>\n<p>\/ Fascikel brez zaporedne \u0161tevilke. TV slu\u017eba Radia Ljubljana. Poro\u010dilo za Radijski svet (31. 10. 1957) \u2013 glasbene oddaje stran 9<\/p>\n<p><strong>Datoteka:<\/strong> <a href=\"http:\/\/muzikologijaff.si\/gmgm\/wp-content\/uploads\/sites\/9\/2022\/03\/Porocilo_za_Radijski-svet_1957-1-2.pdf\">Porocilo_za_Radijski svet_1957<\/a><\/p>\n<div class=\"ead-preview\"><div class=\"ead-document\" style=\"position: relative;padding-top: 90%;\"><div class=\"ead-iframe-wrapper\"><iframe src=\"\/\/docs.google.com\/viewer?url=http%3A%2F%2Fmuzikologijaff.si%2Fgmgm%2Fwp-content%2Fuploads%2Fsites%2F9%2F2022%2F03%2FPorocilo_za_Radijski-svet_1957-2-1.pdf&amp;embedded=true&amp;hl=en\" title=\"Embedded Document\" class=\"ead-iframe\" style=\"width: 100%;height: 100%;border: none;position: absolute;left: 0;top: 0;visibility: hidden;\"><\/iframe><\/div>\t\t\t<div class=\"ead-document-loading\" style=\"width:100%;height:100%;position:absolute;left:0;top:0;z-index:10;\">\n\t\t\t\t<div class=\"ead-loading-wrap\">\n\t\t\t\t\t<div class=\"ead-loading-main\">\n\t\t\t\t\t\t<div class=\"ead-loading\">\n\t\t\t\t\t\t\t<img loading=\"lazy\" decoding=\"async\" src=\"http:\/\/muzikologijaff.si\/gmgm\/wp-content\/plugins\/embed-any-document\/images\/loading.svg\" width=\"55\" height=\"55\" alt=\"Loader\">\n\t\t\t\t\t\t\t<span>Loading...<\/span>\n\t\t\t\t\t\t<\/div>\n\t\t\t\t\t<\/div>\n\t\t\t\t\t<div class=\"ead-loading-foot\">\n\t\t\t\t\t\t<div class=\"ead-loading-foot-title\">\n\t\t\t\t\t\t\t<img loading=\"lazy\" decoding=\"async\" src=\"http:\/\/muzikologijaff.si\/gmgm\/wp-content\/plugins\/embed-any-document\/images\/EAD-logo.svg\" alt=\"EAD Logo\" width=\"36\" height=\"23\"\/>\n\t\t\t\t\t\t\t<span>Taking too long?<\/span>\n\t\t\t\t\t\t<\/div>\n\t\t\t\t\t\t<p>\n\t\t\t\t\t\t\t<div class=\"ead-document-btn ead-reload-btn\" role=\"button\">\n\t\t\t\t\t\t\t\t<img loading=\"lazy\" decoding=\"async\" src=\"http:\/\/muzikologijaff.si\/gmgm\/wp-content\/plugins\/embed-any-document\/images\/reload.svg\" alt=\"Reload\" width=\"12\" height=\"12\"\/> Reload document\t\t\t\t\t\t\t<\/div>\n\t\t\t\t\t\t\t<span>|<\/span>\n\t\t\t\t\t\t\t<a href=\"http:\/\/muzikologijaff.si\/gmgm\/wp-content\/uploads\/sites\/9\/2022\/03\/Porocilo_za_Radijski-svet_1957-2-1.pdf\" class=\"ead-document-btn\" target=\"_blank\">\n\t\t\t\t\t\t\t\t<img loading=\"lazy\" decoding=\"async\" src=\"http:\/\/muzikologijaff.si\/gmgm\/wp-content\/plugins\/embed-any-document\/images\/open.svg\" alt=\"Open\" width=\"12\" height=\"12\"\/> Open in new tab\t\t\t\t\t\t\t<\/a>\n\t\t\t\t\t<\/div>\n\t\t\t\t<\/div>\n\t\t\t<\/div>\n\t\t<\/div><p class=\"embed_download\"><a href=\"http:\/\/muzikologijaff.si\/gmgm\/wp-content\/uploads\/sites\/9\/2022\/03\/Porocilo_za_Radijski-svet_1957-2-1.pdf\" download>Nalo\u017ei * Download [3.32 MB] <\/a><\/p><\/div>\n<p>\/ Brez ozneke zaporedne \u0161tevilke. Teze o nekaterih problemih televizijskega programa.<\/p>\n<p><strong>Datoteka: <\/strong><a href=\"http:\/\/muzikologijaff.si\/gmgm\/wp-content\/uploads\/sites\/9\/2022\/03\/Teze_o_nekaterih_problemih_televizijskega_programa_1961-1-1.pdf\">Teze_o_nekaterih_problemih_televizijskeha_programa_1961<\/a><\/p>\n<div class=\"ead-preview\"><div class=\"ead-document\" style=\"position: relative;padding-top: 90%;\"><div class=\"ead-iframe-wrapper\"><iframe src=\"\/\/docs.google.com\/viewer?url=http%3A%2F%2Fmuzikologijaff.si%2Fgmgm%2Fwp-content%2Fuploads%2Fsites%2F9%2F2022%2F03%2FTeze_o_nekaterih_problemih_televizijskega_programa_1961-1-1.pdf&amp;embedded=true&amp;hl=en\" title=\"Embedded Document\" class=\"ead-iframe\" style=\"width: 100%;height: 100%;border: none;position: absolute;left: 0;top: 0;visibility: hidden;\"><\/iframe><\/div>\t\t\t<div class=\"ead-document-loading\" style=\"width:100%;height:100%;position:absolute;left:0;top:0;z-index:10;\">\n\t\t\t\t<div class=\"ead-loading-wrap\">\n\t\t\t\t\t<div class=\"ead-loading-main\">\n\t\t\t\t\t\t<div class=\"ead-loading\">\n\t\t\t\t\t\t\t<img loading=\"lazy\" decoding=\"async\" src=\"http:\/\/muzikologijaff.si\/gmgm\/wp-content\/plugins\/embed-any-document\/images\/loading.svg\" width=\"55\" height=\"55\" alt=\"Loader\">\n\t\t\t\t\t\t\t<span>Loading...<\/span>\n\t\t\t\t\t\t<\/div>\n\t\t\t\t\t<\/div>\n\t\t\t\t\t<div class=\"ead-loading-foot\">\n\t\t\t\t\t\t<div class=\"ead-loading-foot-title\">\n\t\t\t\t\t\t\t<img loading=\"lazy\" decoding=\"async\" src=\"http:\/\/muzikologijaff.si\/gmgm\/wp-content\/plugins\/embed-any-document\/images\/EAD-logo.svg\" alt=\"EAD Logo\" width=\"36\" height=\"23\"\/>\n\t\t\t\t\t\t\t<span>Taking too long?<\/span>\n\t\t\t\t\t\t<\/div>\n\t\t\t\t\t\t<p>\n\t\t\t\t\t\t\t<div class=\"ead-document-btn ead-reload-btn\" role=\"button\">\n\t\t\t\t\t\t\t\t<img loading=\"lazy\" decoding=\"async\" src=\"http:\/\/muzikologijaff.si\/gmgm\/wp-content\/plugins\/embed-any-document\/images\/reload.svg\" alt=\"Reload\" width=\"12\" height=\"12\"\/> Reload document\t\t\t\t\t\t\t<\/div>\n\t\t\t\t\t\t\t<span>|<\/span>\n\t\t\t\t\t\t\t<a href=\"http:\/\/muzikologijaff.si\/gmgm\/wp-content\/uploads\/sites\/9\/2022\/03\/Teze_o_nekaterih_problemih_televizijskega_programa_1961-1-1.pdf\" class=\"ead-document-btn\" target=\"_blank\">\n\t\t\t\t\t\t\t\t<img loading=\"lazy\" decoding=\"async\" src=\"http:\/\/muzikologijaff.si\/gmgm\/wp-content\/plugins\/embed-any-document\/images\/open.svg\" alt=\"Open\" width=\"12\" height=\"12\"\/> Open in new tab\t\t\t\t\t\t\t<\/a>\n\t\t\t\t\t<\/div>\n\t\t\t\t<\/div>\n\t\t\t<\/div>\n\t\t<\/div><p class=\"embed_download\"><a href=\"http:\/\/muzikologijaff.si\/gmgm\/wp-content\/uploads\/sites\/9\/2022\/03\/Teze_o_nekaterih_problemih_televizijskega_programa_1961-1-1.pdf\" download>Nalo\u017ei * Download [8.21 MB] <\/a><\/p><\/div>\n<h2><span class=\"ez-toc-section\" id=\"SI_AS_1215_%E2%80%93_s_401_nadaljevanje\"><\/span>SI AS 1215 \u2013 \u0161. 401 (nadaljevanje)<span class=\"ez-toc-section-end\"><\/span><\/h2>\n<p>\/ TV program za februar in marec 1961<\/p>\n<p><strong>Datoteka: <\/strong><a href=\"http:\/\/muzikologijaff.si\/gmgm\/wp-content\/uploads\/sites\/9\/2022\/03\/Teze_o_nekaterih_problemih_televizijskega_programa_1961-1-1.pdf\">TV_program_za_februar_in_marec_1961<\/a><\/p>\n<div class=\"ead-preview\"><div class=\"ead-document\" style=\"position: relative;padding-top: 90%;\"><div class=\"ead-iframe-wrapper\"><iframe src=\"\/\/docs.google.com\/viewer?url=http%3A%2F%2Fmuzikologijaff.si%2Fgmgm%2Fwp-content%2Fuploads%2Fsites%2F9%2F2022%2F03%2FTV_program_za_februar_in_marec_1961.pdf&amp;embedded=true&amp;hl=en\" title=\"Embedded Document\" class=\"ead-iframe\" style=\"width: 100%;height: 100%;border: none;position: absolute;left: 0;top: 0;visibility: hidden;\"><\/iframe><\/div>\t\t\t<div class=\"ead-document-loading\" style=\"width:100%;height:100%;position:absolute;left:0;top:0;z-index:10;\">\n\t\t\t\t<div class=\"ead-loading-wrap\">\n\t\t\t\t\t<div class=\"ead-loading-main\">\n\t\t\t\t\t\t<div class=\"ead-loading\">\n\t\t\t\t\t\t\t<img loading=\"lazy\" decoding=\"async\" src=\"http:\/\/muzikologijaff.si\/gmgm\/wp-content\/plugins\/embed-any-document\/images\/loading.svg\" width=\"55\" height=\"55\" alt=\"Loader\">\n\t\t\t\t\t\t\t<span>Loading...<\/span>\n\t\t\t\t\t\t<\/div>\n\t\t\t\t\t<\/div>\n\t\t\t\t\t<div class=\"ead-loading-foot\">\n\t\t\t\t\t\t<div class=\"ead-loading-foot-title\">\n\t\t\t\t\t\t\t<img loading=\"lazy\" decoding=\"async\" src=\"http:\/\/muzikologijaff.si\/gmgm\/wp-content\/plugins\/embed-any-document\/images\/EAD-logo.svg\" alt=\"EAD Logo\" width=\"36\" height=\"23\"\/>\n\t\t\t\t\t\t\t<span>Taking too long?<\/span>\n\t\t\t\t\t\t<\/div>\n\t\t\t\t\t\t<p>\n\t\t\t\t\t\t\t<div class=\"ead-document-btn ead-reload-btn\" role=\"button\">\n\t\t\t\t\t\t\t\t<img loading=\"lazy\" decoding=\"async\" src=\"http:\/\/muzikologijaff.si\/gmgm\/wp-content\/plugins\/embed-any-document\/images\/reload.svg\" alt=\"Reload\" width=\"12\" height=\"12\"\/> Reload document\t\t\t\t\t\t\t<\/div>\n\t\t\t\t\t\t\t<span>|<\/span>\n\t\t\t\t\t\t\t<a href=\"http:\/\/muzikologijaff.si\/gmgm\/wp-content\/uploads\/sites\/9\/2022\/03\/TV_program_za_februar_in_marec_1961.pdf\" class=\"ead-document-btn\" target=\"_blank\">\n\t\t\t\t\t\t\t\t<img loading=\"lazy\" decoding=\"async\" src=\"http:\/\/muzikologijaff.si\/gmgm\/wp-content\/plugins\/embed-any-document\/images\/open.svg\" alt=\"Open\" width=\"12\" height=\"12\"\/> Open in new tab\t\t\t\t\t\t\t<\/a>\n\t\t\t\t\t<\/div>\n\t\t\t\t<\/div>\n\t\t\t<\/div>\n\t\t<\/div><p class=\"embed_download\"><a href=\"http:\/\/muzikologijaff.si\/gmgm\/wp-content\/uploads\/sites\/9\/2022\/03\/TV_program_za_februar_in_marec_1961.pdf\" download>Nalo\u017ei * Download [1.62 MB] <\/a><\/p><\/div>\n<p>\/ TV program za april, maj in junij 1961<\/p>\n<p><strong>Datoteka:<\/strong> <a href=\"http:\/\/muzikologijaff.si\/gmgm\/wp-content\/uploads\/sites\/9\/2022\/03\/Teze_o_nekaterih_problemih_televizijskega_programa_1961-1-1.pdf\">TV_program_za_april_maj_in_junij_1961<\/a><\/p>\n<div class=\"ead-preview\"><div class=\"ead-document\" style=\"position: relative;padding-top: 90%;\"><div class=\"ead-iframe-wrapper\"><iframe src=\"\/\/docs.google.com\/viewer?url=http%3A%2F%2Fmuzikologijaff.si%2Fgmgm%2Fwp-content%2Fuploads%2Fsites%2F9%2F2022%2F03%2FTV_program_za_april_maj_in_junij_1961.pdf&amp;embedded=true&amp;hl=en\" title=\"Embedded Document\" class=\"ead-iframe\" style=\"width: 100%;height: 100%;border: none;position: absolute;left: 0;top: 0;visibility: hidden;\"><\/iframe><\/div>\t\t\t<div class=\"ead-document-loading\" style=\"width:100%;height:100%;position:absolute;left:0;top:0;z-index:10;\">\n\t\t\t\t<div class=\"ead-loading-wrap\">\n\t\t\t\t\t<div class=\"ead-loading-main\">\n\t\t\t\t\t\t<div class=\"ead-loading\">\n\t\t\t\t\t\t\t<img loading=\"lazy\" decoding=\"async\" src=\"http:\/\/muzikologijaff.si\/gmgm\/wp-content\/plugins\/embed-any-document\/images\/loading.svg\" width=\"55\" height=\"55\" alt=\"Loader\">\n\t\t\t\t\t\t\t<span>Loading...<\/span>\n\t\t\t\t\t\t<\/div>\n\t\t\t\t\t<\/div>\n\t\t\t\t\t<div class=\"ead-loading-foot\">\n\t\t\t\t\t\t<div class=\"ead-loading-foot-title\">\n\t\t\t\t\t\t\t<img loading=\"lazy\" decoding=\"async\" src=\"http:\/\/muzikologijaff.si\/gmgm\/wp-content\/plugins\/embed-any-document\/images\/EAD-logo.svg\" alt=\"EAD Logo\" width=\"36\" height=\"23\"\/>\n\t\t\t\t\t\t\t<span>Taking too long?<\/span>\n\t\t\t\t\t\t<\/div>\n\t\t\t\t\t\t<p>\n\t\t\t\t\t\t\t<div class=\"ead-document-btn ead-reload-btn\" role=\"button\">\n\t\t\t\t\t\t\t\t<img loading=\"lazy\" decoding=\"async\" src=\"http:\/\/muzikologijaff.si\/gmgm\/wp-content\/plugins\/embed-any-document\/images\/reload.svg\" alt=\"Reload\" width=\"12\" height=\"12\"\/> Reload document\t\t\t\t\t\t\t<\/div>\n\t\t\t\t\t\t\t<span>|<\/span>\n\t\t\t\t\t\t\t<a href=\"http:\/\/muzikologijaff.si\/gmgm\/wp-content\/uploads\/sites\/9\/2022\/03\/TV_program_za_april_maj_in_junij_1961.pdf\" class=\"ead-document-btn\" target=\"_blank\">\n\t\t\t\t\t\t\t\t<img loading=\"lazy\" decoding=\"async\" src=\"http:\/\/muzikologijaff.si\/gmgm\/wp-content\/plugins\/embed-any-document\/images\/open.svg\" alt=\"Open\" width=\"12\" height=\"12\"\/> Open in new tab\t\t\t\t\t\t\t<\/a>\n\t\t\t\t\t<\/div>\n\t\t\t\t<\/div>\n\t\t\t<\/div>\n\t\t<\/div><p class=\"embed_download\"><a href=\"http:\/\/muzikologijaff.si\/gmgm\/wp-content\/uploads\/sites\/9\/2022\/03\/TV_program_za_april_maj_in_junij_1961.pdf\" download>Nalo\u017ei * Download [2.32 MB] <\/a><\/p><\/div>\n<p>\/ Poro\u010dilo televizije o programu v sezoni 1959\/60. TV sektor RTV, 8. 6. 1960<\/p>\n<p><strong>Datoteka: <\/strong><a href=\"http:\/\/muzikologijaff.si\/gmgm\/wp-content\/uploads\/sites\/9\/2022\/03\/Porocilo_televizije_o_programu_1959_1960.pdf\">Porocilo_televizije_o_programu_1959_1960<\/a><\/p>\n<div class=\"ead-preview\"><div class=\"ead-document\" style=\"position: relative;padding-top: 90%;\"><div class=\"ead-iframe-wrapper\"><iframe src=\"\/\/docs.google.com\/viewer?url=http%3A%2F%2Fmuzikologijaff.si%2Fgmgm%2Fwp-content%2Fuploads%2Fsites%2F9%2F2022%2F03%2FPorocilo_televizije_o_programu_1959_1960.pdf&amp;embedded=true&amp;hl=en\" title=\"Embedded Document\" class=\"ead-iframe\" style=\"width: 100%;height: 100%;border: none;position: absolute;left: 0;top: 0;visibility: hidden;\"><\/iframe><\/div>\t\t\t<div class=\"ead-document-loading\" style=\"width:100%;height:100%;position:absolute;left:0;top:0;z-index:10;\">\n\t\t\t\t<div class=\"ead-loading-wrap\">\n\t\t\t\t\t<div class=\"ead-loading-main\">\n\t\t\t\t\t\t<div class=\"ead-loading\">\n\t\t\t\t\t\t\t<img loading=\"lazy\" decoding=\"async\" src=\"http:\/\/muzikologijaff.si\/gmgm\/wp-content\/plugins\/embed-any-document\/images\/loading.svg\" width=\"55\" height=\"55\" alt=\"Loader\">\n\t\t\t\t\t\t\t<span>Loading...<\/span>\n\t\t\t\t\t\t<\/div>\n\t\t\t\t\t<\/div>\n\t\t\t\t\t<div class=\"ead-loading-foot\">\n\t\t\t\t\t\t<div class=\"ead-loading-foot-title\">\n\t\t\t\t\t\t\t<img loading=\"lazy\" decoding=\"async\" src=\"http:\/\/muzikologijaff.si\/gmgm\/wp-content\/plugins\/embed-any-document\/images\/EAD-logo.svg\" alt=\"EAD Logo\" width=\"36\" height=\"23\"\/>\n\t\t\t\t\t\t\t<span>Taking too long?<\/span>\n\t\t\t\t\t\t<\/div>\n\t\t\t\t\t\t<p>\n\t\t\t\t\t\t\t<div class=\"ead-document-btn ead-reload-btn\" role=\"button\">\n\t\t\t\t\t\t\t\t<img loading=\"lazy\" decoding=\"async\" src=\"http:\/\/muzikologijaff.si\/gmgm\/wp-content\/plugins\/embed-any-document\/images\/reload.svg\" alt=\"Reload\" width=\"12\" height=\"12\"\/> Reload document\t\t\t\t\t\t\t<\/div>\n\t\t\t\t\t\t\t<span>|<\/span>\n\t\t\t\t\t\t\t<a href=\"http:\/\/muzikologijaff.si\/gmgm\/wp-content\/uploads\/sites\/9\/2022\/03\/Porocilo_televizije_o_programu_1959_1960.pdf\" class=\"ead-document-btn\" target=\"_blank\">\n\t\t\t\t\t\t\t\t<img loading=\"lazy\" decoding=\"async\" src=\"http:\/\/muzikologijaff.si\/gmgm\/wp-content\/plugins\/embed-any-document\/images\/open.svg\" alt=\"Open\" width=\"12\" height=\"12\"\/> Open in new tab\t\t\t\t\t\t\t<\/a>\n\t\t\t\t\t<\/div>\n\t\t\t\t<\/div>\n\t\t\t<\/div>\n\t\t<\/div><p class=\"embed_download\"><a href=\"http:\/\/muzikologijaff.si\/gmgm\/wp-content\/uploads\/sites\/9\/2022\/03\/Porocilo_televizije_o_programu_1959_1960.pdf\" download>Nalo\u017ei * Download [5.93 MB] <\/a><\/p><\/div>\n<p>\/ Poro\u010dilo glavnega uredni\u0161tva glasbenega programa v jesensko-zimski shemi 1959\/60<\/p>\n<p><strong>Datoteka:<\/strong> <a href=\"http:\/\/muzikologijaff.si\/gmgm\/wp-content\/uploads\/sites\/9\/2022\/03\/Glasbeni_program_1959_1960.pdf\">Glasbeni_program_1959_1960<\/a><\/p>\n<div class=\"ead-preview\"><div class=\"ead-document\" style=\"position: relative;padding-top: 90%;\"><div class=\"ead-iframe-wrapper\"><iframe src=\"\/\/docs.google.com\/viewer?url=http%3A%2F%2Fmuzikologijaff.si%2Fgmgm%2Fwp-content%2Fuploads%2Fsites%2F9%2F2022%2F03%2FGlasbeni_program_1959_1960.pdf&amp;embedded=true&amp;hl=en\" title=\"Embedded Document\" class=\"ead-iframe\" style=\"width: 100%;height: 100%;border: none;position: absolute;left: 0;top: 0;visibility: hidden;\"><\/iframe><\/div>\t\t\t<div class=\"ead-document-loading\" style=\"width:100%;height:100%;position:absolute;left:0;top:0;z-index:10;\">\n\t\t\t\t<div class=\"ead-loading-wrap\">\n\t\t\t\t\t<div class=\"ead-loading-main\">\n\t\t\t\t\t\t<div class=\"ead-loading\">\n\t\t\t\t\t\t\t<img loading=\"lazy\" decoding=\"async\" src=\"http:\/\/muzikologijaff.si\/gmgm\/wp-content\/plugins\/embed-any-document\/images\/loading.svg\" width=\"55\" height=\"55\" alt=\"Loader\">\n\t\t\t\t\t\t\t<span>Loading...<\/span>\n\t\t\t\t\t\t<\/div>\n\t\t\t\t\t<\/div>\n\t\t\t\t\t<div class=\"ead-loading-foot\">\n\t\t\t\t\t\t<div class=\"ead-loading-foot-title\">\n\t\t\t\t\t\t\t<img loading=\"lazy\" decoding=\"async\" src=\"http:\/\/muzikologijaff.si\/gmgm\/wp-content\/plugins\/embed-any-document\/images\/EAD-logo.svg\" alt=\"EAD Logo\" width=\"36\" height=\"23\"\/>\n\t\t\t\t\t\t\t<span>Taking too long?<\/span>\n\t\t\t\t\t\t<\/div>\n\t\t\t\t\t\t<p>\n\t\t\t\t\t\t\t<div class=\"ead-document-btn ead-reload-btn\" role=\"button\">\n\t\t\t\t\t\t\t\t<img loading=\"lazy\" decoding=\"async\" src=\"http:\/\/muzikologijaff.si\/gmgm\/wp-content\/plugins\/embed-any-document\/images\/reload.svg\" alt=\"Reload\" width=\"12\" height=\"12\"\/> Reload document\t\t\t\t\t\t\t<\/div>\n\t\t\t\t\t\t\t<span>|<\/span>\n\t\t\t\t\t\t\t<a href=\"http:\/\/muzikologijaff.si\/gmgm\/wp-content\/uploads\/sites\/9\/2022\/03\/Glasbeni_program_1959_1960.pdf\" class=\"ead-document-btn\" target=\"_blank\">\n\t\t\t\t\t\t\t\t<img loading=\"lazy\" decoding=\"async\" src=\"http:\/\/muzikologijaff.si\/gmgm\/wp-content\/plugins\/embed-any-document\/images\/open.svg\" alt=\"Open\" width=\"12\" height=\"12\"\/> Open in new tab\t\t\t\t\t\t\t<\/a>\n\t\t\t\t\t<\/div>\n\t\t\t\t<\/div>\n\t\t\t<\/div>\n\t\t<\/div><p class=\"embed_download\"><a href=\"http:\/\/muzikologijaff.si\/gmgm\/wp-content\/uploads\/sites\/9\/2022\/03\/Glasbeni_program_1959_1960.pdf\" download>Nalo\u017ei * Download [7.00 MB] <\/a><\/p><\/div>\n<p>\/ Dejavnost RTV Ljubljana v letu 1959<\/p>\n<p><strong>Datoteka: <\/strong><a href=\"http:\/\/muzikologijaff.si\/gmgm\/wp-content\/uploads\/sites\/9\/2022\/03\/Dejavnost_RTV_Ljubljana_1959-1.pdf\">Dejavnost_RTV_Ljubljana_1959<\/a><\/p>\n<div class=\"ead-preview\"><div class=\"ead-document\" style=\"position: relative;padding-top: 90%;\"><div class=\"ead-iframe-wrapper\"><iframe src=\"\/\/docs.google.com\/viewer?url=http%3A%2F%2Fmuzikologijaff.si%2Fgmgm%2Fwp-content%2Fuploads%2Fsites%2F9%2F2022%2F03%2FDejavnost_RTV_Ljubljana_1959-1.pdf&amp;embedded=true&amp;hl=en\" title=\"Embedded Document\" class=\"ead-iframe\" style=\"width: 100%;height: 100%;border: none;position: absolute;left: 0;top: 0;visibility: hidden;\"><\/iframe><\/div>\t\t\t<div class=\"ead-document-loading\" style=\"width:100%;height:100%;position:absolute;left:0;top:0;z-index:10;\">\n\t\t\t\t<div class=\"ead-loading-wrap\">\n\t\t\t\t\t<div class=\"ead-loading-main\">\n\t\t\t\t\t\t<div class=\"ead-loading\">\n\t\t\t\t\t\t\t<img loading=\"lazy\" decoding=\"async\" src=\"http:\/\/muzikologijaff.si\/gmgm\/wp-content\/plugins\/embed-any-document\/images\/loading.svg\" width=\"55\" height=\"55\" alt=\"Loader\">\n\t\t\t\t\t\t\t<span>Loading...<\/span>\n\t\t\t\t\t\t<\/div>\n\t\t\t\t\t<\/div>\n\t\t\t\t\t<div class=\"ead-loading-foot\">\n\t\t\t\t\t\t<div class=\"ead-loading-foot-title\">\n\t\t\t\t\t\t\t<img loading=\"lazy\" decoding=\"async\" src=\"http:\/\/muzikologijaff.si\/gmgm\/wp-content\/plugins\/embed-any-document\/images\/EAD-logo.svg\" alt=\"EAD Logo\" width=\"36\" height=\"23\"\/>\n\t\t\t\t\t\t\t<span>Taking too long?<\/span>\n\t\t\t\t\t\t<\/div>\n\t\t\t\t\t\t<p>\n\t\t\t\t\t\t\t<div class=\"ead-document-btn ead-reload-btn\" role=\"button\">\n\t\t\t\t\t\t\t\t<img loading=\"lazy\" decoding=\"async\" src=\"http:\/\/muzikologijaff.si\/gmgm\/wp-content\/plugins\/embed-any-document\/images\/reload.svg\" alt=\"Reload\" width=\"12\" height=\"12\"\/> Reload document\t\t\t\t\t\t\t<\/div>\n\t\t\t\t\t\t\t<span>|<\/span>\n\t\t\t\t\t\t\t<a href=\"http:\/\/muzikologijaff.si\/gmgm\/wp-content\/uploads\/sites\/9\/2022\/03\/Dejavnost_RTV_Ljubljana_1959-1.pdf\" class=\"ead-document-btn\" target=\"_blank\">\n\t\t\t\t\t\t\t\t<img loading=\"lazy\" decoding=\"async\" src=\"http:\/\/muzikologijaff.si\/gmgm\/wp-content\/plugins\/embed-any-document\/images\/open.svg\" alt=\"Open\" width=\"12\" height=\"12\"\/> Open in new tab\t\t\t\t\t\t\t<\/a>\n\t\t\t\t\t<\/div>\n\t\t\t\t<\/div>\n\t\t\t<\/div>\n\t\t<\/div><p class=\"embed_download\"><a href=\"http:\/\/muzikologijaff.si\/gmgm\/wp-content\/uploads\/sites\/9\/2022\/03\/Dejavnost_RTV_Ljubljana_1959-1.pdf\" download>Nalo\u017ei * Download [10.67 MB] <\/a><\/p><\/div>\n<p>\/ Televizijski program za jesensko-zimsko shemo 1965\/66. Glasbeni program str. 26<\/p>\n<p><strong>Datoteka: <\/strong><a href=\"\/wp-content\/uploads\/sites\/7\/2022\/03\/Televizijski_program_1965_1966.pdf\">Televizijski_program_1965_1966<\/a><\/p>\n<div class=\"ead-preview\"><div class=\"ead-document\" style=\"position: relative;padding-top: 90%;\"><div class=\"ead-iframe-wrapper\"><iframe src=\"\/\/docs.google.com\/viewer?url=http%3A%2F%2Fmuzikologijaff.si%2Fgmgm%2Fwp-content%2Fuploads%2Fsites%2F9%2F2022%2F03%2FTelevizijski_program_1965_1966-1.pdf&amp;embedded=true&amp;hl=en\" title=\"Embedded Document\" class=\"ead-iframe\" style=\"width: 100%;height: 100%;border: none;position: absolute;left: 0;top: 0;visibility: hidden;\"><\/iframe><\/div>\t\t\t<div class=\"ead-document-loading\" style=\"width:100%;height:100%;position:absolute;left:0;top:0;z-index:10;\">\n\t\t\t\t<div class=\"ead-loading-wrap\">\n\t\t\t\t\t<div class=\"ead-loading-main\">\n\t\t\t\t\t\t<div class=\"ead-loading\">\n\t\t\t\t\t\t\t<img loading=\"lazy\" decoding=\"async\" src=\"http:\/\/muzikologijaff.si\/gmgm\/wp-content\/plugins\/embed-any-document\/images\/loading.svg\" width=\"55\" height=\"55\" alt=\"Loader\">\n\t\t\t\t\t\t\t<span>Loading...<\/span>\n\t\t\t\t\t\t<\/div>\n\t\t\t\t\t<\/div>\n\t\t\t\t\t<div class=\"ead-loading-foot\">\n\t\t\t\t\t\t<div class=\"ead-loading-foot-title\">\n\t\t\t\t\t\t\t<img loading=\"lazy\" decoding=\"async\" src=\"http:\/\/muzikologijaff.si\/gmgm\/wp-content\/plugins\/embed-any-document\/images\/EAD-logo.svg\" alt=\"EAD Logo\" width=\"36\" height=\"23\"\/>\n\t\t\t\t\t\t\t<span>Taking too long?<\/span>\n\t\t\t\t\t\t<\/div>\n\t\t\t\t\t\t<p>\n\t\t\t\t\t\t\t<div class=\"ead-document-btn ead-reload-btn\" role=\"button\">\n\t\t\t\t\t\t\t\t<img loading=\"lazy\" decoding=\"async\" src=\"http:\/\/muzikologijaff.si\/gmgm\/wp-content\/plugins\/embed-any-document\/images\/reload.svg\" alt=\"Reload\" width=\"12\" height=\"12\"\/> Reload document\t\t\t\t\t\t\t<\/div>\n\t\t\t\t\t\t\t<span>|<\/span>\n\t\t\t\t\t\t\t<a href=\"http:\/\/muzikologijaff.si\/gmgm\/wp-content\/uploads\/sites\/9\/2022\/03\/Televizijski_program_1965_1966-1.pdf\" class=\"ead-document-btn\" target=\"_blank\">\n\t\t\t\t\t\t\t\t<img loading=\"lazy\" decoding=\"async\" src=\"http:\/\/muzikologijaff.si\/gmgm\/wp-content\/plugins\/embed-any-document\/images\/open.svg\" alt=\"Open\" width=\"12\" height=\"12\"\/> Open in new tab\t\t\t\t\t\t\t<\/a>\n\t\t\t\t\t<\/div>\n\t\t\t\t<\/div>\n\t\t\t<\/div>\n\t\t<\/div><p class=\"embed_download\"><a href=\"http:\/\/muzikologijaff.si\/gmgm\/wp-content\/uploads\/sites\/9\/2022\/03\/Televizijski_program_1965_1966-1.pdf\" download>Nalo\u017ei * Download [13.69 MB] <\/a><\/p><\/div>\n<p>\/ Letno poro\u010dilo televizijskega programa za leto 1965 (poro\u010dilo sestavil odgovorni urednik tov. Igor Gruden)<\/p>\n<p><strong>Datoteka:<\/strong> <a href=\"\/wp-content\/uploads\/sites\/7\/2022\/03\/Letno_porocilo_televizijskega_programa_1965.pdf\">Letno_porocilo_televizijskega_programa_1965<\/a><\/p>\n<div class=\"ead-preview\"><div class=\"ead-document\" style=\"position: relative;padding-top: 90%;\"><div class=\"ead-iframe-wrapper\"><iframe src=\"\/\/docs.google.com\/viewer?url=http%3A%2F%2Fmuzikologijaff.si%2Fgmgm%2Fwp-content%2Fuploads%2Fsites%2F9%2F2022%2F03%2FLetno_porocilo_televizijskega_programa_1965.pdf&amp;embedded=true&amp;hl=en\" title=\"Embedded Document\" class=\"ead-iframe\" style=\"width: 100%;height: 100%;border: none;position: absolute;left: 0;top: 0;visibility: hidden;\"><\/iframe><\/div>\t\t\t<div class=\"ead-document-loading\" style=\"width:100%;height:100%;position:absolute;left:0;top:0;z-index:10;\">\n\t\t\t\t<div class=\"ead-loading-wrap\">\n\t\t\t\t\t<div class=\"ead-loading-main\">\n\t\t\t\t\t\t<div class=\"ead-loading\">\n\t\t\t\t\t\t\t<img loading=\"lazy\" decoding=\"async\" src=\"http:\/\/muzikologijaff.si\/gmgm\/wp-content\/plugins\/embed-any-document\/images\/loading.svg\" width=\"55\" height=\"55\" alt=\"Loader\">\n\t\t\t\t\t\t\t<span>Loading...<\/span>\n\t\t\t\t\t\t<\/div>\n\t\t\t\t\t<\/div>\n\t\t\t\t\t<div class=\"ead-loading-foot\">\n\t\t\t\t\t\t<div class=\"ead-loading-foot-title\">\n\t\t\t\t\t\t\t<img loading=\"lazy\" decoding=\"async\" src=\"http:\/\/muzikologijaff.si\/gmgm\/wp-content\/plugins\/embed-any-document\/images\/EAD-logo.svg\" alt=\"EAD Logo\" width=\"36\" height=\"23\"\/>\n\t\t\t\t\t\t\t<span>Taking too long?<\/span>\n\t\t\t\t\t\t<\/div>\n\t\t\t\t\t\t<p>\n\t\t\t\t\t\t\t<div class=\"ead-document-btn ead-reload-btn\" role=\"button\">\n\t\t\t\t\t\t\t\t<img loading=\"lazy\" decoding=\"async\" src=\"http:\/\/muzikologijaff.si\/gmgm\/wp-content\/plugins\/embed-any-document\/images\/reload.svg\" alt=\"Reload\" width=\"12\" height=\"12\"\/> Reload document\t\t\t\t\t\t\t<\/div>\n\t\t\t\t\t\t\t<span>|<\/span>\n\t\t\t\t\t\t\t<a href=\"http:\/\/muzikologijaff.si\/gmgm\/wp-content\/uploads\/sites\/9\/2022\/03\/Letno_porocilo_televizijskega_programa_1965.pdf\" class=\"ead-document-btn\" target=\"_blank\">\n\t\t\t\t\t\t\t\t<img loading=\"lazy\" decoding=\"async\" src=\"http:\/\/muzikologijaff.si\/gmgm\/wp-content\/plugins\/embed-any-document\/images\/open.svg\" alt=\"Open\" width=\"12\" height=\"12\"\/> Open in new tab\t\t\t\t\t\t\t<\/a>\n\t\t\t\t\t<\/div>\n\t\t\t\t<\/div>\n\t\t\t<\/div>\n\t\t<\/div><p class=\"embed_download\"><a href=\"http:\/\/muzikologijaff.si\/gmgm\/wp-content\/uploads\/sites\/9\/2022\/03\/Letno_porocilo_televizijskega_programa_1965.pdf\" download>Nalo\u017ei * Download [5.77 MB] <\/a><\/p><\/div>\n<p>\/ Koncept radijskih programov za jesen 1969 in leto 1970<\/p>\n<p><strong>Datoteka: <\/strong><a href=\"\/wp-content\/uploads\/sites\/7\/2022\/03\/Koncept_radijskih_programov_1969_1970-copy.pdf\">Koncept_radijskih_programov_1969_1970<\/a><\/p>\n<div class=\"ead-preview\"><div class=\"ead-document\" style=\"position: relative;padding-top: 90%;\"><div class=\"ead-iframe-wrapper\"><iframe src=\"\/\/docs.google.com\/viewer?url=http%3A%2F%2Fmuzikologijaff.si%2Fgmgm%2Fwp-content%2Fuploads%2Fsites%2F9%2F2022%2F03%2FKoncept_radijskih_programov_1969_1970-copy.pdf&amp;embedded=true&amp;hl=en\" title=\"Embedded Document\" class=\"ead-iframe\" style=\"width: 100%;height: 100%;border: none;position: absolute;left: 0;top: 0;visibility: hidden;\"><\/iframe><\/div>\t\t\t<div class=\"ead-document-loading\" style=\"width:100%;height:100%;position:absolute;left:0;top:0;z-index:10;\">\n\t\t\t\t<div class=\"ead-loading-wrap\">\n\t\t\t\t\t<div class=\"ead-loading-main\">\n\t\t\t\t\t\t<div class=\"ead-loading\">\n\t\t\t\t\t\t\t<img loading=\"lazy\" decoding=\"async\" src=\"http:\/\/muzikologijaff.si\/gmgm\/wp-content\/plugins\/embed-any-document\/images\/loading.svg\" width=\"55\" height=\"55\" alt=\"Loader\">\n\t\t\t\t\t\t\t<span>Loading...<\/span>\n\t\t\t\t\t\t<\/div>\n\t\t\t\t\t<\/div>\n\t\t\t\t\t<div class=\"ead-loading-foot\">\n\t\t\t\t\t\t<div class=\"ead-loading-foot-title\">\n\t\t\t\t\t\t\t<img loading=\"lazy\" decoding=\"async\" src=\"http:\/\/muzikologijaff.si\/gmgm\/wp-content\/plugins\/embed-any-document\/images\/EAD-logo.svg\" alt=\"EAD Logo\" width=\"36\" height=\"23\"\/>\n\t\t\t\t\t\t\t<span>Taking too long?<\/span>\n\t\t\t\t\t\t<\/div>\n\t\t\t\t\t\t<p>\n\t\t\t\t\t\t\t<div class=\"ead-document-btn ead-reload-btn\" role=\"button\">\n\t\t\t\t\t\t\t\t<img loading=\"lazy\" decoding=\"async\" src=\"http:\/\/muzikologijaff.si\/gmgm\/wp-content\/plugins\/embed-any-document\/images\/reload.svg\" alt=\"Reload\" width=\"12\" height=\"12\"\/> Reload document\t\t\t\t\t\t\t<\/div>\n\t\t\t\t\t\t\t<span>|<\/span>\n\t\t\t\t\t\t\t<a href=\"http:\/\/muzikologijaff.si\/gmgm\/wp-content\/uploads\/sites\/9\/2022\/03\/Koncept_radijskih_programov_1969_1970-copy.pdf\" class=\"ead-document-btn\" target=\"_blank\">\n\t\t\t\t\t\t\t\t<img loading=\"lazy\" decoding=\"async\" src=\"http:\/\/muzikologijaff.si\/gmgm\/wp-content\/plugins\/embed-any-document\/images\/open.svg\" alt=\"Open\" width=\"12\" height=\"12\"\/> Open in new tab\t\t\t\t\t\t\t<\/a>\n\t\t\t\t\t<\/div>\n\t\t\t\t<\/div>\n\t\t\t<\/div>\n\t\t<\/div><p class=\"embed_download\"><a href=\"http:\/\/muzikologijaff.si\/gmgm\/wp-content\/uploads\/sites\/9\/2022\/03\/Koncept_radijskih_programov_1969_1970-copy.pdf\" download>Nalo\u017ei * Download [109.26 MB] <\/a><\/p><\/div>\n<p><strong>Datoteka: <\/strong><a href=\"http:\/\/muzikologijaff.si\/gmgm\/wp-content\/uploads\/sites\/7\/2022\/03\/Programska_shema_1969_1970.tif\">Programska_shema_1969_1970<\/a><\/p>\n<div class=\"ead-preview\"><div class=\"ead-document\" style=\"position: relative;padding-top: 90%;\"><div class=\"ead-iframe-wrapper\"><iframe src=\"\/\/docs.google.com\/viewer?url=http%3A%2F%2Fmuzikologijaff.si%2Fgmgm%2Fwp-content%2Fuploads%2Fsites%2F7%2F2022%2F03%2FProgramska_shema_1969_1970.tif&amp;embedded=true&amp;hl=en\" title=\"Embedded Document\" class=\"ead-iframe\" style=\"width: 100%;height: 100%;border: none;position: absolute;left: 0;top: 0;visibility: hidden;\"><\/iframe><\/div>\t\t\t<div class=\"ead-document-loading\" style=\"width:100%;height:100%;position:absolute;left:0;top:0;z-index:10;\">\n\t\t\t\t<div class=\"ead-loading-wrap\">\n\t\t\t\t\t<div class=\"ead-loading-main\">\n\t\t\t\t\t\t<div class=\"ead-loading\">\n\t\t\t\t\t\t\t<img loading=\"lazy\" decoding=\"async\" src=\"http:\/\/muzikologijaff.si\/gmgm\/wp-content\/plugins\/embed-any-document\/images\/loading.svg\" width=\"55\" height=\"55\" alt=\"Loader\">\n\t\t\t\t\t\t\t<span>Loading...<\/span>\n\t\t\t\t\t\t<\/div>\n\t\t\t\t\t<\/div>\n\t\t\t\t\t<div class=\"ead-loading-foot\">\n\t\t\t\t\t\t<div class=\"ead-loading-foot-title\">\n\t\t\t\t\t\t\t<img loading=\"lazy\" decoding=\"async\" src=\"http:\/\/muzikologijaff.si\/gmgm\/wp-content\/plugins\/embed-any-document\/images\/EAD-logo.svg\" alt=\"EAD Logo\" width=\"36\" height=\"23\"\/>\n\t\t\t\t\t\t\t<span>Taking too long?<\/span>\n\t\t\t\t\t\t<\/div>\n\t\t\t\t\t\t<p>\n\t\t\t\t\t\t\t<div class=\"ead-document-btn ead-reload-btn\" role=\"button\">\n\t\t\t\t\t\t\t\t<img loading=\"lazy\" decoding=\"async\" src=\"http:\/\/muzikologijaff.si\/gmgm\/wp-content\/plugins\/embed-any-document\/images\/reload.svg\" alt=\"Reload\" width=\"12\" height=\"12\"\/> Reload document\t\t\t\t\t\t\t<\/div>\n\t\t\t\t\t\t\t<span>|<\/span>\n\t\t\t\t\t\t\t<a href=\"https:\/\/docs.google.com\/viewer?url=http%3A%2F%2Fmuzikologijaff.si%2Fgmgm%2Fwp-content%2Fuploads%2Fsites%2F7%2F2022%2F03%2FProgramska_shema_1969_1970.tif&#038;hl=en\" class=\"ead-document-btn\" target=\"_blank\">\n\t\t\t\t\t\t\t\t<img loading=\"lazy\" decoding=\"async\" src=\"http:\/\/muzikologijaff.si\/gmgm\/wp-content\/plugins\/embed-any-document\/images\/open.svg\" alt=\"Open\" width=\"12\" height=\"12\"\/> Open in new tab\t\t\t\t\t\t\t<\/a>\n\t\t\t\t\t<\/div>\n\t\t\t\t<\/div>\n\t\t\t<\/div>\n\t\t<\/div><p class=\"embed_download\"><a href=\"http:\/\/muzikologijaff.si\/gmgm\/wp-content\/uploads\/sites\/7\/2022\/03\/Programska_shema_1969_1970.tif\" download>Nalo\u017ei * Download [135.47 MB] <\/a><\/p><\/div>\n<p>\/ Na\u010drti glasbenega uredni\u0161tva 1963 \u2013 1964 (vezano v zvezek)<\/p>\n<p><strong>Datoteka: <\/strong>Nacrti_glasbenega_urednistva_1963_1964<\/p>\n<div class=\"ead-preview\"><div class=\"ead-document\" style=\"position: relative;padding-top: 90%;\"><div class=\"ead-iframe-wrapper\"><iframe src=\"\/\/docs.google.com\/viewer?url=http%3A%2F%2Fmuzikologijaff.si%2Fgmgm%2Fwp-content%2Fuploads%2Fsites%2F9%2F2022%2F03%2FNacrti_glasbenega_urednistva_1963_1964-copy-1.pdf&amp;embedded=true&amp;hl=en\" title=\"Embedded Document\" class=\"ead-iframe\" style=\"width: 100%;height: 100%;border: none;position: absolute;left: 0;top: 0;visibility: hidden;\"><\/iframe><\/div>\t\t\t<div class=\"ead-document-loading\" style=\"width:100%;height:100%;position:absolute;left:0;top:0;z-index:10;\">\n\t\t\t\t<div class=\"ead-loading-wrap\">\n\t\t\t\t\t<div class=\"ead-loading-main\">\n\t\t\t\t\t\t<div class=\"ead-loading\">\n\t\t\t\t\t\t\t<img loading=\"lazy\" decoding=\"async\" src=\"http:\/\/muzikologijaff.si\/gmgm\/wp-content\/plugins\/embed-any-document\/images\/loading.svg\" width=\"55\" height=\"55\" alt=\"Loader\">\n\t\t\t\t\t\t\t<span>Loading...<\/span>\n\t\t\t\t\t\t<\/div>\n\t\t\t\t\t<\/div>\n\t\t\t\t\t<div class=\"ead-loading-foot\">\n\t\t\t\t\t\t<div class=\"ead-loading-foot-title\">\n\t\t\t\t\t\t\t<img loading=\"lazy\" decoding=\"async\" src=\"http:\/\/muzikologijaff.si\/gmgm\/wp-content\/plugins\/embed-any-document\/images\/EAD-logo.svg\" alt=\"EAD Logo\" width=\"36\" height=\"23\"\/>\n\t\t\t\t\t\t\t<span>Taking too long?<\/span>\n\t\t\t\t\t\t<\/div>\n\t\t\t\t\t\t<p>\n\t\t\t\t\t\t\t<div class=\"ead-document-btn ead-reload-btn\" role=\"button\">\n\t\t\t\t\t\t\t\t<img loading=\"lazy\" decoding=\"async\" src=\"http:\/\/muzikologijaff.si\/gmgm\/wp-content\/plugins\/embed-any-document\/images\/reload.svg\" alt=\"Reload\" width=\"12\" height=\"12\"\/> Reload document\t\t\t\t\t\t\t<\/div>\n\t\t\t\t\t\t\t<span>|<\/span>\n\t\t\t\t\t\t\t<a href=\"http:\/\/muzikologijaff.si\/gmgm\/wp-content\/uploads\/sites\/9\/2022\/03\/Nacrti_glasbenega_urednistva_1963_1964-copy-1.pdf\" class=\"ead-document-btn\" target=\"_blank\">\n\t\t\t\t\t\t\t\t<img loading=\"lazy\" decoding=\"async\" src=\"http:\/\/muzikologijaff.si\/gmgm\/wp-content\/plugins\/embed-any-document\/images\/open.svg\" alt=\"Open\" width=\"12\" height=\"12\"\/> Open in new tab\t\t\t\t\t\t\t<\/a>\n\t\t\t\t\t<\/div>\n\t\t\t\t<\/div>\n\t\t\t<\/div>\n\t\t<\/div><p class=\"embed_download\"><a href=\"http:\/\/muzikologijaff.si\/gmgm\/wp-content\/uploads\/sites\/9\/2022\/03\/Nacrti_glasbenega_urednistva_1963_1964-copy-1.pdf\" download>Nalo\u017ei * Download [165.45 MB] <\/a><\/p><\/div>\n","protected":false},"excerpt":{"rendered":"<p>Pregled gradiva RTV Slovenije v Arhivu Republike Slovenije Pripravil Marko Prpi\u010d, 5. 1. 2022 RTV gradivo je shranjeno pod signaturo SI AS 1215 S pregledovanjem gradiva v Arhivu Slovenije sem za\u010del v sredo, 12. januarja. V minulih tednih sem na osnovi popisa pregledal petnajst tehni\u010dnih enot (\u0161katel) z gradivom, in me dokumenti izbral tiste, ki &hellip; <\/p>\n<p class=\"link-more\"><a href=\"http:\/\/muzikologijaff.si\/gmgm\/podatkovne-baze\/arhiv-republike-slovenije\/\" class=\"more-link\">Preberi ve\u010d<span class=\"screen-reader-text\"> &#8220;Arhiv Republike Slovenije&#8221;<\/span><\/a><\/p>\n","protected":false},"author":1,"featured_media":0,"parent":357,"menu_order":0,"comment_status":"closed","ping_status":"closed","template":"","meta":{"_uag_custom_page_level_css":"","_themeisle_gutenberg_block_has_review":false,"footnotes":""},"class_list":["post-576","page","type-page","status-publish","hentry"],"uagb_featured_image_src":{"full":false,"thumbnail":false,"medium":false,"medium_large":false,"large":false,"1536x1536":false,"2048x2048":false,"twentyseventeen-featured-image":false,"twentyseventeen-thumbnail-avatar":false,"sow-carousel-default":false},"uagb_author_info":{"display_name":"leon","author_link":"http:\/\/muzikologijaff.si\/gmgm\/author\/leon\/"},"uagb_comment_info":0,"uagb_excerpt":"Pregled gradiva RTV Slovenije v Arhivu Republike Slovenije Pripravil Marko Prpi\u010d, 5. 1. 2022 RTV gradivo je shranjeno pod signaturo SI AS 1215 S pregledovanjem gradiva v Arhivu Slovenije sem za\u010del v sredo, 12. januarja. V minulih tednih sem na osnovi popisa pregledal petnajst tehni\u010dnih enot (\u0161katel) z gradivom, in me dokumenti izbral tiste, ki&hellip;","_links":{"self":[{"href":"http:\/\/muzikologijaff.si\/gmgm\/wp-json\/wp\/v2\/pages\/576","targetHints":{"allow":["GET"]}}],"collection":[{"href":"http:\/\/muzikologijaff.si\/gmgm\/wp-json\/wp\/v2\/pages"}],"about":[{"href":"http:\/\/muzikologijaff.si\/gmgm\/wp-json\/wp\/v2\/types\/page"}],"author":[{"embeddable":true,"href":"http:\/\/muzikologijaff.si\/gmgm\/wp-json\/wp\/v2\/users\/1"}],"replies":[{"embeddable":true,"href":"http:\/\/muzikologijaff.si\/gmgm\/wp-json\/wp\/v2\/comments?post=576"}],"version-history":[{"count":0,"href":"http:\/\/muzikologijaff.si\/gmgm\/wp-json\/wp\/v2\/pages\/576\/revisions"}],"up":[{"embeddable":true,"href":"http:\/\/muzikologijaff.si\/gmgm\/wp-json\/wp\/v2\/pages\/357"}],"wp:attachment":[{"href":"http:\/\/muzikologijaff.si\/gmgm\/wp-json\/wp\/v2\/media?parent=576"}],"curies":[{"name":"wp","href":"https:\/\/api.w.org\/{rel}","templated":true}]}}