{"id":13,"date":"2024-02-16T09:07:22","date_gmt":"2024-02-16T08:07:22","guid":{"rendered":"http:\/\/muzikologijaff.si\/rgs\/?page_id=13"},"modified":"2025-10-20T16:26:30","modified_gmt":"2025-10-20T15:26:30","slug":"o-projektu","status":"publish","type":"page","link":"http:\/\/muzikologijaff.si\/rgs\/","title":{"rendered":"O projektu"},"content":{"rendered":"<div id=\"pl-13\"  class=\"panel-layout\" ><div id=\"pg-13-0\"  class=\"panel-grid panel-no-style\" ><div id=\"pgc-13-0-0\"  class=\"panel-grid-cell\" ><div id=\"panel-13-0-0-0\" class=\"so-panel widget widget_sow-editor panel-first-child panel-last-child\" data-index=\"0\" ><div\n\t\t\t\n\t\t\tclass=\"so-widget-sow-editor so-widget-sow-editor-base\"\n\t\t\t\n\t\t>\n<div class=\"siteorigin-widget-tinymce textwidget\">\n\t<p>Naziv projekta: Romski glasbeniki na Slovenskem: dru\u017ebeni polo\u017eaj, kulturne prakse, interakcije.<\/p>\n<p>Nosilec projekta: Univerza v Ljubljani, Filozofska fakulteta, Oddelek za muzikologijo \u2013 katedra za etnomuzikologijo.<\/p>\n<p>Obdobje trajanja: 1. 10. 2023 \u2013 31. 9. 2026.<\/p>\n<p>Letni obseg: 1,35 FTE.<\/p>\n<p>Vodja projekta: prof. dr. Svanibor Pettan.<\/p>\n<p>Veda in raziskovalno podro\u010dje po \u0161ifrantu ARIS: 6.08 Muzikologija.<\/p>\n<p><a href=\"https:\/\/www.aris-rs.si\/sl\/\" target=\"_blank\" rel=\"noopener\"><img loading=\"lazy\" decoding=\"async\" class=\"alignleft wp-image-214 size-medium\" src=\"http:\/\/muzikologijaff.si\/rgs\/wp-content\/uploads\/sites\/12\/2025\/03\/ARISLogoSlo-300x62.jpg\" alt=\"\" width=\"300\" height=\"62\" srcset=\"http:\/\/muzikologijaff.si\/rgs\/wp-content\/uploads\/sites\/12\/2025\/03\/ARISLogoSlo-300x62.jpg 300w, http:\/\/muzikologijaff.si\/rgs\/wp-content\/uploads\/sites\/12\/2025\/03\/ARISLogoSlo-1024x212.jpg 1024w, http:\/\/muzikologijaff.si\/rgs\/wp-content\/uploads\/sites\/12\/2025\/03\/ARISLogoSlo-768x159.jpg 768w, http:\/\/muzikologijaff.si\/rgs\/wp-content\/uploads\/sites\/12\/2025\/03\/ARISLogoSlo-1536x318.jpg 1536w, http:\/\/muzikologijaff.si\/rgs\/wp-content\/uploads\/sites\/12\/2025\/03\/ARISLogoSlo-2048x424.jpg 2048w, http:\/\/muzikologijaff.si\/rgs\/wp-content\/uploads\/sites\/12\/2025\/03\/ARISLogoSlo-24x5.jpg 24w, http:\/\/muzikologijaff.si\/rgs\/wp-content\/uploads\/sites\/12\/2025\/03\/ARISLogoSlo-36x7.jpg 36w, http:\/\/muzikologijaff.si\/rgs\/wp-content\/uploads\/sites\/12\/2025\/03\/ARISLogoSlo-48x10.jpg 48w\" sizes=\"auto, (max-width: 300px) 100vw, 300px\" \/><\/a> Raziskovalni projekt je (so)financiran s strani Javne agencije za znanstvenoraziskovalno in inovacijsko dejavnost Republike Slovenije (ARIS). Eviden\u010dna \u0161tevilka: J6-50204.<\/p>\n<p>&nbsp;<\/p>\n<\/div>\n<\/div><\/div><\/div><div id=\"pgc-13-0-1\"  class=\"panel-grid-cell\" ><div id=\"panel-13-0-1-0\" class=\"so-panel widget widget_sow-editor panel-first-child panel-last-child\" data-index=\"1\" ><div\n\t\t\t\n\t\t\tclass=\"so-widget-sow-editor so-widget-sow-editor-base\"\n\t\t\t\n\t\t>\n<div class=\"siteorigin-widget-tinymce textwidget\">\n\t<p>Raziskovalni projekt Romski glasbeniki v Sloveniji: Socialni status, kulturne prakse in interakcije preu\u010duje romske glasbenike in njihove glasbene prakse, tako v preteklosti kot tudi v sedanjosti, temelji pa na terenskem raziskovalnem delu na razli\u010dnih geografskih podro\u010djih v Sloveniji, analizi glasbenega (po)ustvarjanja, ter na preu\u010devanju dokumentiranih medijskih in arhivskih virov.<\/p>\n<p><a href=\"https:\/\/www.ff.uni-lj.si\/zaposleni\/svanibor-hubert-pettan\" data-saferedirecturl=\"https:\/\/www.google.com\/url?q=https:\/\/www.ff.uni-lj.si\/zaposleni\/svanibor-hubert-pettan&amp;source=gmail&amp;ust=1708192085942000&amp;usg=AOvVaw0xVAkR7v3bvNAuQCiqODnX\">Vodja projekta: Svanibor Hubert Pettan | Filozofska fakulteta Univerze v Ljubljani (uni-lj.si)<\/a><br \/>\nRaziskovalna skupina (po abecedi):<\/p>\n<p style=\"font-weight: 400\"><a href=\"https:\/\/www.ff.uni-lj.si\/zaposleni\/alenka-bartulovic\" data-saferedirecturl=\"https:\/\/www.google.com\/url?q=https:\/\/www.ff.uni-lj.si\/zaposleni\/alenka-bartulovic&amp;source=gmail&amp;ust=1708192085942000&amp;usg=AOvVaw05yr2ggAxrEp-uqIrfhyAZ\">Alenka Bartulovi\u0107 | Filozofska fakulteta Univerze v Ljubljani (uni-lj.si)<\/a><\/p>\n<p><a href=\"http:\/\/muzikologijaff.si\/rgs\/alma-bejtullahu\/\">Alma Bejtullahu | samostojna raziskovalka<\/a><\/p>\n<p style=\"font-weight: 400\"><a href=\"https:\/\/www.ff.uni-lj.si\/zaposleni\/katarina-bogunovic-hocevar\" data-saferedirecturl=\"https:\/\/www.google.com\/url?q=https:\/\/www.ff.uni-lj.si\/zaposleni\/katarina-bogunovic-hocevar&amp;source=gmail&amp;ust=1708192085942000&amp;usg=AOvVaw0XfaXdPVmq9_0AETc37-Me\">Katarina Bogunovi\u0107 Ho\u010devar | Filozofska fakulteta Univerze v Ljubljani (uni-lj.si)<\/a><\/p>\n<p style=\"font-weight: 400\"><a href=\"https:\/\/www.ff.uni-lj.si\/zaposleni\/damjan-mandelc\" data-saferedirecturl=\"https:\/\/www.google.com\/url?q=https:\/\/www.ff.uni-lj.si\/zaposleni\/damjan-mandelc&amp;source=gmail&amp;ust=1708192085942000&amp;usg=AOvVaw3rYGcu0G7ewjkak9csYB0k\">Damjan Mandelc | Filozofska fakulteta Univerze v Ljubljani (uni-lj.si)<\/a><\/p>\n<p><a href=\"http:\/\/muzikologijaff.si\/rgs\/masa-marty\/\">Ma\u0161a Marty | samostojna raziskovalka<\/a><\/p>\n<p style=\"font-weight: 400\"><a href=\"https:\/\/www.ff.uni-lj.si\/zaposleni\/anja-moric\" data-saferedirecturl=\"https:\/\/www.google.com\/url?q=https:\/\/www.ff.uni-lj.si\/zaposleni\/anja-moric&amp;source=gmail&amp;ust=1708192085942000&amp;usg=AOvVaw3-34B3TJh-eVjJcLQWEvE9\">Anja Moric | Filozofska fakulteta Univerze v Ljubljani (uni-lj.si)<\/a><\/p>\n<p style=\"font-weight: 400\"><a href=\"https:\/\/www.ff.uni-lj.si\/zaposleni\/leon-stefanija\" data-saferedirecturl=\"https:\/\/www.google.com\/url?q=https:\/\/www.ff.uni-lj.si\/zaposleni\/leon-stefanija&amp;source=gmail&amp;ust=1708192085942000&amp;usg=AOvVaw1IYEXzRfWFxjSUInph2oaZ\">Leon Stefanija | Filozofska fakulteta Univerze v Ljubljani (uni-lj.si)<\/a><\/p>\n<p><a href=\"http:\/\/muzikologijaff.si\/rgs\/david-verbuc\/\">David Verbu\u010d <\/a><a href=\"https:\/\/www.ff.uni-lj.si\/zaposleni\/david-verbuc\" data-saferedirecturl=\"https:\/\/www.google.com\/url?q=https:\/\/www.ff.uni-lj.si\/zaposleni\/katarina-bogunovic-hocevar&amp;source=gmail&amp;ust=1708192085942000&amp;usg=AOvVaw0XfaXdPVmq9_0AETc37-Me\">| Filozofska fakulteta Univerze v Ljubljani (uni-lj.si)<\/a><\/p>\n<\/div>\n<\/div><\/div><\/div><div id=\"pgc-13-0-2\"  class=\"panel-grid-cell\" ><div id=\"panel-13-0-2-0\" class=\"so-panel widget widget_sow-post-carousel panel-first-child panel-last-child\" data-index=\"2\" ><div\n\t\t\t\n\t\t\tclass=\"so-widget-sow-post-carousel so-widget-sow-post-carousel-base-0471499d4c66-13\"\n\t\t\t\n\t\t>\t<div\n\t\tclass=\"sow-post-carousel-wrapper sow-post-carousel-theme-base\"\n\t\tstyle=\"overflow: hidden; max-width: 100%; min-height: 182px\"\n\t>\n\t\t<div class=\"sow-carousel-title has-title\">\n\t<h3 class=\"widget-title\">Novice<\/h3>\t\t<div class=\"sow-carousel-navigation \">\n\t\t\t\t\t\t<a href=\"#\" class=\"sow-carousel-next\" title=\"Next\" aria-label=\"Next Posts\" role=\"button\"><\/a>\n\t\t\t\t\t\t<a href=\"#\" class=\"sow-carousel-previous\" title=\"Previous\" aria-label=\"Previous Posts\" role=\"button\"><\/a>\n\t\t\t\t\t<\/div>\n\t<\/div>\n\n<div class=\"sow-carousel-container \">\n\t\t<div class=\"sow-carousel-wrapper\"\n\t\tdata-dir=\"ltr\"\n\t\tstyle=\"opacity: 0;\"\n\t\tdata-widget=\"post\" data-fetching=\"false\" data-page=\"1\" data-ajax-url=\"http:\/\/muzikologijaff.si\/rgs\/wp-admin\/admin-ajax.php?_widgets_nonce=d437f2dd03\" data-item_count=\"40\" data-carousel_settings=\"{&quot;loop&quot;:true,&quot;animation&quot;:&quot;Ease&quot;,&quot;animation_speed&quot;:400,&quot;autoplay&quot;:&quot;on&quot;,&quot;pauseOnHover&quot;:&quot;&quot;,&quot;autoplaySpeed&quot;:8000,&quot;item_overflow&quot;:true,&quot;autoplay_continuous_scroll&quot;:false}\" data-responsive=\"{&quot;desktop_slides_to_scroll&quot;:1,&quot;tablet_landscape_breakpoint&quot;:1366,&quot;tablet_landscape_slides_to_scroll&quot;:2,&quot;tablet_portrait_breakpoint&quot;:1025,&quot;tablet_portrait_slides_to_scroll&quot;:2,&quot;mobile_breakpoint&quot;:480,&quot;mobile_slides_to_scroll&quot;:1}\" data-variable_width=\"true\" \t>\n\t\t<div\n\t\t\tclass=\"sow-carousel-items\"\n\t\t\t\t\t>\n\t\t\t\t<div class=\"sow-carousel-item\" tabindex=\"-1\" style=\"float: left;\">\n\t\t<div class=\"sow-carousel-thumbnail\">\n\t\t\t\t\t\t\t<a\n\t\t\t\t\thref=\"http:\/\/muzikologijaff.si\/rgs\/2025\/12\/03\/440\/\"\n\t\t\t\t\tclass=\"sow-carousel-default-thumbnail\"\n\t\t\t\t\ttarget=\"_blank\" rel=\"noopener noreferrer\"\t\t\t\t\tstyle=\"background-image: url(http:\/\/muzikologijaff.si\/rgs\/wp-content\/uploads\/sites\/12\/2024\/02\/cropped-Muzej-background-DSC_0024-scaled-1-272x182.jpg)\"\t\t\t\t\taria-labelledby=\"sow-carousel-id-440\"\n\t\t\t\t\ttabindex=\"-1\"\n\t\t\t\t>\n\t\t\t\t\t<span class=\"overlay\"><\/span>\n\t\t\t\t<\/a>\n\t\t\t\t\t<\/div>\n\t\t<h3 class=\"sow-carousel-item-title\">\n\t\t\t<a\n\t\t\t\thref=\"http:\/\/muzikologijaff.si\/rgs\/2025\/12\/03\/440\/\"\n\t\t\t\tid=\"sow-carousel-id-440\"\n\t\t\t\ttarget=\"_blank\" rel=\"noopener noreferrer\"\t\t\t\ttabindex=\"-1\"\n\t\t\t>\n\n\t\t\t\tPredavanje prof. dr. Ignacia Soto Silve\t\t\t<\/a>\n\t\t<\/h3>\n\t<\/div>\n\t\t<div class=\"sow-carousel-item\" tabindex=\"-1\" style=\"float: left;\">\n\t\t<div class=\"sow-carousel-thumbnail\">\n\t\t\t\t\t\t\t<a\n\t\t\t\t\thref=\"http:\/\/muzikologijaff.si\/rgs\/2025\/12\/01\/437\/\"\n\t\t\t\t\tclass=\"sow-carousel-default-thumbnail\"\n\t\t\t\t\ttarget=\"_blank\" rel=\"noopener noreferrer\"\t\t\t\t\tstyle=\"background-image: url(http:\/\/muzikologijaff.si\/rgs\/wp-content\/uploads\/sites\/12\/2024\/02\/cropped-Muzej-background-DSC_0024-scaled-1-272x182.jpg)\"\t\t\t\t\taria-labelledby=\"sow-carousel-id-437\"\n\t\t\t\t\ttabindex=\"-1\"\n\t\t\t\t>\n\t\t\t\t\t<span class=\"overlay\"><\/span>\n\t\t\t\t<\/a>\n\t\t\t\t\t<\/div>\n\t\t<h3 class=\"sow-carousel-item-title\">\n\t\t\t<a\n\t\t\t\thref=\"http:\/\/muzikologijaff.si\/rgs\/2025\/12\/01\/437\/\"\n\t\t\t\tid=\"sow-carousel-id-437\"\n\t\t\t\ttarget=\"_blank\" rel=\"noopener noreferrer\"\t\t\t\ttabindex=\"-1\"\n\t\t\t>\n\n\t\t\t\tPredavanje Noor-Al-Qassim in Siegfrieda Moserja\t\t\t<\/a>\n\t\t<\/h3>\n\t<\/div>\n\t\t<div class=\"sow-carousel-item\" tabindex=\"-1\" style=\"float: left;\">\n\t\t<div class=\"sow-carousel-thumbnail\">\n\t\t\t\t\t\t\t<a\n\t\t\t\t\thref=\"http:\/\/muzikologijaff.si\/rgs\/2025\/11\/20\/434\/\"\n\t\t\t\t\tclass=\"sow-carousel-default-thumbnail\"\n\t\t\t\t\ttarget=\"_blank\" rel=\"noopener noreferrer\"\t\t\t\t\tstyle=\"background-image: url(http:\/\/muzikologijaff.si\/rgs\/wp-content\/uploads\/sites\/12\/2024\/02\/cropped-Muzej-background-DSC_0024-scaled-1-272x182.jpg)\"\t\t\t\t\taria-labelledby=\"sow-carousel-id-434\"\n\t\t\t\t\ttabindex=\"-1\"\n\t\t\t\t>\n\t\t\t\t\t<span class=\"overlay\"><\/span>\n\t\t\t\t<\/a>\n\t\t\t\t\t<\/div>\n\t\t<h3 class=\"sow-carousel-item-title\">\n\t\t\t<a\n\t\t\t\thref=\"http:\/\/muzikologijaff.si\/rgs\/2025\/11\/20\/434\/\"\n\t\t\t\tid=\"sow-carousel-id-434\"\n\t\t\t\ttarget=\"_blank\" rel=\"noopener noreferrer\"\t\t\t\ttabindex=\"-1\"\n\t\t\t>\n\n\t\t\t\tPredavanje prof. dr. Lasanthi M. Kalinga Done\t\t\t<\/a>\n\t\t<\/h3>\n\t<\/div>\n\t\t<div class=\"sow-carousel-item\" tabindex=\"-1\" style=\"float: left;\">\n\t\t<div class=\"sow-carousel-thumbnail\">\n\t\t\t\t\t\t\t<a\n\t\t\t\t\thref=\"http:\/\/muzikologijaff.si\/rgs\/2025\/11\/01\/431\/\"\n\t\t\t\t\tclass=\"sow-carousel-default-thumbnail\"\n\t\t\t\t\ttarget=\"_blank\" rel=\"noopener noreferrer\"\t\t\t\t\tstyle=\"background-image: url(http:\/\/muzikologijaff.si\/rgs\/wp-content\/uploads\/sites\/12\/2024\/02\/cropped-Muzej-background-DSC_0024-scaled-1-272x182.jpg)\"\t\t\t\t\taria-labelledby=\"sow-carousel-id-431\"\n\t\t\t\t\ttabindex=\"-1\"\n\t\t\t\t>\n\t\t\t\t\t<span class=\"overlay\"><\/span>\n\t\t\t\t<\/a>\n\t\t\t\t\t<\/div>\n\t\t<h3 class=\"sow-carousel-item-title\">\n\t\t\t<a\n\t\t\t\thref=\"http:\/\/muzikologijaff.si\/rgs\/2025\/11\/01\/431\/\"\n\t\t\t\tid=\"sow-carousel-id-431\"\n\t\t\t\ttarget=\"_blank\" rel=\"noopener noreferrer\"\t\t\t\ttabindex=\"-1\"\n\t\t\t>\n\n\t\t\t\tPredavanje dr. Marka Forryja\t\t\t<\/a>\n\t\t<\/h3>\n\t<\/div>\n\t\t<div class=\"sow-carousel-item\" tabindex=\"-1\" style=\"float: left;\">\n\t\t<div class=\"sow-carousel-thumbnail\">\n\t\t\t\t\t\t\t<a\n\t\t\t\t\thref=\"http:\/\/muzikologijaff.si\/rgs\/2025\/10\/25\/428\/\"\n\t\t\t\t\tclass=\"sow-carousel-default-thumbnail\"\n\t\t\t\t\ttarget=\"_blank\" rel=\"noopener noreferrer\"\t\t\t\t\tstyle=\"background-image: url(http:\/\/muzikologijaff.si\/rgs\/wp-content\/uploads\/sites\/12\/2024\/02\/cropped-Muzej-background-DSC_0024-scaled-1-272x182.jpg)\"\t\t\t\t\taria-labelledby=\"sow-carousel-id-428\"\n\t\t\t\t\ttabindex=\"-1\"\n\t\t\t\t>\n\t\t\t\t\t<span class=\"overlay\"><\/span>\n\t\t\t\t<\/a>\n\t\t\t\t\t<\/div>\n\t\t<h3 class=\"sow-carousel-item-title\">\n\t\t\t<a\n\t\t\t\thref=\"http:\/\/muzikologijaff.si\/rgs\/2025\/10\/25\/428\/\"\n\t\t\t\tid=\"sow-carousel-id-428\"\n\t\t\t\ttarget=\"_blank\" rel=\"noopener noreferrer\"\t\t\t\ttabindex=\"-1\"\n\t\t\t>\n\n\t\t\t\tPredavanje Zine Bozzay\t\t\t<\/a>\n\t\t<\/h3>\n\t<\/div>\n\t\t<div class=\"sow-carousel-item\" tabindex=\"-1\" style=\"float: left;\">\n\t\t<div class=\"sow-carousel-thumbnail\">\n\t\t\t\t\t\t\t<a\n\t\t\t\t\thref=\"http:\/\/muzikologijaff.si\/rgs\/2025\/10\/10\/425\/\"\n\t\t\t\t\tclass=\"sow-carousel-default-thumbnail\"\n\t\t\t\t\ttarget=\"_blank\" rel=\"noopener noreferrer\"\t\t\t\t\tstyle=\"background-image: url(http:\/\/muzikologijaff.si\/rgs\/wp-content\/uploads\/sites\/12\/2024\/02\/cropped-Muzej-background-DSC_0024-scaled-1-272x182.jpg)\"\t\t\t\t\taria-labelledby=\"sow-carousel-id-425\"\n\t\t\t\t\ttabindex=\"-1\"\n\t\t\t\t>\n\t\t\t\t\t<span class=\"overlay\"><\/span>\n\t\t\t\t<\/a>\n\t\t\t\t\t<\/div>\n\t\t<h3 class=\"sow-carousel-item-title\">\n\t\t\t<a\n\t\t\t\thref=\"http:\/\/muzikologijaff.si\/rgs\/2025\/10\/10\/425\/\"\n\t\t\t\tid=\"sow-carousel-id-425\"\n\t\t\t\ttarget=\"_blank\" rel=\"noopener noreferrer\"\t\t\t\ttabindex=\"-1\"\n\t\t\t>\n\n\t\t\t\tPredavanje dr. Malika Sharifa (Avstrija)\t\t\t<\/a>\n\t\t<\/h3>\n\t<\/div>\n\t\t<div class=\"sow-carousel-item\" tabindex=\"-1\" style=\"float: left;\">\n\t\t<div class=\"sow-carousel-thumbnail\">\n\t\t\t\t\t\t\t<a\n\t\t\t\t\thref=\"http:\/\/muzikologijaff.si\/rgs\/2025\/09\/04\/symposium-photos-fotografije-s-simpozija\/\"\n\t\t\t\t\tclass=\"sow-carousel-default-thumbnail\"\n\t\t\t\t\ttarget=\"_blank\" rel=\"noopener noreferrer\"\t\t\t\t\tstyle=\"background-image: url(http:\/\/muzikologijaff.si\/rgs\/wp-content\/uploads\/sites\/12\/2024\/02\/cropped-Muzej-background-DSC_0024-scaled-1-272x182.jpg)\"\t\t\t\t\taria-labelledby=\"sow-carousel-id-356\"\n\t\t\t\t\ttabindex=\"-1\"\n\t\t\t\t>\n\t\t\t\t\t<span class=\"overlay\"><\/span>\n\t\t\t\t<\/a>\n\t\t\t\t\t<\/div>\n\t\t<h3 class=\"sow-carousel-item-title\">\n\t\t\t<a\n\t\t\t\thref=\"http:\/\/muzikologijaff.si\/rgs\/2025\/09\/04\/symposium-photos-fotografije-s-simpozija\/\"\n\t\t\t\tid=\"sow-carousel-id-356\"\n\t\t\t\ttarget=\"_blank\" rel=\"noopener noreferrer\"\t\t\t\ttabindex=\"-1\"\n\t\t\t>\n\n\t\t\t\tSymposium photos \/ Fotografije s simpozija\t\t\t<\/a>\n\t\t<\/h3>\n\t<\/div>\n\t\t<div class=\"sow-carousel-item\" tabindex=\"-1\" style=\"float: left;\">\n\t\t<div class=\"sow-carousel-thumbnail\">\n\t\t\t\t\t\t\t<a\n\t\t\t\t\thref=\"http:\/\/muzikologijaff.si\/rgs\/2025\/08\/10\/program-simpozija\/\"\n\t\t\t\t\tclass=\"sow-carousel-default-thumbnail\"\n\t\t\t\t\ttarget=\"_blank\" rel=\"noopener noreferrer\"\t\t\t\t\tstyle=\"background-image: url(http:\/\/muzikologijaff.si\/rgs\/wp-content\/uploads\/sites\/12\/2024\/02\/cropped-Muzej-background-DSC_0024-scaled-1-272x182.jpg)\"\t\t\t\t\taria-labelledby=\"sow-carousel-id-348\"\n\t\t\t\t\ttabindex=\"-1\"\n\t\t\t\t>\n\t\t\t\t\t<span class=\"overlay\"><\/span>\n\t\t\t\t<\/a>\n\t\t\t\t\t<\/div>\n\t\t<h3 class=\"sow-carousel-item-title\">\n\t\t\t<a\n\t\t\t\thref=\"http:\/\/muzikologijaff.si\/rgs\/2025\/08\/10\/program-simpozija\/\"\n\t\t\t\tid=\"sow-carousel-id-348\"\n\t\t\t\ttarget=\"_blank\" rel=\"noopener noreferrer\"\t\t\t\ttabindex=\"-1\"\n\t\t\t>\n\n\t\t\t\tSymposium program \/ Program simpozija\t\t\t<\/a>\n\t\t<\/h3>\n\t<\/div>\n\t\t<div class=\"sow-carousel-item\" tabindex=\"-1\" style=\"float: left;\">\n\t\t<div class=\"sow-carousel-thumbnail\">\n\t\t\t\t\t\t\t<a\n\t\t\t\t\thref=\"http:\/\/muzikologijaff.si\/rgs\/2025\/05\/29\/fotografije-s-predavanja-mag-sandija-horvata-romi-na-slovenskem-in-romski-akademski-klub\/\"\n\t\t\t\t\tclass=\"sow-carousel-default-thumbnail\"\n\t\t\t\t\ttarget=\"_blank\" rel=\"noopener noreferrer\"\t\t\t\t\tstyle=\"background-image: url(http:\/\/muzikologijaff.si\/rgs\/wp-content\/uploads\/sites\/12\/2024\/02\/cropped-Muzej-background-DSC_0024-scaled-1-272x182.jpg)\"\t\t\t\t\taria-labelledby=\"sow-carousel-id-310\"\n\t\t\t\t\ttabindex=\"-1\"\n\t\t\t\t>\n\t\t\t\t\t<span class=\"overlay\"><\/span>\n\t\t\t\t<\/a>\n\t\t\t\t\t<\/div>\n\t\t<h3 class=\"sow-carousel-item-title\">\n\t\t\t<a\n\t\t\t\thref=\"http:\/\/muzikologijaff.si\/rgs\/2025\/05\/29\/fotografije-s-predavanja-mag-sandija-horvata-romi-na-slovenskem-in-romski-akademski-klub\/\"\n\t\t\t\tid=\"sow-carousel-id-310\"\n\t\t\t\ttarget=\"_blank\" rel=\"noopener noreferrer\"\t\t\t\ttabindex=\"-1\"\n\t\t\t>\n\n\t\t\t\tFotografije s predavanja Mag. Sandija Horvata: \u00bbRomi na Slovenskem in Romski akademski klub\u00ab\t\t\t<\/a>\n\t\t<\/h3>\n\t<\/div>\n\t\t<div class=\"sow-carousel-item\" tabindex=\"-1\" style=\"float: left;\">\n\t\t<div class=\"sow-carousel-thumbnail\">\n\t\t\t\t\t\t\t<a\n\t\t\t\t\thref=\"http:\/\/muzikologijaff.si\/rgs\/2025\/05\/29\/fotografije-z-delavnice-bolgarskih-in-romskih-plesov\/\"\n\t\t\t\t\tclass=\"sow-carousel-default-thumbnail\"\n\t\t\t\t\ttarget=\"_blank\" rel=\"noopener noreferrer\"\t\t\t\t\tstyle=\"background-image: url(http:\/\/muzikologijaff.si\/rgs\/wp-content\/uploads\/sites\/12\/2024\/02\/cropped-Muzej-background-DSC_0024-scaled-1-272x182.jpg)\"\t\t\t\t\taria-labelledby=\"sow-carousel-id-304\"\n\t\t\t\t\ttabindex=\"-1\"\n\t\t\t\t>\n\t\t\t\t\t<span class=\"overlay\"><\/span>\n\t\t\t\t<\/a>\n\t\t\t\t\t<\/div>\n\t\t<h3 class=\"sow-carousel-item-title\">\n\t\t\t<a\n\t\t\t\thref=\"http:\/\/muzikologijaff.si\/rgs\/2025\/05\/29\/fotografije-z-delavnice-bolgarskih-in-romskih-plesov\/\"\n\t\t\t\tid=\"sow-carousel-id-304\"\n\t\t\t\ttarget=\"_blank\" rel=\"noopener noreferrer\"\t\t\t\ttabindex=\"-1\"\n\t\t\t>\n\n\t\t\t\tFotografije z delavnice bolgarskih in romskih plesov\t\t\t<\/a>\n\t\t<\/h3>\n\t<\/div>\n\t\t\t<\/div>\n\t\t\t<\/div>\n\n\t<\/div>\n\t\t<input type=\"hidden\" name=\"instance_hash\" value=\"c56c4aa4\"\/>\n\t<\/div>\n<\/div><\/div><\/div><\/div><\/div>","protected":false},"excerpt":{"rendered":"<p>Naziv projekta: Romski glasbeniki na Slovenskem: dru\u017ebeni polo\u017eaj, kulturne prakse, interakcije. Nosilec projekta: Univerza v Ljubljani, Filozofska fakulteta, Oddelek za muzikologijo \u2013 katedra za etnomuzikologijo. Obdobje trajanja: 1. 10. 2023 \u2013 31. 9. 2026. Letni obseg: 1,35 FTE. Vodja projekta: prof. dr. Svanibor Pettan. Veda in raziskovalno podro\u010dje po \u0161ifrantu ARIS: 6.08 Muzikologija. Raziskovalni projekt &hellip; <\/p>\n<p class=\"link-more\"><a href=\"http:\/\/muzikologijaff.si\/rgs\/\" class=\"more-link\">Preberi ve\u010d<span class=\"screen-reader-text\"> &#8220;O projektu&#8221;<\/span><\/a><\/p>\n","protected":false},"author":1,"featured_media":0,"parent":0,"menu_order":0,"comment_status":"closed","ping_status":"closed","template":"","meta":{"ngg_post_thumbnail":0,"footnotes":""},"class_list":["post-13","page","type-page","status-publish","hentry"],"_links":{"self":[{"href":"http:\/\/muzikologijaff.si\/rgs\/wp-json\/wp\/v2\/pages\/13","targetHints":{"allow":["GET"]}}],"collection":[{"href":"http:\/\/muzikologijaff.si\/rgs\/wp-json\/wp\/v2\/pages"}],"about":[{"href":"http:\/\/muzikologijaff.si\/rgs\/wp-json\/wp\/v2\/types\/page"}],"author":[{"embeddable":true,"href":"http:\/\/muzikologijaff.si\/rgs\/wp-json\/wp\/v2\/users\/1"}],"replies":[{"embeddable":true,"href":"http:\/\/muzikologijaff.si\/rgs\/wp-json\/wp\/v2\/comments?post=13"}],"version-history":[{"count":21,"href":"http:\/\/muzikologijaff.si\/rgs\/wp-json\/wp\/v2\/pages\/13\/revisions"}],"predecessor-version":[{"id":423,"href":"http:\/\/muzikologijaff.si\/rgs\/wp-json\/wp\/v2\/pages\/13\/revisions\/423"}],"wp:attachment":[{"href":"http:\/\/muzikologijaff.si\/rgs\/wp-json\/wp\/v2\/media?parent=13"}],"curies":[{"name":"wp","href":"https:\/\/api.w.org\/{rel}","templated":true}]}}