{"id":79,"date":"2024-02-16T20:10:32","date_gmt":"2024-02-16T19:10:32","guid":{"rendered":"http:\/\/muzikologijaff.si\/rgs\/?page_id=79"},"modified":"2024-03-28T20:48:08","modified_gmt":"2024-03-28T19:48:08","slug":"masa-marty","status":"publish","type":"page","link":"http:\/\/muzikologijaff.si\/rgs\/masa-marty\/","title":{"rendered":"Ma\u0161a Marty"},"content":{"rendered":"<p><strong>Dr. Ma\u0161a K. Marty<\/strong> je \u0161tudirala je v Ljubljani na Akademiji za glasbo in na Filozofski fakulteti v Ljubljani \u2013 na Oddelku za etnologijo in kulturno antropologijo ter na Oddelku za muzikologijo Filozofske fakultete v Ljubljani. V raziskovalnem delu se posve\u010da sodobnim potem tradicijskih glasb v povezavi z identiteto in prostorom, zanimajo jo novi glasbeni pojavi v raznih kulturnih okoljih, glasba raznih etni\u010dnih skupin in manj\u0161inska problematika. V zadnjih letih je najve\u010d preu\u010devala kontekst glasbe v migrantskih situacijah ter se posve\u010dala raziskovanju kulturnega \u017eivljenja izseljencev iz Slovenije v \u0160vici, kjer zadnja leta \u017eivi.<\/p>\n<p>&nbsp;<\/p>\n<p>&nbsp;<\/p>\n<p><strong>Izbrane publikacije:<\/strong><\/p>\n<p>Marty, Ma\u0161a K. 2022. Sacred Folk Songs and the Slovenian Immigrant Community in Switzerland.\u00a0<em>Musicological Annual<\/em>,\u00a0<em>58<\/em>(1), 161\u2013184.\u00a0https:\/\/doi.org\/10.4312\/mz.58.1.161-184<\/p>\n<p>MARTY, Ma\u0161a. 2021. Soglasbe iz Slovenije v novih de\u017eelah. Co-Musics from Slovenia in New Countries. V: Music and Ethnic Minorities: (Trans)Cultural Dynamics in Slovenia after the Year 1991. Glasba in etni\u010dne manj\u0161ine: (trans)kulturna dinamika v Sloveniji po letu 1991. 247-266. DOI:\u00a0<a href=\"https:\/\/doi.org\/10.4312\/9789610604624\">https:\/\/doi.org\/10.4312\/9789610604624<\/a><\/p>\n<p>MARTY, Ma\u0161a K. 2018. Folk Music Competitions in Slovenia. V: N\u00c4UMANN, Klaus et. al (ur.). Musikalische Wettstreite und Wettbewerbe. \u00bbMusik, Kontexte, Perspektiven\u00ab. M\u00fcnchen, Allitera Verlag:185\u2013197.<\/p>\n<p>MARTY, Ma\u0161a. 2015. Glasba gre na pot: pomen in vloga glasbe v izseljenstvu. Dve domovini: razprave o izseljenstvu, 41:89\u201399.<\/p>\n<p>MARTY, Ma\u0161a.\u00a0 2014. Neu auf der B\u00fchne: Musikerinnen in der slowenischen Volksmusik. V: Das Neue in der Volksmusik der Alpen (ur. Thomas Nu\u00dfbaumer). Innsbruck: Universit\u00e4tsverlag Wagner, 2014:165\u2013179.<\/p>\n<p>MARTY, Ma\u0161a. 2007. Iz sli\u0161nega v vidno.\u00a0V: Glasnik Slovenskega etnolo\u0161kega dru\u0161tva, 47\/2: 8\u201314.<\/p>\n<p>MARTY, Ma\u0161a. 2007. Jodlanje: nov na\u010din petja na Slovenskem? <em>Traditiones<\/em>, 36\u20442:67\u201376.<\/p>\n<p>KOMAVEC, Ma\u0161a. 2004. State Boundaries, Ethnic Boundaries, Music Boundaries. V: HEMETEK, Ursula et al. (ur.). Manifold Identities. London: Cambridge Scholars Press,\u00a0 117\u2013129.<\/p>\n<p>KOMAVEC, Ma\u0161a. 2004. Ljudski godci: nadaljevanje starih ali ustvarjanje novih tradicij. V: CERIBA\u0160I\u0106, Naila (ur.).\u00a0Za\u0161tita tradicijskog glazbovanja = Safeguarding traditional music\u2013making. Ro\u010d: KUD &#8220;Istarski \u017eeljezni\u010dar, 75\u201388.<\/p>\n<p>KOMAVEC, Ma\u0161a. 2003. Ljudska glasba v Sloveniji danes. V: GOLEMOVI\u0106, Dimitrije O (ur.) \u010covek i muzika: me\u0111unarodni simpozijum, Beograd, 20\u201323. jun 2001 (ur.) Beograd: Vedes, 485\u2013503.<\/p>\n<p>KOMAVEC, Ma\u0161a. 2003. Winter kolednica: seasonal carols from Slovenia. USA: Naxos, 2003. 1 CD.<\/p>\n<p>KOMAVEC, Ma\u0161a. 2002. &#8220;Ti igra\u0161 za lepoto glasbe, ti ne igra\u0161 zati, ki igra\u0161, ti mora\u0161 nardit lepe zvoke&#8221;: o harmoniki v severni Istri. V: CERIBA\u0160I\u0106, Naila et. al. (ur.).\u00a0Istarski etnomuzikolo\u0161ki susreti = Istrska etnomuzikolo\u0161ka sre\u010danja = Incontri etnomusicologici istriani: 2000.\u20132001. Ro\u010d: KUD &#8220;Istarski \u017eeljeznin\u010dar&#8221;, 17\u201320.<\/p>\n<p>KOMAVEC, Ma\u0161a. 2001. Researching Folk Music of Slovene Minorities Outside of Slovenia. In: Svanibor Pettan et. al. (ed.), Music and Minorities. Ljubljana: ZRC, 103\u2013110.<\/p>\n<p>KOMAVEC, Ma\u0161a, PETTAN, Svanibor (urednik), REYES, Adelaida (urednik). 2001. Glasba in manj\u0161ine: zbornik referatov 1. mednarodnega posvetovanja \u0161tudijske skupine Mednarodnega sveta za tradicijsko glasbo (ICTM) Glasba in manj\u0161ine, Ljubljana, Slovenija, 25. \u2013 30. junij 2000 = Music and minorities: proceedings of the 1st International Meeting of the International Council for Traditional Music (ICTM), Study Group Music and Minorities, Ljubljana, Slovenia, June 25\u201330, 2000. Ljubljana: Zalo\u017eba ZRC, ZRC SAZU.<\/p>\n<p>KOMAVEC, Ma\u0161a. 2000. La musica tradizionale nelle alpi Slovene: ieri e oggi. V: Tutti i luned\u00ec di primavera: seconda rassegna europea di musica etnica dell&#8217;Arco Alpino, (Labirinti, 46) (ur. DALMONTE, Rossana et. al. Trento: Dipartimento di Scienze Filologiche e Storiche. 187\u2013217.<\/p>\n","protected":false},"excerpt":{"rendered":"<p>Dr. Ma\u0161a K. Marty je \u0161tudirala je v Ljubljani na Akademiji za glasbo in na Filozofski fakulteti v Ljubljani \u2013 na Oddelku za etnologijo in kulturno antropologijo ter na Oddelku za muzikologijo Filozofske fakultete v Ljubljani. V raziskovalnem delu se posve\u010da sodobnim potem tradicijskih glasb v povezavi z identiteto in prostorom, zanimajo jo novi glasbeni &hellip; <\/p>\n<p class=\"link-more\"><a href=\"http:\/\/muzikologijaff.si\/rgs\/masa-marty\/\" class=\"more-link\">Preberi ve\u010d<span class=\"screen-reader-text\"> &#8220;Ma\u0161a Marty&#8221;<\/span><\/a><\/p>\n","protected":false},"author":1,"featured_media":0,"parent":0,"menu_order":0,"comment_status":"closed","ping_status":"closed","template":"","meta":{"ngg_post_thumbnail":0,"footnotes":""},"class_list":["post-79","page","type-page","status-publish","hentry"],"_links":{"self":[{"href":"http:\/\/muzikologijaff.si\/rgs\/wp-json\/wp\/v2\/pages\/79","targetHints":{"allow":["GET"]}}],"collection":[{"href":"http:\/\/muzikologijaff.si\/rgs\/wp-json\/wp\/v2\/pages"}],"about":[{"href":"http:\/\/muzikologijaff.si\/rgs\/wp-json\/wp\/v2\/types\/page"}],"author":[{"embeddable":true,"href":"http:\/\/muzikologijaff.si\/rgs\/wp-json\/wp\/v2\/users\/1"}],"replies":[{"embeddable":true,"href":"http:\/\/muzikologijaff.si\/rgs\/wp-json\/wp\/v2\/comments?post=79"}],"version-history":[{"count":2,"href":"http:\/\/muzikologijaff.si\/rgs\/wp-json\/wp\/v2\/pages\/79\/revisions"}],"predecessor-version":[{"id":106,"href":"http:\/\/muzikologijaff.si\/rgs\/wp-json\/wp\/v2\/pages\/79\/revisions\/106"}],"wp:attachment":[{"href":"http:\/\/muzikologijaff.si\/rgs\/wp-json\/wp\/v2\/media?parent=79"}],"curies":[{"name":"wp","href":"https:\/\/api.w.org\/{rel}","templated":true}]}}